{"id":24,"date":"2023-09-05T07:13:22","date_gmt":"2023-09-05T07:13:22","guid":{"rendered":"https:\/\/vh2023izdeb-0.hosting-space.nl\/?page_id=24"},"modified":"2023-09-24T07:30:53","modified_gmt":"2023-09-24T07:30:53","slug":"nlp-practitioner-5-dagen","status":"publish","type":"page","link":"https:\/\/casabenissa.nl\/es\/formacion-en-la-costa-blanca-espana\/nlp-practitioner-5-dias\/","title":{"rendered":"Practicante de PNL"},"content":{"rendered":"\n\t\t<div id=\"fws_69f28e4aa7af1\"  data-column-margin=\"default\" data-midnight=\"dark\"  class=\"wpb_row vc_row-fluid vc_row\"  style=\"padding-top: 0px; padding-bottom: 0px; \"><div class=\"row-bg-wrap\" data-bg-animation=\"none\" data-bg-animation-delay=\"\" data-bg-overlay=\"false\"><div class=\"inner-wrap row-bg-layer\" ><div class=\"row-bg viewport-desktop\"  style=\"\"><\/div><\/div><\/div><div class=\"row_col_wrap_12 col span_12 dark left\">\n\t<div  class=\"vc_col-sm-12 wpb_column column_container vc_column_container col no-extra-padding force-desktop-text-align-center inherit_tablet inherit_phone \"  data-padding-pos=\"all\" data-has-bg-color=\"false\" data-bg-color=\"\" data-bg-opacity=\"1\" data-animation=\"\" data-delay=\"0\" >\n\t\t<div class=\"vc_column-inner\" >\n\t\t\t<div class=\"wpb_wrapper\">\n\t\t\t\t<div id=\"fws_69f28e4aa84fd\" data-midnight=\"\" data-column-margin=\"none\" class=\"wpb_row vc_row-fluid vc_row inner_row  vc_custom_1694064247060\"  style=\"\"><div class=\"row-bg-wrap\"> <div class=\"row-bg\" ><\/div> <\/div><div class=\"row_col_wrap_12_inner col span_12  center\">\n\t<div  class=\"vc_col-sm-12 wpb_column column_container vc_column_container col child_column no-extra-padding el_spacing_0px inherit_tablet no-extra-padding_phone \"   data-border-radius=\"10px\" data-border-animation=\"\" data-border-animation-delay=\"\" data-border-width=\"1px\" data-border-style=\"solid\" data-border-color=\"#d1d1d1\" data-padding-pos=\"all\" data-has-bg-color=\"false\" data-bg-color=\"\" data-bg-opacity=\"1\" data-animation=\"\" data-delay=\"0\" >\n\t\t<div class=\"vc_column-inner\" style=\"border: 1px solid #d1d1d1;\">\n\t\t<div class=\"wpb_wrapper\">\n\t\t\t<style type=\"text\/css\">#nectar-slider-instance-1, #nectar-slider-instance-1 .swiper-container { min-height: 500px; } <\/style><div  data-transition=\"slide\" data-overall_style=\"classic\" data-flexible-height=\"true\" data-animate-in-effect=\"none\" data-fullscreen=\"false\" data-button-sizing=\"large\" data-button-styling=\"btn_with_count\" data-autorotate=\"\" data-parallax=\"false\" data-parallax-disable-mobile=\"\" data-caption-trans=\"none\" data-parallax-style=\"bg_only\" data-bg-animation=\"none\" data-full-width=\"false\" class=\"nectar-slider-wrap \" id=\"nectar-slider-instance-1\"><div class=\"swiper-container\"  data-tho=\"auto\" data-tco=\"auto\" data-pho=\"auto\" data-pco=\"auto\" data-loop=\"false\" data-height=\"650\" data-min-height=\"500\" data-arrows=\"false\" data-bullets=\"false\" data-bullet_style=\"see_through\" data-bullet_position=\"bottom\" data-desktop-swipe=\"false\" data-settings=\"\"> <div class=\"swiper-wrapper\"><div class=\"swiper-slide\" data-desktop-content-width=\"auto\" data-tablet-content-width=\"auto\" data-bg-alignment=\"center\" data-color-scheme=\"light\" data-x-pos=\"left\" data-y-pos=\"middle\" ><div class=\"slide-bg-wrap\"><div class=\"image-bg\" data-nectar-img-src=\"https:\/\/vh2023izdeb-0.hosting-space.nl\/wp-content\/uploads\/2023\/09\/villa_exterior.webp\"> &nbsp; <\/div><\/div><div class=\"container\">\n\t\t\t\t\t\t<div class=\"content\"><h1 class=\"ns-heading-el\">NLP Practitioner<\/h1><p  ><span><h3>Een 5-daags trainingsprogramma voor een basisopleiding in Neurolingu\u00efstisch Programmeren (NLP) kan helpen om fundamentele concepten en technieken van NLP te begrijpen en toe te passen.<\/H3><\/span><\/p><\/div>\n\t\t\t\t\t\t\t\t<\/div><!--\/container--><a href=\"#\" class=\"slider-down-arrow\"><i class=\"icon-salient-down-arrow icon-default-style\"> <span class=\"ie-fix\"><\/span> <\/i><\/a><div class=\"video-texture \"> <span class=\"ie-fix\"><\/span> <\/div><\/div> <!--\/swiper-slide--><\/div><div class=\"nectar-slider-loading \"> <span class=\"loading-icon none\">   <\/span> <\/div> <\/div> \n\t\t\t\t\t\n\t\t\t\t\t<\/div>\n\t\t<\/div> \n\t<\/div>\n\t<\/div> \n<\/div><\/div><div class=\"divider-wrap\" data-alignment=\"default\"><div style=\"height: 25px;\" class=\"divider\"><\/div><\/div><div id=\"fws_69f28e4aaa7b2\" data-midnight=\"\" data-column-margin=\"default\" class=\"wpb_row vc_row-fluid vc_row inner_row\"  style=\"\"><div class=\"row-bg-wrap\"> <div class=\"row-bg\" ><\/div> <\/div><div class=\"row_col_wrap_12_inner col span_12  left\">\n\t<div  class=\"vc_col-sm-12 wpb_column column_container vc_column_container col child_column padding-2-percent el_spacing_0px inherit_tablet inherit_phone \"   data-border-radius=\"10px\" data-border-animation=\"\" data-border-animation-delay=\"\" data-border-width=\"1px\" data-border-style=\"solid\" data-border-color=\"#d1d1d1\" data-padding-pos=\"all\" data-has-bg-color=\"false\" data-bg-color=\"\" data-bg-opacity=\"1\" data-animation=\"\" data-delay=\"0\" >\n\t\t<div class=\"vc_column-inner\" style=\"border: 1px solid #d1d1d1;\">\n\t\t<div class=\"wpb_wrapper\">\n\t\t\t\n<div class=\"wpb_text_column wpb_content_element \" >\n\t<div class=\"wpb_wrapper\">\n\t\t<h3 style=\"text-align: left;\"><strong>De NLP Practitioner<\/strong> is een 5-daagse training op \u00e9\u00e9n van de mooiste trainingslocaties van Spanje.<\/h3>\n<p style=\"text-align: left;\">Centraal in deze NLP training staat jouw manier van communiceren met jezelf en de ander. Hoe voelt dat nu? En hoe zou je het graag anders zien?<br \/>\nIn deze compacte en concrete NLP-vijfdaagse leer je doelgerichter, authentieker en effectiever communiceren. In vijf dagen word je in contact gebracht met de basistechnieken van NLP. Je krijgt inzicht in het samenspel van denken, voelen en doen.<\/p>\n<p style=\"text-align: left;\">Deze NLP-training geeft je mogelijkheden om in je werk en\/of priv\u00e9 anders te kijken naar jezelf, anderen en gebeurtenissen. En je leert ervaren hoe je meer energie uit dagelijkse bezigheden haalt.<\/p>\n<p style=\"text-align: left;\"><strong>Wat is NLP in het kort?<\/strong><br \/>\nNLP staat voor Neuro Lingu\u00efstisch Programmeren. NLP is een verzameling van methoden en technieken om beter met jezelf en anderen te kunnen communiceren. NLP richt zich op persoonlijke en professionele ontwikkeling.<\/p>\n\t<\/div>\n<\/div>\n\n\n\n\n\t\t<\/div> \n\t<\/div>\n\t<\/div> \n<\/div><\/div><h2 style=\"font-size: 40px;text-align: center;font-family:Waiting for the Sunrise;font-weight:400;font-style:normal\" class=\"vc_custom_heading vc_do_custom_heading\" >Kies voor jezelf en geef jezelf dit mooie cadeau!<\/h2>\n\t\t\t<\/div> \n\t\t<\/div>\n\t<\/div> \n<\/div><\/div>\n\t\t<div id=\"fws_69f28e4aab79b\"  data-column-margin=\"default\" data-midnight=\"dark\"  class=\"wpb_row vc_row-fluid vc_row vc_row-o-equal-height vc_row-flex vc_row-o-content-top\"  style=\"padding-top: 0px; padding-bottom: 0px; \"><div class=\"row-bg-wrap\" data-bg-animation=\"none\" data-bg-animation-delay=\"\" data-bg-overlay=\"false\"><div class=\"inner-wrap row-bg-layer\" ><div class=\"row-bg viewport-desktop\"  style=\"\"><\/div><\/div><\/div><div class=\"row_col_wrap_12 col span_12 dark left\">\n\t<div  class=\"vc_col-sm-6 wpb_column column_container vc_column_container col padding-2-percent inherit_tablet inherit_phone \"  data-border-radius=\"10px\" data-border-animation=\"\" data-border-animation-delay=\"\" data-border-width=\"1px\" data-border-style=\"solid\" data-border-color=\"#d1d1d1\" data-padding-pos=\"all\" data-has-bg-color=\"false\" data-bg-color=\"\" data-bg-opacity=\"1\" data-animation=\"\" data-delay=\"0\" >\n\t\t<div class=\"vc_column-inner\" style=\"border: 1px solid #d1d1d1;\">\n\t\t\t<div class=\"wpb_wrapper\">\n\t\t\t\t<div class=\"nectar-highlighted-text\" data-style=\"full_text\" data-exp=\"default\" data-using-custom-color=\"false\" data-animation-delay=\"false\" data-color=\"\" data-color-gradient=\"\" style=\"\"><h2>Waarom deze training?<\/h2>\n<\/div>\n<div class=\"wpb_text_column wpb_content_element \" >\n\t<div class=\"wpb_wrapper\">\n\t\t<p>Merk je dat je communicatie niet effectief is, doordat bijvoorbeeld:<\/p>\n<ul>\n<li>je om de zaken heen draait<\/li>\n<li>je niet zegt wat je denkt en voelt<\/li>\n<li>je na een gesprek van alles beter weet te verwoorden dan tijdens het gesprek<\/li>\n<li>je te abstract of veel te veel in details communiceert<\/li>\n<li>de ander jou niet begrijpt, met alle gevolgen van dien<\/li>\n<li>je bij specifieke personen of onderwerpen snel(ler) getriggerd wordt<\/li>\n<li>je te emotioneel reageert of blijft \u2018hangen\u2019 in een emotie<br \/>\nje teveel in je hoofd zit<\/li>\n<li>je last hebt van negatieve gedachten<\/li>\n<li>je hoofd en je gevoel iets anders willen<\/li>\n<li>je te perfectionistisch bent, waardoor je geen rust vindt<\/li>\n<li>je overrompeld wordt door de ander<\/li>\n<li>je teveel een \u2018volger\u2019 bent, waardoor je eerder \u2018ja\u2019 zegt tegen de ander i.p.v. tegen jezelf<\/li>\n<li>je jezelf op de tweede plaats zet<\/li>\n<li>je jezelf terugtrekt, stilvalt of juist de aanval opzoekt<\/li>\n<li>je teveel een \u2018leider\u2019 bent, waardoor men je veelal te direct, te hard of bv. te ego\u00efstisch vindt<\/li>\n<\/ul>\n<p>&nbsp;<\/p>\n\t<\/div>\n<\/div>\n\n\n\n\n\t\t\t<\/div> \n\t\t<\/div>\n\t<\/div> \n\n\t<div  class=\"vc_col-sm-6 wpb_column column_container vc_column_container col no-extra-padding inherit_tablet inherit_phone \"  data-padding-pos=\"all\" data-has-bg-color=\"false\" data-bg-color=\"\" data-bg-opacity=\"1\" data-animation=\"\" data-delay=\"0\" >\n\t\t<div class=\"vc_column-inner\" >\n\t\t\t<div class=\"wpb_wrapper\">\n\t\t\t\t<div id=\"fws_69f28e4aac572\" data-midnight=\"\" data-column-margin=\"default\" class=\"wpb_row vc_row-fluid vc_row inner_row vc_row-o-content-top\"  style=\"\"><div class=\"row-bg-wrap\"> <div class=\"row-bg\" ><\/div> <\/div><div class=\"row_col_wrap_12_inner col span_12  left\">\n\t<div  class=\"vc_col-sm-12 wpb_column column_container vc_column_container col child_column no-extra-padding inherit_tablet inherit_phone \"   data-padding-pos=\"all\" data-has-bg-color=\"false\" data-bg-color=\"\" data-bg-opacity=\"1\" data-animation=\"\" data-delay=\"0\" >\n\t\t<div class=\"vc_column-inner\" >\n\t\t<div class=\"wpb_wrapper\">\n\t\t\t<div class=\"img-with-aniamtion-wrap center custom-size\" data-max-width=\"100%\" data-max-width-mobile=\"default\" data-border-radius=\"10px\" data-shadow=\"none\" data-animation=\"none\" >\n      <div class=\"inner\">\n        <div class=\"hover-wrap\"> \n          <div class=\"hover-wrap-inner\">\n            <img loading=\"lazy\" decoding=\"async\" class=\"img-with-animation skip-lazy nectar-lazy\" data-delay=\"0\" height=\"685\" width=\"1024\" data-animation=\"none\" data-nectar-img-src=\"https:\/\/casabenissa.nl\/wp-content\/uploads\/2023\/09\/DSC_0099-1-1024x685-1.jpg\" src=\"data:image\/svg+xml;charset=utf-8,%3Csvg%20xmlns%3D'http%3A%2F%2Fwww.w3.org%2F2000%2Fsvg'%20viewBox%3D'0%200%201024%20685'%2F%3E\" alt=\"\" data-nectar-img-srcset=\"https:\/\/casabenissa.nl\/wp-content\/uploads\/2023\/09\/DSC_0099-1-1024x685-1.jpg 1024w, https:\/\/casabenissa.nl\/wp-content\/uploads\/2023\/09\/DSC_0099-1-1024x685-1-600x401.jpg 600w, https:\/\/casabenissa.nl\/wp-content\/uploads\/2023\/09\/DSC_0099-1-1024x685-1-300x201.jpg 300w, https:\/\/casabenissa.nl\/wp-content\/uploads\/2023\/09\/DSC_0099-1-1024x685-1-768x514.jpg 768w\" sizes=\"auto, (max-width: 1024px) 100vw, 1024px\" \/>\n          <\/div>\n        <\/div>\n      <\/div>\n    <\/div><div class=\"img-with-aniamtion-wrap  custom-size\" data-max-width=\"custom\" data-max-width-mobile=\"default\" data-border-radius=\"10px\" data-shadow=\"none\" data-animation=\"none\" >\n      <div class=\"inner\">\n        <div class=\"hover-wrap\"> \n          <div class=\"hover-wrap-inner\">\n            <img loading=\"lazy\" decoding=\"async\" class=\"img-with-animation skip-lazy\" data-delay=\"0\" height=\"800\" width=\"1500\" data-animation=\"none\" src=\"https:\/\/casabenissa.nl\/wp-content\/uploads\/wandelen-langs-de-starden-van-spanje.jpeg\" alt=\"wandelen langs de starden van spanje\" srcset=\"https:\/\/casabenissa.nl\/wp-content\/uploads\/wandelen-langs-de-starden-van-spanje.jpeg 1500w, https:\/\/casabenissa.nl\/wp-content\/uploads\/wandelen-langs-de-starden-van-spanje-600x320.jpeg 600w, https:\/\/casabenissa.nl\/wp-content\/uploads\/wandelen-langs-de-starden-van-spanje-300x160.jpeg 300w, https:\/\/casabenissa.nl\/wp-content\/uploads\/wandelen-langs-de-starden-van-spanje-1024x546.jpeg 1024w, https:\/\/casabenissa.nl\/wp-content\/uploads\/wandelen-langs-de-starden-van-spanje-768x410.jpeg 768w\" sizes=\"auto, (max-width: 1500px) 100vw, 1500px\" \/>\n          <\/div>\n        <\/div>\n      <\/div>\n    <\/div>\n\t\t<\/div> \n\t<\/div>\n\t<\/div> \n<\/div><\/div>\n\t\t\t<\/div> \n\t\t<\/div>\n\t<\/div> \n<\/div><\/div>\n\t\t<div id=\"fws_69f28e4aadb66\"  data-column-margin=\"default\" data-midnight=\"dark\"  class=\"wpb_row vc_row-fluid vc_row\"  style=\"padding-top: 0px; padding-bottom: 0px; \"><div class=\"row-bg-wrap\" data-bg-animation=\"none\" data-bg-animation-delay=\"\" data-bg-overlay=\"false\"><div class=\"inner-wrap row-bg-layer\" ><div class=\"row-bg viewport-desktop\"  style=\"\"><\/div><\/div><\/div><div class=\"row_col_wrap_12 col span_12 dark left\">\n\t<div  class=\"vc_col-sm-12 wpb_column column_container vc_column_container col padding-2-percent inherit_tablet inherit_phone \"  data-border-radius=\"10px\" data-padding-pos=\"all\" data-has-bg-color=\"false\" data-bg-color=\"\" data-bg-opacity=\"1\" data-animation=\"\" data-delay=\"0\" >\n\t\t<div class=\"vc_column-inner\" >\n\t\t\t<div class=\"wpb_wrapper\">\n\t\t\t\t<div class=\"nectar-highlighted-text\" data-style=\"full_text\" data-exp=\"default\" data-using-custom-color=\"false\" data-animation-delay=\"false\" data-color=\"\" data-color-gradient=\"\" style=\"\"><h2>Wat kan je verwachten?<\/h2>\n<\/div>\n\t\t\t<\/div> \n\t\t<\/div>\n\t<\/div> \n<\/div><\/div>\n\t\t<div id=\"fws_69f28e4aae4c5\"  data-column-margin=\"default\" data-midnight=\"dark\"  class=\"wpb_row vc_row-fluid vc_row vc_row-o-equal-height vc_row-flex\"  style=\"padding-top: 0px; padding-bottom: 0px; \"><div class=\"row-bg-wrap\" data-bg-animation=\"none\" data-bg-animation-delay=\"\" data-bg-overlay=\"false\"><div class=\"inner-wrap row-bg-layer\" ><div class=\"row-bg viewport-desktop\"  style=\"\"><\/div><\/div><\/div><div class=\"row_col_wrap_12 col span_12 dark center\">\n\t<div  class=\"vc_col-sm-6 wpb_column column_container vc_column_container col padding-2-percent inherit_tablet inherit_phone \"  data-border-radius=\"10px\" data-border-animation=\"\" data-border-animation-delay=\"\" data-border-width=\"1px\" data-border-style=\"solid\" data-border-color=\"#d1d1d1\" data-padding-pos=\"all\" data-has-bg-color=\"false\" data-bg-color=\"\" data-bg-opacity=\"1\" data-animation=\"\" data-delay=\"0\" >\n\t\t<div class=\"vc_column-inner\" style=\"border: 1px solid #d1d1d1;\">\n\t\t\t<div class=\"wpb_wrapper\">\n\t\t\t\t\n<div class=\"wpb_text_column wpb_content_element \" >\n\t<div class=\"wpb_wrapper\">\n\t\t<p style=\"text-align: left;\"><strong>Een 5daagse NLP practitioner training door een\u00a0 op 800 meter van \u00e9\u00e9n van de mooiste stranden van de Costa Blanca. Vraag naar de mogelijkheden<\/strong><\/p>\n<p style=\"text-align: left;\"><strong>Voor wie:\u00a0<\/strong><br \/>\nOnze training is voor iedereen die zich wil ontwikkelen op het vakgebied van NLP en meer resultaat wil behalen, zowel zakelijk als priv\u00e9.<br \/>\nDe beste deelnemers zijn de deelnemers die zelf de motivatie voelen om zich in te schrijven.<br \/>\nJe bent dus verzekerd van een gemotiveerde groep mensen en dat zorgt voor een leergierige, enthousiaste sfeer.<br \/>\nJe volgt deze training in een groep van maximaal 12 deelnemers. De deelnemers die zich bij ons aanmelden hebben vaak diverse achtergronden, uitdagingen en werkvelden.<br \/>\nNLP leer je door te ervaren en dat werkt het beste in groepsverband. Klein genoeg om er het maximale voor jezelf uit te halen en groot genoeg om steeds onderling te kunnen wisselen tijdens oefeningen.<\/p>\n<p style=\"text-align: left;\">\n\t<\/div>\n<\/div>\n\n\n\n<div class=\"img-with-aniamtion-wrap \" data-max-width=\"100%\" data-max-width-mobile=\"default\" data-border-radius=\"10px\" data-shadow=\"none\" data-animation=\"none\" >\n      <div class=\"inner\">\n        <div class=\"hover-wrap\"> \n          <div class=\"hover-wrap-inner\">\n            <img loading=\"lazy\" decoding=\"async\" class=\"img-with-animation skip-lazy\" data-delay=\"0\" height=\"1536\" width=\"2048\" data-animation=\"none\" src=\"https:\/\/casabenissa.nl\/wp-content\/uploads\/Naja-Trainingslocatie-Back-to-the-wild.jpg\" alt=\"Naja Trainingslocatie Back to the wild\" srcset=\"https:\/\/casabenissa.nl\/wp-content\/uploads\/Naja-Trainingslocatie-Back-to-the-wild.jpg 2048w, https:\/\/casabenissa.nl\/wp-content\/uploads\/Naja-Trainingslocatie-Back-to-the-wild-600x450.jpg 600w, https:\/\/casabenissa.nl\/wp-content\/uploads\/Naja-Trainingslocatie-Back-to-the-wild-300x225.jpg 300w, https:\/\/casabenissa.nl\/wp-content\/uploads\/Naja-Trainingslocatie-Back-to-the-wild-1024x768.jpg 1024w, https:\/\/casabenissa.nl\/wp-content\/uploads\/Naja-Trainingslocatie-Back-to-the-wild-768x576.jpg 768w, https:\/\/casabenissa.nl\/wp-content\/uploads\/Naja-Trainingslocatie-Back-to-the-wild-1536x1152.jpg 1536w\" sizes=\"auto, (max-width: 2048px) 100vw, 2048px\" \/>\n          <\/div>\n        <\/div>\n      <\/div>\n    <\/div>\n\t\t\t<\/div> \n\t\t<\/div>\n\t<\/div> \n\n\t<div  class=\"vc_col-sm-6 wpb_column column_container vc_column_container col padding-2-percent inherit_tablet inherit_phone \"  data-border-radius=\"10px\" data-border-animation=\"\" data-border-animation-delay=\"\" data-border-width=\"1px\" data-border-style=\"solid\" data-border-color=\"#d1d1d1\" data-padding-pos=\"all\" data-has-bg-color=\"false\" data-bg-color=\"\" data-bg-opacity=\"1\" data-animation=\"\" data-delay=\"0\" >\n\t\t<div class=\"vc_column-inner\" style=\"border: 1px solid #d1d1d1;\">\n\t\t\t<div class=\"wpb_wrapper\">\n\t\t\t\t\n<div class=\"wpb_text_column wpb_content_element \" >\n\t<div class=\"wpb_wrapper\">\n\t\t<p style=\"text-align: left;\"><strong>Wil jij werken aan je persoonlijke ontwikkeling en communicatie?<\/strong><br \/>\nNLP leren en toepassen gaat over het ontdekken \u2018hoe\u2019 jij de dingen doet en hoe je (indien gewenst) deze kunt veranderen. Het gaat over het maken van je eigen keuzes, over het ontdekken wie je echt bent en waar jij voor staat. De kwaliteit van je relaties met anderen is afhankelijk van de kwaliteit van de relatie met jezelf. Dus hoe reageer jij op anderen en hoe zou je dat effectiever kunnen doen?<br \/>\nKlinkt dit als een interessante training voor jou, meld je dan aan en wij zien je graag.<\/p>\n<p style=\"text-align: left;\">Onze training is voor iedereen die zich wil ontwikkelen op het vakgebied van NLP en meer resultaat wil behalen, zowel zakelijk als priv\u00e9.<br \/>\nDe beste deelnemers zijn de deelnemers die zelf de motivatie voelen om zich in te schrijven.<\/p>\n<p style=\"text-align: left;\">Je bent dus verzekerd van een gemotiveerde groep mensen en dat zorgt voor een leergierige, enthousiaste sfeer. Je volgt deze training in een groep van maximaal 12 deelnemers. De deelnemers die zich bij ons aanmelden hebben vaak diverse achtergronden, uitdagingen en werkvelden. NLP leer je door te ervaren en dat werkt het beste in groepsverband. Klein genoeg om er het maximale voor jezelf uit te halen en groot genoeg om steeds onderling te kunnen wisselen tijdens oefeningen.<\/p>\n<p>&nbsp;<\/p>\n<ul style=\"text-align: center;\">\n<li style=\"text-align: left;\">\n<p class=\"\">De NLP practitioner gaat door bij een minimum bezetting van 6 personen en max 12.<\/p>\n<\/li>\n<li style=\"text-align: left;\">Wij denken aan onze buren en na 23:00 is het rustig bij de villa.<\/li>\n<li style=\"text-align: left;\">\n<p class=\"\">Zijn er nog eventuele extra wensen die wij zijn vergeten maar die we misschien wel kunnen fixen? Of heb je bepaalde voedselallergie\u00ebn? Laat het ons zeker weten!<\/p>\n<\/li>\n<li style=\"text-align: left;\">\n<p class=\"\">Leeftijd van de training is tussen de 18 en 80<\/p>\n<\/li>\n<li style=\"text-align: left;\">Training kan zakelijke geboekt worden<\/li>\n<\/ul>\n\t<\/div>\n<\/div>\n\n\n\n\n\t\t\t<\/div> \n\t\t<\/div>\n\t<\/div> \n<\/div><\/div>\n\t\t<div id=\"fws_69f28e4aaf7f3\"  data-column-margin=\"default\" data-midnight=\"dark\"  class=\"wpb_row vc_row-fluid vc_row\"  style=\"padding-top: 0px; padding-bottom: 0px; \"><div class=\"row-bg-wrap\" data-bg-animation=\"none\" data-bg-animation-delay=\"\" data-bg-overlay=\"false\"><div class=\"inner-wrap row-bg-layer\" ><div class=\"row-bg viewport-desktop\"  style=\"\"><\/div><\/div><\/div><div class=\"row_col_wrap_12 col span_12 dark center\">\n\t<div style=\"margin-top: 10px; margin-bottom: -20px; \" class=\"vc_col-sm-12 wpb_column column_container vc_column_container col no-extra-padding inherit_tablet inherit_phone \"  data-border-radius=\"10px\" data-padding-pos=\"all\" data-has-bg-color=\"false\" data-bg-color=\"\" data-bg-opacity=\"1\" data-animation=\"\" data-delay=\"0\" >\n\t\t<div class=\"vc_column-inner\" >\n\t\t\t<div class=\"wpb_wrapper\">\n\t\t\t\t<a class=\"nectar-button jumbo see-through-2  wpb_animate_when_almost_visible wpb_bounce bounce\"  role=\"button\" style=\"margin-right: 20px; border-color: #000000; color: #000000;\"  href=\"\/contact\/\" data-color-override=\"#000000\"  data-hover-color-override=\"#d5e6f6\" data-hover-text-color-override=\"#000000\"><span>Ik heb een vraag<\/span><\/a><a class=\"nectar-button jumbo see-through-2  wpb_animate_when_almost_visible wpb_swing swing\"  role=\"button\" style=\"border-color: #000000; color: #000000;\"  href=\"\/inschrijven\/\" data-color-override=\"#000000\"  data-hover-color-override=\"#d4e8cc\" data-hover-text-color-override=\"#000000\"><span>Ik wil mee!<\/span><\/a>\n\t\t\t<\/div> \n\t\t<\/div>\n\t<\/div> \n<\/div><\/div>\n\t\t<div id=\"fws_69f28e4ab0423\"  data-column-margin=\"default\" data-midnight=\"dark\"  class=\"wpb_row vc_row-fluid vc_row\"  style=\"padding-top: 0px; padding-bottom: 0px; \"><div class=\"row-bg-wrap\" data-bg-animation=\"none\" data-bg-animation-delay=\"\" data-bg-overlay=\"false\"><div class=\"inner-wrap row-bg-layer\" ><div class=\"row-bg viewport-desktop\"  style=\"\"><\/div><\/div><\/div><div class=\"row_col_wrap_12 col span_12 dark left\">\n\t<div  class=\"vc_col-sm-12 wpb_column column_container vc_column_container col no-extra-padding inherit_tablet inherit_phone \"  data-padding-pos=\"all\" data-has-bg-color=\"false\" data-bg-color=\"\" data-bg-opacity=\"1\" data-animation=\"\" data-delay=\"0\" >\n\t\t<div class=\"vc_column-inner\" >\n\t\t\t<div class=\"wpb_wrapper\">\n\t\t\t\t<div class=\"divider-wrap\" data-alignment=\"default\"><div style=\"height: 20px;\" class=\"divider\"><\/div><\/div><div class=\"nectar-highlighted-text\" data-style=\"full_text\" data-exp=\"default\" data-using-custom-color=\"false\" data-animation-delay=\"false\" data-color=\"\" data-color-gradient=\"\" style=\"\"><h2>Hoe kan je week eruit zien?<\/h2>\n<\/div>\n\t\t\t<\/div> \n\t\t<\/div>\n\t<\/div> \n<\/div><\/div>\n\t\t<div id=\"fws_69f28e4ab0ef4\"  data-column-margin=\"default\" data-midnight=\"dark\"  class=\"wpb_row vc_row-fluid vc_row vc_row-o-equal-height vc_row-flex\"  style=\"padding-top: 0px; padding-bottom: 0px; \"><div class=\"row-bg-wrap\" data-bg-animation=\"none\" data-bg-animation-delay=\"\" data-bg-overlay=\"false\"><div class=\"inner-wrap row-bg-layer\" ><div class=\"row-bg viewport-desktop\"  style=\"\"><\/div><\/div><\/div><div class=\"row_col_wrap_12 col span_12 dark center\">\n\t<div style=\"\" class=\"vc_col-sm-6 wpb_column column_container vc_column_container col padding-2-percent inherit_tablet inherit_phone \" data-using-bg=\"true\" data-border-radius=\"10px\" data-border-animation=\"\" data-border-animation-delay=\"\" data-border-width=\"1px\" data-border-style=\"solid\" data-border-color=\"#d5e6f6\" data-padding-pos=\"all\" data-has-bg-color=\"true\" data-bg-color=\"#d5e6f6\" data-bg-opacity=\"1\" data-animation=\"\" data-delay=\"0\" >\n\t\t<div class=\"vc_column-inner\" style=\"border: 1px solid #d5e6f6;\"><div class=\"column-bg-overlay-wrap column-bg-layer\" data-bg-animation=\"none\"><div class=\"column-bg-overlay\" style=\"opacity: 1; background-color: #d5e6f6;\"><\/div><\/div>\n\t\t\t<div class=\"wpb_wrapper\">\n\t\t\t\t\n<div class=\"wpb_text_column wpb_content_element \" >\n\t<div class=\"wpb_wrapper\">\n\t\t<h3 style=\"text-align: left;\"><strong>Dag voor de cursus<\/strong><\/h3>\n<ul style=\"text-align: left;\">\n<li>Ontvangst vliegveld Alicante Airport<\/li>\n<li>Vervoer naar villa<\/li>\n<li>Ontvangst met de cava en meet and greet<\/li>\n<li>Duik in het zwembad<\/li>\n<li>Rond 20u wordt het avondeten geserveerd<\/li>\n<\/ul>\n<h3 style=\"text-align: left;\"><strong>Dag 1: Kennismaking met NLP<\/strong><\/h3>\n<ul style=\"text-align: left;\">\n<li>Ochtend:\n<ul>\n<li>Inleiding tot NLP: Geschiedenis, principes en toepassingen.<\/li>\n<li>Basisprincipes van communicatie en de rol van taal.<\/li>\n<\/ul>\n<\/li>\n<li>Middag:\n<ul>\n<li>Representatiesystemen in NLP: Visueel, auditief en kinesthetisch.<\/li>\n<li>Oefeningen om je eigen representatiesystemen te identificeren.<\/li>\n<\/ul>\n<\/li>\n<li>Avond:\n<ul style=\"text-align: left;\">\n<li>Vrij te besteden<\/li>\n<\/ul>\n<\/li>\n<\/ul>\n<h3 style=\"text-align: left;\"><strong>Dag 2: Rapport en communicatie<\/strong><\/h3>\n<ul style=\"text-align: left;\">\n<li>Ochtend:\n<ul>\n<li>Rapport opbouwen: De basis van effectieve communicatie.<\/li>\n<li>Verbale en non-verbale signalen herkennen.<\/li>\n<\/ul>\n<\/li>\n<li>Middag:\n<ul>\n<li>Vrij te besteden<\/li>\n<\/ul>\n<\/li>\n<li>Avond:\n<ul>\n<li>Technieken voor het verbeteren van gesprekken en relaties.<\/li>\n<li>Praktische oefeningen in rapport opbouwen.<\/li>\n<\/ul>\n<\/li>\n<li><\/li>\n<\/ul>\n<h3 style=\"text-align: left;\"><strong>Dag 3: Neurologische niveaus en doelen stellen<\/strong><\/h3>\n<ul>\n<li style=\"text-align: left;\">Ochtend\n<ul>\n<li>Een half uur voor zonsopgang staat er een ochtendwandeling op het programma. Een ieder is vrij om hieraan al dan niet deel te nemen. We ervaren het ontwaken van de natuur en eindigen met een duik in de zee.<\/li>\n<\/ul>\n<\/li>\n<li style=\"text-align: left;\">\u00a0Middag:\n<ul>\n<li>De neurologische niveaus van verandering in NLP.<\/li>\n<li>Het belang van doelen stellen en visualisatie.<\/li>\n<\/ul>\n<\/li>\n<li style=\"text-align: left;\">Avond:\n<ul>\n<li style=\"text-align: left;\">Het SMART-doelenmodel toepassen.<\/li>\n<li style=\"text-align: left;\">Praktische oefeningen in het stellen van doelen.<\/li>\n<\/ul>\n<\/li>\n<\/ul>\n\t<\/div>\n<\/div>\n\n\n\n\n\t\t\t<\/div> \n\t\t<\/div>\n\t<\/div> \n\n\t<div style=\"\" class=\"vc_col-sm-6 wpb_column column_container vc_column_container col padding-2-percent force-desktop-text-align-left inherit_tablet inherit_phone \" data-using-bg=\"true\" data-border-radius=\"10px\" data-border-animation=\"\" data-border-animation-delay=\"\" data-border-width=\"1px\" data-border-style=\"solid\" data-border-color=\"#d5e6f6\" data-padding-pos=\"all\" data-has-bg-color=\"true\" data-bg-color=\"#d5e6f6\" data-bg-opacity=\"1\" data-animation=\"\" data-delay=\"0\" >\n\t\t<div class=\"vc_column-inner\" style=\"border: 1px solid #d5e6f6;\"><div class=\"column-bg-overlay-wrap column-bg-layer\" data-bg-animation=\"none\"><div class=\"column-bg-overlay\" style=\"opacity: 1; background-color: #d5e6f6;\"><\/div><\/div>\n\t\t\t<div class=\"wpb_wrapper\">\n\t\t\t\t\n<div class=\"wpb_text_column wpb_content_element \" >\n\t<div class=\"wpb_wrapper\">\n\t\t<h3><strong>Dag 4: Submodaliteiten en patroononderbreking<\/strong><\/h3>\n<ul>\n<li>Ochtend:\n<ul>\n<li>Submodaliteiten begrijpen en gebruiken om interne representaties te wijzigen.<\/li>\n<li>Patronen van overtuigingen herkennen.<\/li>\n<\/ul>\n<\/li>\n<li>Middag:\n<ul>\n<li>Patroononderbreking: Het doorbreken van negatieve gedragspatronen.<\/li>\n<li>Oefenen met submodaliteiten en patroononderbreking.<\/li>\n<\/ul>\n<\/li>\n<\/ul>\n<h3><strong>Dag 5: Anchoring en praktische toepassingen<\/strong><\/h3>\n<ul>\n<li>Ochtend:\n<ul>\n<li>Anchoringtechnieken: Het cre\u00ebren van krachtige verankeringen.<\/li>\n<li>Toepassingen van NLP in persoonlijke ontwikkeling en coaching.<\/li>\n<\/ul>\n<\/li>\n<li>Middag:\n<ul>\n<li>Integratie van NLP-technieken in het dagelijks leven.<\/li>\n<li>Certificaatuitreiking en afsluitende discussie.<\/li>\n<\/ul>\n<\/li>\n<li>Avond:\n<ul>\n<li>Vrij te besteden<\/li>\n<\/ul>\n<\/li>\n<\/ul>\n<h3 style=\"text-align: left;\"><strong>Dag na de cursus<\/strong><\/h3>\n<ul style=\"text-align: left;\">\n<li>Na het ontbijt locatie schoonmaken<\/li>\n<li>Laatste duik in het zwembad<\/li>\n<li>Vervoer naar vliegveld<\/li>\n<\/ul>\n\t<\/div>\n<\/div>\n\n\n\n\n\t\t\t<\/div> \n\t\t<\/div>\n\t<\/div> \n<\/div><\/div>\n\t\t<div id=\"fws_69f28e4ab1dd0\"  data-column-margin=\"default\" data-midnight=\"dark\"  class=\"wpb_row vc_row-fluid vc_row\"  style=\"padding-top: 0px; padding-bottom: 0px; \"><div class=\"row-bg-wrap\" data-bg-animation=\"none\" data-bg-animation-delay=\"\" data-bg-overlay=\"false\"><div class=\"inner-wrap row-bg-layer\" ><div class=\"row-bg viewport-desktop\"  style=\"\"><\/div><\/div><\/div><div class=\"row_col_wrap_12 col span_12 dark left\">\n\t<div  class=\"vc_col-sm-12 wpb_column column_container vc_column_container col padding-2-percent inherit_tablet inherit_phone \"  data-border-radius=\"10px\" data-padding-pos=\"all\" data-has-bg-color=\"false\" data-bg-color=\"\" data-bg-opacity=\"1\" data-animation=\"\" data-delay=\"0\" >\n\t\t<div class=\"vc_column-inner\" >\n\t\t\t<div class=\"wpb_wrapper\">\n\t\t\t\t<div class=\"nectar-highlighted-text\" data-style=\"full_text\" data-exp=\"default\" data-using-custom-color=\"false\" data-animation-delay=\"false\" data-color=\"\" data-color-gradient=\"\" style=\"\"><h2>Wanneer is de volgende training gepland<\/h2>\n<\/div>\n<div class=\"wpb_text_column wpb_content_element \" >\n\t<div class=\"wpb_wrapper\">\n\t\t<p>[add_eventon_list number_of_months=&#8221;12&#8243; event_type=&#8221;24&#8243; hide_empty_months=&#8221;yes&#8221;]<\/p>\n\t<\/div>\n<\/div>\n\n\n\n\n\t\t\t<\/div> \n\t\t<\/div>\n\t<\/div> \n<\/div><\/div>\n\t\t<div id=\"fws_69f28e4ab2872\"  data-column-margin=\"default\" data-midnight=\"dark\"  class=\"wpb_row vc_row-fluid vc_row\"  style=\"padding-top: 0px; padding-bottom: 0px; \"><div class=\"row-bg-wrap\" data-bg-animation=\"none\" data-bg-animation-delay=\"\" data-bg-overlay=\"false\"><div class=\"inner-wrap row-bg-layer\" ><div class=\"row-bg viewport-desktop\"  style=\"\"><\/div><\/div><\/div><div class=\"row_col_wrap_12 col span_12 dark left\">\n\t<div  class=\"vc_col-sm-12 wpb_column column_container vc_column_container col padding-2-percent inherit_tablet inherit_phone \"  data-border-radius=\"10px\" data-padding-pos=\"all\" data-has-bg-color=\"false\" data-bg-color=\"\" data-bg-opacity=\"1\" data-animation=\"\" data-delay=\"0\" >\n\t\t<div class=\"vc_column-inner\" >\n\t\t\t<div class=\"wpb_wrapper\">\n\t\t\t\t<div class=\"nectar-highlighted-text\" data-style=\"full_text\" data-exp=\"default\" data-using-custom-color=\"false\" data-animation-delay=\"false\" data-color=\"\" data-color-gradient=\"\" style=\"\"><h2>Quanta Costa?<\/h2>\n<\/div>\n\t\t\t<\/div> \n\t\t<\/div>\n\t<\/div> \n<\/div><\/div>\n\t\t<div id=\"fws_69f28e4ab314a\"  data-column-margin=\"default\" data-midnight=\"dark\"  class=\"wpb_row vc_row-fluid vc_row vc_row-o-equal-height vc_row-flex\"  style=\"padding-top: 0px; padding-bottom: 0px; \"><div class=\"row-bg-wrap\" data-bg-animation=\"none\" data-bg-animation-delay=\"\" data-bg-overlay=\"false\"><div class=\"inner-wrap row-bg-layer\" ><div class=\"row-bg viewport-desktop\"  style=\"\"><\/div><\/div><\/div><div class=\"row_col_wrap_12 col span_12 dark left\">\n\t<div  class=\"vc_col-sm-6 wpb_column column_container vc_column_container col padding-2-percent inherit_tablet inherit_phone \"  data-border-radius=\"10px\" data-border-animation=\"\" data-border-animation-delay=\"\" data-border-width=\"1px\" data-border-style=\"solid\" data-border-color=\"#d1d1d1\" data-padding-pos=\"all\" data-has-bg-color=\"false\" data-bg-color=\"\" data-bg-opacity=\"1\" data-animation=\"\" data-delay=\"0\" >\n\t\t<div class=\"vc_column-inner\" style=\"border: 1px solid #d1d1d1;\">\n\t\t\t<div class=\"wpb_wrapper\">\n\t\t\t\t\n<div class=\"wpb_text_column wpb_content_element \" >\n\t<div class=\"wpb_wrapper\">\n\t\t<h3>Investering in jezelf<\/h3>\n<ul data-rte-list=\"default\">\n<li>\n<p class=\"\"><strong>\u20ac 1099,- <\/strong>all in Per Persoon incl. IVA en toeristenbelasting<\/p>\n<\/li>\n<\/ul>\n<p>Na betaling van de training is de aanvraag bindend.<\/p>\n<div class=\"rh-read-more-text show\" data-id=\"priceInfo\">\n<h4>Annuleringskosten<\/h4>\n<p>Indien je om welke reden dan ook, op de afgesproken datum niet kan, niet wil of niet zal aanvaarden, dient je ons hiervan onmiddelijk in kennis te stellen. Een telefonische mededeling hiervan dient schriftelijk of per e-mail te worden bevestigd.<\/p>\n<ul>\n<li>30% van het totaalbedrag bij annulering tot de 90e dag voor de aanvang van de huurperiode<\/li>\n<li>50% van het totaalbedrag bij annulering tussen de 89e tot 30e dag voor aanvang van de huurperiode<\/li>\n<li>100% van het totaalbedrag bij annulering minder dan 30 dagen voor aanvang huurperiode<\/li>\n<\/ul>\n<p>Wij raden je met klem aan een passende reis- &amp; annuleringsverzekering af te sluiting voor annulering, onderbreking of afbreking van de reis en ter dekking van schades en\/of calamiteiten.<\/p>\n<\/div>\n\t<\/div>\n<\/div>\n\n\n\n\n\t\t\t<\/div> \n\t\t<\/div>\n\t<\/div> \n\n\t<div  class=\"vc_col-sm-6 wpb_column column_container vc_column_container col padding-2-percent inherit_tablet inherit_phone \"  data-border-radius=\"10px\" data-border-animation=\"\" data-border-animation-delay=\"\" data-border-width=\"1px\" data-border-style=\"solid\" data-border-color=\"#d1d1d1\" data-padding-pos=\"all\" data-has-bg-color=\"false\" data-bg-color=\"\" data-bg-opacity=\"1\" data-animation=\"\" data-delay=\"0\" >\n\t\t<div class=\"vc_column-inner\" style=\"border: 1px solid #d1d1d1;\">\n\t\t\t<div class=\"wpb_wrapper\">\n\t\t\t\t\n<div class=\"wpb_text_column wpb_content_element \" >\n\t<div class=\"wpb_wrapper\">\n\t\t<h3>Inbegrepen<\/h3>\n<ul>\n<li>Alle dagen vervoer inclusief vervoer van en naar het vliegveld<\/li>\n<li>4X uitgebreid ontbijt &amp; lunch<\/li>\n<li>Diner op dag1, dag2 en dag4 (Avond dag 3 is vrije keuze)<\/li>\n<li>Eindfeest dag 5\n<div class=\"wpb_text_column wpb_content_element \">\n<div class=\"wpb_wrapper\"><\/div>\n<\/div>\n<\/li>\n<li>De hele dag gratis thee, koffie, water en frisdrank bij de trainingslocatie<\/li>\n<\/ul>\n\t<\/div>\n<\/div>\n\n\n\n<div class=\"divider-wrap\" data-alignment=\"default\"><div style=\"height: 25px;\" class=\"divider\"><\/div><\/div>\n<div class=\"wpb_text_column wpb_content_element \" >\n\t<div class=\"wpb_wrapper\">\n\t\t<h3>Niet inbegrepen<\/h3>\n<ul>\n<li>Vliegticket (Wij kunnen u wel adviseren welke luchthaven en welke maatschappij u het beste kunt nemen). Als u op tijd boekt, kost een retour +\/- \u20ac 150,-<\/li>\n<li>Overnachtingen. Wij kunnen de overnachting en vervoer naar trainingslocatie voor u regelen.<\/li>\n<li>Verse sappen, en alcoholische dranken worden verkocht tegen lokale lage prijzen<\/li>\n<li>Eat as the locals (Uitstapje 3e avond)<\/li>\n<\/ul>\n\t<\/div>\n<\/div>\n\n\n\n\n\t\t\t<\/div> \n\t\t<\/div>\n\t<\/div> \n<\/div><\/div>\n\t\t<div id=\"fws_69f28e4ab427a\"  data-column-margin=\"default\" data-midnight=\"dark\"  class=\"wpb_row vc_row-fluid vc_row\"  style=\"padding-top: 0px; padding-bottom: 0px; \"><div class=\"row-bg-wrap\" data-bg-animation=\"none\" data-bg-animation-delay=\"\" data-bg-overlay=\"false\"><div class=\"inner-wrap row-bg-layer\" ><div class=\"row-bg viewport-desktop\"  style=\"\"><\/div><\/div><\/div><div class=\"row_col_wrap_12 col span_12 dark left\">\n\t<div  class=\"vc_col-sm-12 wpb_column column_container vc_column_container col padding-2-percent inherit_tablet inherit_phone \"  data-border-radius=\"10px\" data-padding-pos=\"all\" data-has-bg-color=\"false\" data-bg-color=\"\" data-bg-opacity=\"1\" data-animation=\"\" data-delay=\"0\" >\n\t\t<div class=\"vc_column-inner\" >\n\t\t\t<div class=\"wpb_wrapper\">\n\t\t\t\t<div class=\"nectar-highlighted-text\" data-style=\"full_text\" data-exp=\"default\" data-using-custom-color=\"false\" data-animation-delay=\"false\" data-color=\"\" data-color-gradient=\"\" style=\"\"><h2>Wat levert deze training je op?<\/h2>\n<\/div>\n\t\t\t<\/div> \n\t\t<\/div>\n\t<\/div> \n<\/div><\/div>\n\t\t<div id=\"fws_69f28e4ab4b59\"  data-column-margin=\"default\" data-midnight=\"dark\"  class=\"wpb_row vc_row-fluid vc_row\"  style=\"padding-top: 0px; padding-bottom: 0px; \"><div class=\"row-bg-wrap\" data-bg-animation=\"none\" data-bg-animation-delay=\"\" data-bg-overlay=\"false\"><div class=\"inner-wrap row-bg-layer\" ><div class=\"row-bg viewport-desktop\"  style=\"\"><\/div><\/div><\/div><div class=\"row_col_wrap_12 col span_12 dark left\">\n\t<div  class=\"vc_col-sm-12 wpb_column column_container vc_column_container col padding-2-percent inherit_tablet inherit_phone \"  data-border-radius=\"10px\" data-border-animation=\"\" data-border-animation-delay=\"\" data-border-width=\"1px\" data-border-style=\"solid\" data-border-color=\"#d1d1d1\" data-padding-pos=\"all\" data-has-bg-color=\"false\" data-bg-color=\"\" data-bg-opacity=\"1\" data-animation=\"\" data-delay=\"0\" >\n\t\t<div class=\"vc_column-inner\" style=\"border: 1px solid #d1d1d1;\">\n\t\t\t<div class=\"wpb_wrapper\">\n\t\t\t\t\n<div class=\"wpb_text_column wpb_content_element \" >\n\t<div class=\"wpb_wrapper\">\n\t\t<ul>\n<li>je leert diverse NLP modellen, methoden en technieken toepassen<\/li>\n<li>meer begrip voor je eigen en andermans gedrag<\/li>\n<li>je ervaart meer rust<\/li>\n<li>je maakt makkelijker keuzes<\/li>\n<li>je verbindt je makkelijker met mensen die in eerste instantie niet jouw voorkeur hadden<\/li>\n<li>met meer zelfvertrouwen communiceren<\/li>\n<li>inzicht in je eigen patronen en overtuigingen<\/li>\n<li>je leert diverse communicatie methodieken gebruiken<\/li>\n<li>je bent in staat mensen makkelijker \u2018mee te krijgen<\/li>\n<li>je accepteert jezelf nog meer en bent zelfverzekerder<\/li>\n<li>(nog meer) constructieve gedachten en gedrag<\/li>\n<li>optimaal gebruikmaken van de kwaliteiten en vermogens van jezelf en anderen<\/li>\n<li>Je kunt beter omgaan met je weerstanden<\/li>\n<li>Je bent in staat beter contact te maken met anderen en je invloed te vergroten<\/li>\n<li>Je leert om op ontspannen wijze je doelstellingen te bereiken<\/li>\n<li>Je bent in staat effectiever te communiceren volgens de principes van NLP<\/li>\n<li>Je ervaart welke impact je onbewuste patronen op jezelf en je omgeving hebben<\/li>\n<li>een positievere blik op het leven, jezelf en de mensen om je heen.<\/li>\n<\/ul>\n\t<\/div>\n<\/div>\n\n\n\n\n\t\t\t<\/div> \n\t\t<\/div>\n\t<\/div> \n<\/div><\/div>\n\t\t<div id=\"fws_69f28e4ab543c\"  data-column-margin=\"default\" data-midnight=\"dark\"  class=\"wpb_row vc_row-fluid vc_row\"  style=\"padding-top: 0px; padding-bottom: 0px; \"><div class=\"row-bg-wrap\" data-bg-animation=\"none\" data-bg-animation-delay=\"\" data-bg-overlay=\"false\"><div class=\"inner-wrap row-bg-layer\" ><div class=\"row-bg viewport-desktop\"  style=\"\"><\/div><\/div><\/div><div class=\"row_col_wrap_12 col span_12 dark center\">\n\t<div  class=\"vc_col-sm-12 wpb_column column_container vc_column_container col padding-2-percent inherit_tablet inherit_phone \"  data-border-radius=\"10px\" data-padding-pos=\"all\" data-has-bg-color=\"false\" data-bg-color=\"\" data-bg-opacity=\"1\" data-animation=\"\" data-delay=\"0\" >\n\t\t<div class=\"vc_column-inner\" >\n\t\t\t<div class=\"wpb_wrapper\">\n\t\t\t\t<a class=\"nectar-button jumbo see-through-2  wpb_animate_when_almost_visible wpb_bounce bounce\"  role=\"button\" style=\"margin-right: 20px; border-color: #000000; color: #000000;\"  href=\"\/contact\/\" data-color-override=\"#000000\"  data-hover-color-override=\"#d5e6f6\" data-hover-text-color-override=\"#000000\"><span>Is dit ook mogelijk?<\/span><\/a><a class=\"nectar-button jumbo see-through-2  wpb_animate_when_almost_visible wpb_swing swing\"  role=\"button\" style=\"border-color: #000000; color: #000000;\"  href=\"\/inschrijven\/\" data-color-override=\"#000000\"  data-hover-color-override=\"#d4e8cc\" data-hover-text-color-override=\"#000000\"><span>Let's do it!<\/span><\/a>\n\t\t\t<\/div> \n\t\t<\/div>\n\t<\/div> \n<\/div><\/div>\n","protected":false},"excerpt":{"rendered":"","protected":false},"author":1,"featured_media":961,"parent":15,"menu_order":0,"comment_status":"closed","ping_status":"closed","template":"","meta":{"footnotes":""},"class_list":["post-24","page","type-page","status-publish","has-post-thumbnail"],"yoast_head":"<!-- This site is optimized with the Yoast SEO Premium plugin v21.3 (Yoast SEO v27.5) - https:\/\/yoast.com\/product\/yoast-seo-premium-wordpress\/ -->\n<title>NLP\u00a0Practitioner<\/title>\n<meta name=\"robots\" content=\"index, follow, max-snippet:-1, max-image-preview:large, max-video-preview:-1\" \/>\n<link rel=\"canonical\" href=\"https:\/\/casabenissa.nl\/es\/formacion-en-la-costa-blanca-espana\/nlp-practitioner-5-dias\/\" \/>\n<meta property=\"og:locale\" content=\"es_ES\" \/>\n<meta property=\"og:type\" content=\"article\" \/>\n<meta property=\"og:title\" content=\"NLP\u00a0Practitioner\" \/>\n<meta property=\"og:url\" content=\"https:\/\/casabenissa.nl\/es\/formacion-en-la-costa-blanca-espana\/nlp-practitioner-5-dias\/\" \/>\n<meta property=\"og:site_name\" content=\"Casa Benissa\" \/>\n<meta property=\"article:modified_time\" content=\"2023-09-24T07:30:53+00:00\" \/>\n<meta property=\"og:image\" content=\"https:\/\/casabenissa.nl\/wp-content\/uploads\/2023\/09\/villa_exterior.webp\" \/>\n\t<meta property=\"og:image:width\" content=\"800\" \/>\n\t<meta property=\"og:image:height\" content=\"600\" \/>\n\t<meta property=\"og:image:type\" content=\"image\/webp\" \/>\n<meta name=\"twitter:card\" content=\"summary_large_image\" \/>\n<meta name=\"twitter:label1\" content=\"Tiempo de lectura\" \/>\n\t<meta name=\"twitter:data1\" content=\"25 minutos\" \/>\n<script type=\"application\/ld+json\" class=\"yoast-schema-graph\">{\"@context\":\"https:\\\/\\\/schema.org\",\"@graph\":[{\"@type\":\"WebPage\",\"@id\":\"https:\\\/\\\/casabenissa.nl\\\/es\\\/formacion-en-la-costa-blanca-espana\\\/nlp-practitioner-5-dias\\\/\",\"url\":\"https:\\\/\\\/casabenissa.nl\\\/es\\\/formacion-en-la-costa-blanca-espana\\\/nlp-practitioner-5-dias\\\/\",\"name\":\"NLP\u00a0Practitioner\",\"isPartOf\":{\"@id\":\"https:\\\/\\\/vh2023izdeb-0.hosting-space.nl\\\/#website\"},\"primaryImageOfPage\":{\"@id\":\"https:\\\/\\\/casabenissa.nl\\\/es\\\/formacion-en-la-costa-blanca-espana\\\/nlp-practitioner-5-dias\\\/#primaryimage\"},\"image\":{\"@id\":\"https:\\\/\\\/casabenissa.nl\\\/es\\\/formacion-en-la-costa-blanca-espana\\\/nlp-practitioner-5-dias\\\/#primaryimage\"},\"thumbnailUrl\":\"https:\\\/\\\/casabenissa.nl\\\/wp-content\\\/uploads\\\/2023\\\/09\\\/villa_exterior.webp\",\"datePublished\":\"2023-09-05T07:13:22+00:00\",\"dateModified\":\"2023-09-24T07:30:53+00:00\",\"breadcrumb\":{\"@id\":\"https:\\\/\\\/casabenissa.nl\\\/es\\\/formacion-en-la-costa-blanca-espana\\\/nlp-practitioner-5-dias\\\/#breadcrumb\"},\"inLanguage\":\"es\",\"potentialAction\":[{\"@type\":\"ReadAction\",\"target\":[\"https:\\\/\\\/casabenissa.nl\\\/es\\\/formacion-en-la-costa-blanca-espana\\\/nlp-practitioner-5-dias\\\/\"]}]},{\"@type\":\"ImageObject\",\"inLanguage\":\"es\",\"@id\":\"https:\\\/\\\/casabenissa.nl\\\/es\\\/formacion-en-la-costa-blanca-espana\\\/nlp-practitioner-5-dias\\\/#primaryimage\",\"url\":\"https:\\\/\\\/casabenissa.nl\\\/wp-content\\\/uploads\\\/2023\\\/09\\\/villa_exterior.webp\",\"contentUrl\":\"https:\\\/\\\/casabenissa.nl\\\/wp-content\\\/uploads\\\/2023\\\/09\\\/villa_exterior.webp\",\"width\":800,\"height\":600},{\"@type\":\"BreadcrumbList\",\"@id\":\"https:\\\/\\\/casabenissa.nl\\\/es\\\/formacion-en-la-costa-blanca-espana\\\/nlp-practitioner-5-dias\\\/#breadcrumb\",\"itemListElement\":[{\"@type\":\"ListItem\",\"position\":1,\"name\":\"Home\",\"item\":\"https:\\\/\\\/vh2023izdeb-0.hosting-space.nl\\\/\"},{\"@type\":\"ListItem\",\"position\":2,\"name\":\"Trainingen in Costa Blanca, Spanje\",\"item\":\"https:\\\/\\\/casabenissa.nl\\\/es\\\/formacion-en-la-costa-blanca-espana\\\/\"},{\"@type\":\"ListItem\",\"position\":3,\"name\":\"NLP\u00a0Practitioner\"}]},{\"@type\":\"WebSite\",\"@id\":\"https:\\\/\\\/vh2023izdeb-0.hosting-space.nl\\\/#website\",\"url\":\"https:\\\/\\\/vh2023izdeb-0.hosting-space.nl\\\/\",\"name\":\"Casa Benissa | Trainingslocatie in Spanje\",\"description\":\"Trainingslocatie in Costa Blanca - Spanje\",\"publisher\":{\"@id\":\"https:\\\/\\\/vh2023izdeb-0.hosting-space.nl\\\/#organization\"},\"alternateName\":\"Huur een trainingslocatie in de Costa Blanca\",\"potentialAction\":[{\"@type\":\"SearchAction\",\"target\":{\"@type\":\"EntryPoint\",\"urlTemplate\":\"https:\\\/\\\/vh2023izdeb-0.hosting-space.nl\\\/?s={search_term_string}\"},\"query-input\":{\"@type\":\"PropertyValueSpecification\",\"valueRequired\":true,\"valueName\":\"search_term_string\"}}],\"inLanguage\":\"es\"},{\"@type\":\"Organization\",\"@id\":\"https:\\\/\\\/vh2023izdeb-0.hosting-space.nl\\\/#organization\",\"name\":\"Casa Benissa\",\"url\":\"https:\\\/\\\/vh2023izdeb-0.hosting-space.nl\\\/\",\"logo\":{\"@type\":\"ImageObject\",\"inLanguage\":\"es\",\"@id\":\"https:\\\/\\\/vh2023izdeb-0.hosting-space.nl\\\/#\\\/schema\\\/logo\\\/image\\\/\",\"url\":\"https:\\\/\\\/casabenissa.nl\\\/wp-content\\\/uploads\\\/Casa-benissa-logo.png\",\"contentUrl\":\"https:\\\/\\\/casabenissa.nl\\\/wp-content\\\/uploads\\\/Casa-benissa-logo.png\",\"width\":600,\"height\":300,\"caption\":\"Casa Benissa\"},\"image\":{\"@id\":\"https:\\\/\\\/vh2023izdeb-0.hosting-space.nl\\\/#\\\/schema\\\/logo\\\/image\\\/\"}}]}<\/script>\n<!-- \/ Yoast SEO Premium plugin. -->","yoast_head_json":{"title":"Practicante de PNL","robots":{"index":"index","follow":"follow","max-snippet":"max-snippet:-1","max-image-preview":"max-image-preview:large","max-video-preview":"max-video-preview:-1"},"canonical":"https:\/\/casabenissa.nl\/es\/formacion-en-la-costa-blanca-espana\/nlp-practitioner-5-dias\/","og_locale":"es_ES","og_type":"article","og_title":"NLP\u00a0Practitioner","og_url":"https:\/\/casabenissa.nl\/es\/formacion-en-la-costa-blanca-espana\/nlp-practitioner-5-dias\/","og_site_name":"Casa Benissa","article_modified_time":"2023-09-24T07:30:53+00:00","og_image":[{"width":800,"height":600,"url":"https:\/\/casabenissa.nl\/wp-content\/uploads\/2023\/09\/villa_exterior.webp","type":"image\/webp"}],"twitter_card":"summary_large_image","twitter_misc":{"Tiempo de lectura":"25 minutos"},"schema":{"@context":"https:\/\/schema.org","@graph":[{"@type":"WebPage","@id":"https:\/\/casabenissa.nl\/es\/formacion-en-la-costa-blanca-espana\/nlp-practitioner-5-dias\/","url":"https:\/\/casabenissa.nl\/es\/formacion-en-la-costa-blanca-espana\/nlp-practitioner-5-dias\/","name":"Practicante de PNL","isPartOf":{"@id":"https:\/\/vh2023izdeb-0.hosting-space.nl\/#website"},"primaryImageOfPage":{"@id":"https:\/\/casabenissa.nl\/es\/formacion-en-la-costa-blanca-espana\/nlp-practitioner-5-dias\/#primaryimage"},"image":{"@id":"https:\/\/casabenissa.nl\/es\/formacion-en-la-costa-blanca-espana\/nlp-practitioner-5-dias\/#primaryimage"},"thumbnailUrl":"https:\/\/casabenissa.nl\/wp-content\/uploads\/2023\/09\/villa_exterior.webp","datePublished":"2023-09-05T07:13:22+00:00","dateModified":"2023-09-24T07:30:53+00:00","breadcrumb":{"@id":"https:\/\/casabenissa.nl\/es\/formacion-en-la-costa-blanca-espana\/nlp-practitioner-5-dias\/#breadcrumb"},"inLanguage":"es","potentialAction":[{"@type":"ReadAction","target":["https:\/\/casabenissa.nl\/es\/formacion-en-la-costa-blanca-espana\/nlp-practitioner-5-dias\/"]}]},{"@type":"ImageObject","inLanguage":"es","@id":"https:\/\/casabenissa.nl\/es\/formacion-en-la-costa-blanca-espana\/nlp-practitioner-5-dias\/#primaryimage","url":"https:\/\/casabenissa.nl\/wp-content\/uploads\/2023\/09\/villa_exterior.webp","contentUrl":"https:\/\/casabenissa.nl\/wp-content\/uploads\/2023\/09\/villa_exterior.webp","width":800,"height":600},{"@type":"BreadcrumbList","@id":"https:\/\/casabenissa.nl\/es\/formacion-en-la-costa-blanca-espana\/nlp-practitioner-5-dias\/#breadcrumb","itemListElement":[{"@type":"ListItem","position":1,"name":"Home","item":"https:\/\/vh2023izdeb-0.hosting-space.nl\/"},{"@type":"ListItem","position":2,"name":"Trainingen in Costa Blanca, Spanje","item":"https:\/\/casabenissa.nl\/es\/formacion-en-la-costa-blanca-espana\/"},{"@type":"ListItem","position":3,"name":"NLP\u00a0Practitioner"}]},{"@type":"WebSite","@id":"https:\/\/vh2023izdeb-0.hosting-space.nl\/#website","url":"https:\/\/vh2023izdeb-0.hosting-space.nl\/","name":"Casa Benissa | Centro de formaci\u00f3n en Espa\u00f1a","description":"Lugar de entrenamiento en Costa Blanca - Espa\u00f1a","publisher":{"@id":"https:\/\/vh2023izdeb-0.hosting-space.nl\/#organization"},"alternateName":"Huur een trainingslocatie in de Costa Blanca","potentialAction":[{"@type":"SearchAction","target":{"@type":"EntryPoint","urlTemplate":"https:\/\/vh2023izdeb-0.hosting-space.nl\/?s={search_term_string}"},"query-input":{"@type":"PropertyValueSpecification","valueRequired":true,"valueName":"search_term_string"}}],"inLanguage":"es"},{"@type":"Organization","@id":"https:\/\/vh2023izdeb-0.hosting-space.nl\/#organization","name":"Casa Benissa","url":"https:\/\/vh2023izdeb-0.hosting-space.nl\/","logo":{"@type":"ImageObject","inLanguage":"es","@id":"https:\/\/vh2023izdeb-0.hosting-space.nl\/#\/schema\/logo\/image\/","url":"https:\/\/casabenissa.nl\/wp-content\/uploads\/Casa-benissa-logo.png","contentUrl":"https:\/\/casabenissa.nl\/wp-content\/uploads\/Casa-benissa-logo.png","width":600,"height":300,"caption":"Casa Benissa"},"image":{"@id":"https:\/\/vh2023izdeb-0.hosting-space.nl\/#\/schema\/logo\/image\/"}}]}},"_links":{"self":[{"href":"https:\/\/casabenissa.nl\/es\/wp-json\/wp\/v2\/pages\/24","targetHints":{"allow":["GET"]}}],"collection":[{"href":"https:\/\/casabenissa.nl\/es\/wp-json\/wp\/v2\/pages"}],"about":[{"href":"https:\/\/casabenissa.nl\/es\/wp-json\/wp\/v2\/types\/page"}],"author":[{"embeddable":true,"href":"https:\/\/casabenissa.nl\/es\/wp-json\/wp\/v2\/users\/1"}],"replies":[{"embeddable":true,"href":"https:\/\/casabenissa.nl\/es\/wp-json\/wp\/v2\/comments?post=24"}],"version-history":[{"count":0,"href":"https:\/\/casabenissa.nl\/es\/wp-json\/wp\/v2\/pages\/24\/revisions"}],"up":[{"embeddable":true,"href":"https:\/\/casabenissa.nl\/es\/wp-json\/wp\/v2\/pages\/15"}],"wp:featuredmedia":[{"embeddable":true,"href":"https:\/\/casabenissa.nl\/es\/wp-json\/wp\/v2\/media\/961"}],"wp:attachment":[{"href":"https:\/\/casabenissa.nl\/es\/wp-json\/wp\/v2\/media?parent=24"}],"curies":[{"name":"gracias","href":"https:\/\/api.w.org\/{rel}","templated":true}]}}