{"id":22,"date":"2023-09-05T07:12:22","date_gmt":"2023-09-05T07:12:22","guid":{"rendered":"https:\/\/vh2023izdeb-0.hosting-space.nl\/?page_id=22"},"modified":"2023-12-14T08:53:35","modified_gmt":"2023-12-14T08:53:35","slug":"systemisch-coaching","status":"publish","type":"page","link":"https:\/\/casabenissa.nl\/es\/formacion-en-la-costa-blanca-espana\/coaching-sistemico\/","title":{"rendered":"Coaching sist\u00e9mico"},"content":{"rendered":"\n\t\t<div id=\"fws_69f28c80c4cba\"  data-column-margin=\"default\" data-midnight=\"dark\"  class=\"wpb_row vc_row-fluid vc_row\"  style=\"padding-top: 0px; padding-bottom: 0px; \"><div class=\"row-bg-wrap\" data-bg-animation=\"none\" data-bg-animation-delay=\"\" data-bg-overlay=\"false\"><div class=\"inner-wrap row-bg-layer\" ><div class=\"row-bg viewport-desktop\"  style=\"\"><\/div><\/div><\/div><div class=\"row_col_wrap_12 col span_12 dark left\">\n\t<div  class=\"vc_col-sm-12 wpb_column column_container vc_column_container col no-extra-padding force-desktop-text-align-center inherit_tablet inherit_phone \"  data-padding-pos=\"all\" data-has-bg-color=\"false\" data-bg-color=\"\" data-bg-opacity=\"1\" data-animation=\"\" data-delay=\"0\" >\n\t\t<div class=\"vc_column-inner\" >\n\t\t\t<div class=\"wpb_wrapper\">\n\t\t\t\t<div id=\"fws_69f28c80c56f3\" data-midnight=\"\" data-column-margin=\"none\" class=\"wpb_row vc_row-fluid vc_row inner_row  vc_custom_1694064247060\"  style=\"\"><div class=\"row-bg-wrap\"> <div class=\"row-bg\" ><\/div> <\/div><div class=\"row_col_wrap_12_inner col span_12  center\">\n\t<div  class=\"vc_col-sm-12 wpb_column column_container vc_column_container col child_column no-extra-padding el_spacing_0px inherit_tablet no-extra-padding_phone \"   data-border-radius=\"10px\" data-border-animation=\"\" data-border-animation-delay=\"\" data-border-width=\"1px\" data-border-style=\"solid\" data-border-color=\"#d1d1d1\" data-padding-pos=\"all\" data-has-bg-color=\"false\" data-bg-color=\"\" data-bg-opacity=\"1\" data-animation=\"\" data-delay=\"0\" >\n\t\t<div class=\"vc_column-inner\" style=\"border: 1px solid #d1d1d1;\">\n\t\t<div class=\"wpb_wrapper\">\n\t\t\t<style type=\"text\/css\">#nectar-slider-instance-1, #nectar-slider-instance-1 .swiper-container { min-height: 500px; } <\/style><div  data-transition=\"slide\" data-overall_style=\"classic\" data-flexible-height=\"true\" data-animate-in-effect=\"none\" data-fullscreen=\"false\" data-button-sizing=\"large\" data-button-styling=\"btn_with_count\" data-autorotate=\"\" data-parallax=\"false\" data-parallax-disable-mobile=\"\" data-caption-trans=\"none\" data-parallax-style=\"bg_only\" data-bg-animation=\"none\" data-full-width=\"false\" class=\"nectar-slider-wrap \" id=\"nectar-slider-instance-1\"><div class=\"swiper-container\"  data-tho=\"auto\" data-tco=\"auto\" data-pho=\"auto\" data-pco=\"auto\" data-loop=\"false\" data-height=\"650\" data-min-height=\"500\" data-arrows=\"false\" data-bullets=\"false\" data-bullet_style=\"see_through\" data-bullet_position=\"bottom\" data-desktop-swipe=\"false\" data-settings=\"\"> <div class=\"swiper-wrapper\"><div class=\"swiper-slide\" data-desktop-content-width=\"auto\" data-tablet-content-width=\"auto\" data-bg-alignment=\"bottom\" data-color-scheme=\"light\" data-x-pos=\"left\" data-y-pos=\"middle\" ><div class=\"slide-bg-wrap\"><div class=\"image-bg\" data-nectar-img-src=\"https:\/\/casabenissa.nl\/wp-content\/uploads\/Penon-de-Ifach-wandelroute.webp\"> &nbsp; <\/div><\/div><div class=\"container\">\n\t\t\t\t\t\t<div class=\"content\"><h1 class=\"ns-heading-el\">Systemisch Coaching<\/h1><p  ><span><h3>Ben jij degene die de patronen van de geschiedenis doorbreekt en daarmee de geschiedenis en de toekomst heelt?\r\n\r\n \r\n\r\nIn deze opleiding ga je heel bewust kijken naar jouw systeem en ontwikkelde gedragspatronen. Door o.a. systemische (familie) opstellingen sta je stil bij jouw relaties en onderzoek je of er patronen zijn die niet meer versterkend zijn voor jou.\r\n\r\n \r\n\r\nHerken je dat, dat je iets doet omdat je het altijd zo hebt gedaan? Je weet niet beter. Totdat je opeens een manier vindt en ervaart dat die eigenlijk veel beter bij je past.<\/h3><\/span><\/p><\/div>\n\t\t\t\t\t\t\t\t<\/div><!--\/container--><div class=\"video-texture \"> <span class=\"ie-fix\"><\/span> <\/div><\/div> <!--\/swiper-slide--><\/div><div class=\"nectar-slider-loading \"> <span class=\"loading-icon none\">   <\/span> <\/div> <\/div> \n\t\t\t\t\t\n\t\t\t\t\t<\/div>\n\t\t<\/div> \n\t<\/div>\n\t<\/div> \n<\/div><\/div><div class=\"divider-wrap\" data-alignment=\"default\"><div style=\"height: 25px;\" class=\"divider\"><\/div><\/div><div id=\"fws_69f28c80c7edd\" data-midnight=\"\" data-column-margin=\"default\" class=\"wpb_row vc_row-fluid vc_row inner_row\"  style=\"\"><div class=\"row-bg-wrap\"> <div class=\"row-bg\" ><\/div> <\/div><div class=\"row_col_wrap_12_inner col span_12  left\">\n\t<div  class=\"vc_col-sm-12 wpb_column column_container vc_column_container col child_column padding-2-percent el_spacing_0px inherit_tablet inherit_phone \"   data-border-radius=\"10px\" data-border-animation=\"\" data-border-animation-delay=\"\" data-border-width=\"1px\" data-border-style=\"solid\" data-border-color=\"#d1d1d1\" data-padding-pos=\"all\" data-has-bg-color=\"false\" data-bg-color=\"\" data-bg-opacity=\"1\" data-animation=\"\" data-delay=\"0\" >\n\t\t<div class=\"vc_column-inner\" style=\"border: 1px solid #d1d1d1;\">\n\t\t<div class=\"wpb_wrapper\">\n\t\t\t\n<div class=\"wpb_text_column wpb_content_element \" >\n\t<div class=\"wpb_wrapper\">\n\t\t<h3 style=\"text-align: left;\"><strong>De basisopleiding familieopstelling<\/strong>\u00a0is een 5-daagse training op \u00e9\u00e9n van de mooiste trainingslocaties van Spanje.<\/h3>\n\t<\/div>\n<\/div>\n\n\n\n\n\t\t<\/div> \n\t<\/div>\n\t<\/div> \n<\/div><\/div><h2 style=\"font-size: 40px;text-align: center;font-family:Waiting for the Sunrise;font-weight:400;font-style:normal\" class=\"vc_custom_heading vc_do_custom_heading\" >Kies voor jezelf en geef jezelf dit mooie cadeau!<\/h2>\n\t\t\t<\/div> \n\t\t<\/div>\n\t<\/div> \n<\/div><\/div>\n\t\t<div id=\"fws_69f28c80c9940\"  data-column-margin=\"default\" data-midnight=\"dark\"  class=\"wpb_row vc_row-fluid vc_row vc_row-o-equal-height vc_row-flex vc_row-o-content-top\"  style=\"padding-top: 0px; padding-bottom: 0px; \"><div class=\"row-bg-wrap\" data-bg-animation=\"none\" data-bg-animation-delay=\"\" data-bg-overlay=\"false\"><div class=\"inner-wrap row-bg-layer\" ><div class=\"row-bg viewport-desktop\"  style=\"\"><\/div><\/div><\/div><div class=\"row_col_wrap_12 col span_12 dark left\">\n\t<div  class=\"vc_col-sm-6 wpb_column column_container vc_column_container col padding-2-percent inherit_tablet inherit_phone \"  data-border-radius=\"10px\" data-border-animation=\"\" data-border-animation-delay=\"\" data-border-width=\"1px\" data-border-style=\"solid\" data-border-color=\"#d1d1d1\" data-padding-pos=\"all\" data-has-bg-color=\"false\" data-bg-color=\"\" data-bg-opacity=\"1\" data-animation=\"\" data-delay=\"0\" >\n\t\t<div class=\"vc_column-inner\" style=\"border: 1px solid #d1d1d1;\">\n\t\t\t<div class=\"wpb_wrapper\">\n\t\t\t\t<div class=\"nectar-highlighted-text\" data-style=\"full_text\" data-exp=\"default\" data-using-custom-color=\"false\" data-animation-delay=\"false\" data-color=\"\" data-color-gradient=\"\" style=\"\"><h2>Waarom deze training?<\/h2>\n<\/div>\n<div class=\"wpb_text_column wpb_content_element \" >\n\t<div class=\"wpb_wrapper\">\n\t\t<h3><i>Systemisch kijken naar je patronen<\/i><\/h3>\n<p>Werk, relaties, opvoeden, geld. Zomaar wat onderwerpen waar een groot deel van onze tijd naartoe gaat. Als het goed is, geeft dit energie, inspiratie en betekenis aan je leven. Maar wat als je op een van deze vlakken stagnatie ervaart? Waardoor het wellicht meer voelt als vermoeid, routine, ballen in de lucht houden? Soms gaat zo\u2019n fase vanzelf over, maar vaak voel je wel dat het tijd is om een nieuw proces in gang te zetten voor je persoonlijke ontwikkeling.<\/p>\n<h3><i>Voor iedereen die meer vrijheid wil<\/i><\/h3>\n<p>De opleiding Systemisch Werk 1 helpt je daarbij. Hoe? Door te kijken welke patronen je van jongs af aan hebt meegekregen, bewust maar vooral onbewust. Die maken dat je nu nog doet wat je doet en die maken dat je in je huidige leven reageert zoals je reageert, en daarmee de resultaten boekt zoals je ze boekt. Systemisch Werk maakt onder andere gebruik van familie-opstellingen. Het helpt je te zien hoe je steeds weer loyaal bent aan de regels waarmee je bent opgegroeid. Hoe die je soms beperken en hoe je daarin meer vrij kunt worden.<\/p>\n\t<\/div>\n<\/div>\n\n\n\n\n\t\t\t<\/div> \n\t\t<\/div>\n\t<\/div> \n\n\t<div  class=\"vc_col-sm-6 wpb_column column_container vc_column_container col no-extra-padding inherit_tablet inherit_phone \"  data-padding-pos=\"all\" data-has-bg-color=\"false\" data-bg-color=\"\" data-bg-opacity=\"1\" data-animation=\"\" data-delay=\"0\" >\n\t\t<div class=\"vc_column-inner\" >\n\t\t\t<div class=\"wpb_wrapper\">\n\t\t\t\t<div id=\"fws_69f28c80ca93f\" data-midnight=\"\" data-column-margin=\"default\" class=\"wpb_row vc_row-fluid vc_row inner_row vc_row-o-content-top\"  style=\"\"><div class=\"row-bg-wrap\"> <div class=\"row-bg\" ><\/div> <\/div><div class=\"row_col_wrap_12_inner col span_12  left\">\n\t<div  class=\"vc_col-sm-12 wpb_column column_container vc_column_container col child_column no-extra-padding inherit_tablet inherit_phone \"   data-padding-pos=\"all\" data-has-bg-color=\"false\" data-bg-color=\"\" data-bg-opacity=\"1\" data-animation=\"\" data-delay=\"0\" >\n\t\t<div class=\"vc_column-inner\" >\n\t\t<div class=\"wpb_wrapper\">\n\t\t\t<div class=\"img-with-aniamtion-wrap  custom-size\" data-max-width=\"custom\" data-max-width-mobile=\"default\" data-border-radius=\"10px\" data-shadow=\"none\" data-animation=\"none\" >\n      <div class=\"inner\">\n        <div class=\"hover-wrap\"> \n          <div class=\"hover-wrap-inner\">\n            <img loading=\"lazy\" decoding=\"async\" class=\"img-with-animation skip-lazy\" data-delay=\"0\" height=\"800\" width=\"1500\" data-animation=\"none\" src=\"https:\/\/casabenissa.nl\/wp-content\/uploads\/wandelen-langs-de-starden-van-spanje.jpeg\" alt=\"wandelen langs de starden van spanje\" srcset=\"https:\/\/casabenissa.nl\/wp-content\/uploads\/wandelen-langs-de-starden-van-spanje.jpeg 1500w, https:\/\/casabenissa.nl\/wp-content\/uploads\/wandelen-langs-de-starden-van-spanje-600x320.jpeg 600w, https:\/\/casabenissa.nl\/wp-content\/uploads\/wandelen-langs-de-starden-van-spanje-300x160.jpeg 300w, https:\/\/casabenissa.nl\/wp-content\/uploads\/wandelen-langs-de-starden-van-spanje-1024x546.jpeg 1024w, https:\/\/casabenissa.nl\/wp-content\/uploads\/wandelen-langs-de-starden-van-spanje-768x410.jpeg 768w\" sizes=\"auto, (max-width: 1500px) 100vw, 1500px\" \/>\n          <\/div>\n        <\/div>\n      <\/div>\n    <\/div>\n\t\t<\/div> \n\t<\/div>\n\t<\/div> \n<\/div><\/div>\n\t\t\t<\/div> \n\t\t<\/div>\n\t<\/div> \n<\/div><\/div>\n\t\t<div id=\"fws_69f28c80cba78\"  data-column-margin=\"default\" data-midnight=\"dark\"  class=\"wpb_row vc_row-fluid vc_row\"  style=\"padding-top: 0px; padding-bottom: 0px; \"><div class=\"row-bg-wrap\" data-bg-animation=\"none\" data-bg-animation-delay=\"\" data-bg-overlay=\"false\"><div class=\"inner-wrap row-bg-layer\" ><div class=\"row-bg viewport-desktop\"  style=\"\"><\/div><\/div><\/div><div class=\"row_col_wrap_12 col span_12 dark left\">\n\t<div  class=\"vc_col-sm-12 wpb_column column_container vc_column_container col padding-2-percent inherit_tablet inherit_phone \"  data-border-radius=\"10px\" data-padding-pos=\"all\" data-has-bg-color=\"false\" data-bg-color=\"\" data-bg-opacity=\"1\" data-animation=\"\" data-delay=\"0\" >\n\t\t<div class=\"vc_column-inner\" >\n\t\t\t<div class=\"wpb_wrapper\">\n\t\t\t\t<div class=\"nectar-highlighted-text\" data-style=\"full_text\" data-exp=\"default\" data-using-custom-color=\"false\" data-animation-delay=\"false\" data-color=\"\" data-color-gradient=\"\" style=\"\"><h2>Wat kan je verwachten?<\/h2>\n<\/div>\n\t\t\t<\/div> \n\t\t<\/div>\n\t<\/div> \n<\/div><\/div>\n\t\t<div id=\"fws_69f28c80cc3d0\"  data-column-margin=\"default\" data-midnight=\"dark\"  class=\"wpb_row vc_row-fluid vc_row vc_row-o-equal-height vc_row-flex\"  style=\"padding-top: 0px; padding-bottom: 0px; \"><div class=\"row-bg-wrap\" data-bg-animation=\"none\" data-bg-animation-delay=\"\" data-bg-overlay=\"false\"><div class=\"inner-wrap row-bg-layer\" ><div class=\"row-bg viewport-desktop\"  style=\"\"><\/div><\/div><\/div><div class=\"row_col_wrap_12 col span_12 dark center\">\n\t<div  class=\"vc_col-sm-6 wpb_column column_container vc_column_container col padding-2-percent inherit_tablet inherit_phone \"  data-border-radius=\"10px\" data-border-animation=\"\" data-border-animation-delay=\"\" data-border-width=\"1px\" data-border-style=\"solid\" data-border-color=\"#d1d1d1\" data-padding-pos=\"all\" data-has-bg-color=\"false\" data-bg-color=\"\" data-bg-opacity=\"1\" data-animation=\"\" data-delay=\"0\" >\n\t\t<div class=\"vc_column-inner\" style=\"border: 1px solid #d1d1d1;\">\n\t\t\t<div class=\"wpb_wrapper\">\n\t\t\t\t\n<div class=\"wpb_text_column wpb_content_element \" >\n\t<div class=\"wpb_wrapper\">\n\t\t\t<\/div>\n<\/div>\n\n\n\n<div class=\"img-with-aniamtion-wrap \" data-max-width=\"100%\" data-max-width-mobile=\"default\" data-border-radius=\"10px\" data-shadow=\"none\" data-animation=\"none\" >\n      <div class=\"inner\">\n        <div class=\"hover-wrap\"> \n          <div class=\"hover-wrap-inner\">\n            <img loading=\"lazy\" decoding=\"async\" class=\"img-with-animation skip-lazy\" data-delay=\"0\" height=\"1536\" width=\"2048\" data-animation=\"none\" src=\"https:\/\/casabenissa.nl\/wp-content\/uploads\/Naja-Trainingslocatie-Back-to-the-wild.jpg\" alt=\"Naja Trainingslocatie Back to the wild\" srcset=\"https:\/\/casabenissa.nl\/wp-content\/uploads\/Naja-Trainingslocatie-Back-to-the-wild.jpg 2048w, https:\/\/casabenissa.nl\/wp-content\/uploads\/Naja-Trainingslocatie-Back-to-the-wild-600x450.jpg 600w, https:\/\/casabenissa.nl\/wp-content\/uploads\/Naja-Trainingslocatie-Back-to-the-wild-300x225.jpg 300w, https:\/\/casabenissa.nl\/wp-content\/uploads\/Naja-Trainingslocatie-Back-to-the-wild-1024x768.jpg 1024w, https:\/\/casabenissa.nl\/wp-content\/uploads\/Naja-Trainingslocatie-Back-to-the-wild-768x576.jpg 768w, https:\/\/casabenissa.nl\/wp-content\/uploads\/Naja-Trainingslocatie-Back-to-the-wild-1536x1152.jpg 1536w\" sizes=\"auto, (max-width: 2048px) 100vw, 2048px\" \/>\n          <\/div>\n        <\/div>\n      <\/div>\n    <\/div>\n\t\t\t<\/div> \n\t\t<\/div>\n\t<\/div> \n\n\t<div  class=\"vc_col-sm-6 wpb_column column_container vc_column_container col padding-2-percent inherit_tablet inherit_phone \"  data-border-radius=\"10px\" data-border-animation=\"\" data-border-animation-delay=\"\" data-border-width=\"1px\" data-border-style=\"solid\" data-border-color=\"#d1d1d1\" data-padding-pos=\"all\" data-has-bg-color=\"false\" data-bg-color=\"\" data-bg-opacity=\"1\" data-animation=\"\" data-delay=\"0\" >\n\t\t<div class=\"vc_column-inner\" style=\"border: 1px solid #d1d1d1;\">\n\t\t\t<div class=\"wpb_wrapper\">\n\t\t\t\t\n<div class=\"wpb_text_column wpb_content_element \" >\n\t<div class=\"wpb_wrapper\">\n\t\t<h3 style=\"text-align: left;\"><i>Ruimte voor verandering<\/i><\/h3>\n<p style=\"text-align: left;\">Bij Systemisch Werk 1 leer je de systeemdynamieken uit je eigen familiesysteem en die van anderen herkennen. Vaak zijn er op onbewust niveau veel zaken die maken dat we steeds weer in dezelfde valkuilen stappen. Te hard werken, je steeds maar schuldig voelen, niet genoeg zelfvertrouwen, alles willen controleren, of juist steeds maar met kracht en een grote waffel je door dingen heen bluffen. Allemaal patronen die energieverlies geven. Energie die je in kan zetten voor positieve dingen, om je leven vorm te geven zoals je het echt wil.<\/p>\n<h3 style=\"text-align: left;\"><i>Familieopstellingen<\/i><\/h3>\n<p style=\"text-align: left;\">Vaak spelen er veel onbewuste patronen bij jezelf of in een systeem. Door dat onbewuste deel bewust te maken door familieopstellingen, komt er ruimte voor verandering. Ga je herkennen dat je \u2018het weer doet\u2019. Maar ga je ook op je werk of bij anderen, collega\u2019s, je partner, je kinderen, zien hoe onhandig gedrag systemisch verklaarbaar is. Dat maakt mensen vaak milder over zichzelf en naar anderen toe. Luister naar deze podcast en merk eens hoe systemisch werk gaat over jou in het hier en nu van je leven:<\/p>\n\t<\/div>\n<\/div>\n\n\n\n\n\t\t\t<\/div> \n\t\t<\/div>\n\t<\/div> \n<\/div><\/div>\n\t\t<div id=\"fws_69f28c80cd671\"  data-column-margin=\"default\" data-midnight=\"dark\"  class=\"wpb_row vc_row-fluid vc_row\"  style=\"padding-top: 0px; padding-bottom: 0px; \"><div class=\"row-bg-wrap\" data-bg-animation=\"none\" data-bg-animation-delay=\"\" data-bg-overlay=\"false\"><div class=\"inner-wrap row-bg-layer\" ><div class=\"row-bg viewport-desktop\"  style=\"\"><\/div><\/div><\/div><div class=\"row_col_wrap_12 col span_12 dark center\">\n\t<div style=\"margin-top: 10px; margin-bottom: -20px; \" class=\"vc_col-sm-12 wpb_column column_container vc_column_container col no-extra-padding inherit_tablet inherit_phone \"  data-border-radius=\"10px\" data-padding-pos=\"all\" data-has-bg-color=\"false\" data-bg-color=\"\" data-bg-opacity=\"1\" data-animation=\"\" data-delay=\"0\" >\n\t\t<div class=\"vc_column-inner\" >\n\t\t\t<div class=\"wpb_wrapper\">\n\t\t\t\t<a class=\"nectar-button jumbo see-through-2  wpb_animate_when_almost_visible wpb_bounce bounce\"  role=\"button\" style=\"margin-right: 20px; border-color: #000000; color: #000000;\"  href=\"\/contact\/\" data-color-override=\"#000000\"  data-hover-color-override=\"#d5e6f6\" data-hover-text-color-override=\"#000000\"><span>Ik heb een vraag<\/span><\/a><a class=\"nectar-button jumbo see-through-2  wpb_animate_when_almost_visible wpb_swing swing\"  role=\"button\" style=\"border-color: #000000; color: #000000;\"  href=\"\/inschrijven\/\" data-color-override=\"#000000\"  data-hover-color-override=\"#d4e8cc\" data-hover-text-color-override=\"#000000\"><span>Ik wil mee!<\/span><\/a>\n\t\t\t<\/div> \n\t\t<\/div>\n\t<\/div> \n<\/div><\/div>\n\t\t<div id=\"fws_69f28c80ce626\"  data-column-margin=\"default\" data-midnight=\"dark\"  class=\"wpb_row vc_row-fluid vc_row\"  style=\"padding-top: 0px; padding-bottom: 0px; \"><div class=\"row-bg-wrap\" data-bg-animation=\"none\" data-bg-animation-delay=\"\" data-bg-overlay=\"false\"><div class=\"inner-wrap row-bg-layer\" ><div class=\"row-bg viewport-desktop\"  style=\"\"><\/div><\/div><\/div><div class=\"row_col_wrap_12 col span_12 dark left\">\n\t<div  class=\"vc_col-sm-12 wpb_column column_container vc_column_container col no-extra-padding inherit_tablet inherit_phone \"  data-padding-pos=\"all\" data-has-bg-color=\"false\" data-bg-color=\"\" data-bg-opacity=\"1\" data-animation=\"\" data-delay=\"0\" >\n\t\t<div class=\"vc_column-inner\" >\n\t\t\t<div class=\"wpb_wrapper\">\n\t\t\t\t<div class=\"divider-wrap\" data-alignment=\"default\"><div style=\"height: 20px;\" class=\"divider\"><\/div><\/div><div class=\"nectar-highlighted-text\" data-style=\"full_text\" data-exp=\"default\" data-using-custom-color=\"false\" data-animation-delay=\"false\" data-color=\"\" data-color-gradient=\"\" style=\"\"><h2>Hoe kan je week eruit zien?<\/h2>\n<\/div>\n\t\t\t<\/div> \n\t\t<\/div>\n\t<\/div> \n<\/div><\/div>\n\t\t<div id=\"fws_69f28c80cf0e9\"  data-column-margin=\"default\" data-midnight=\"dark\"  class=\"wpb_row vc_row-fluid vc_row vc_row-o-equal-height vc_row-flex\"  style=\"padding-top: 0px; padding-bottom: 0px; \"><div class=\"row-bg-wrap\" data-bg-animation=\"none\" data-bg-animation-delay=\"\" data-bg-overlay=\"false\"><div class=\"inner-wrap row-bg-layer\" ><div class=\"row-bg viewport-desktop\"  style=\"\"><\/div><\/div><\/div><div class=\"row_col_wrap_12 col span_12 dark center\">\n\t<div style=\"\" class=\"vc_col-sm-6 wpb_column column_container vc_column_container col padding-2-percent inherit_tablet inherit_phone \" data-using-bg=\"true\" data-border-radius=\"10px\" data-border-animation=\"\" data-border-animation-delay=\"\" data-border-width=\"1px\" data-border-style=\"solid\" data-border-color=\"#d5e6f6\" data-padding-pos=\"all\" data-has-bg-color=\"true\" data-bg-color=\"#d5e6f6\" data-bg-opacity=\"1\" data-animation=\"\" data-delay=\"0\" >\n\t\t<div class=\"vc_column-inner\" style=\"border: 1px solid #d5e6f6;\"><div class=\"column-bg-overlay-wrap column-bg-layer\" data-bg-animation=\"none\"><div class=\"column-bg-overlay\" style=\"opacity: 1; background-color: #d5e6f6;\"><\/div><\/div>\n\t\t\t<div class=\"wpb_wrapper\">\n\t\t\t\t\n<div class=\"wpb_text_column wpb_content_element \" >\n\t<div class=\"wpb_wrapper\">\n\t\t<h3 style=\"text-align: left;\"><strong>Dag voor de cursus<\/strong><\/h3>\n<ul style=\"text-align: left;\">\n<li>Ontvangst vliegveld Alicante Airport<\/li>\n<li>Vervoer naar villa<\/li>\n<li>Ontvangst met de cava en meet and greet<\/li>\n<li>Duik in het zwembad<\/li>\n<li>Rond 20u wordt het avondeten geserveerd<\/li>\n<\/ul>\n<h3 style=\"text-align: left;\"><strong>Dag 1: Inleiding tot Familieopstellingen<\/strong><\/h3>\n<ul style=\"text-align: left;\">\n<li>Ochtend:\n<ul>\n<li>Introductie tot familieopstellingen: geschiedenis en principes<\/li>\n<\/ul>\n<\/li>\n<li>Middag:\n<ul>\n<li>Systemisch denken en de impact op ons leven<\/li>\n<li>Lunchpauze<\/li>\n<\/ul>\n<\/li>\n<li>Avond:\n<ul>\n<li>Praktische oefeningen en demonstraties<\/li>\n<li>Zelfreflectie en groepsbespreking<\/li>\n<\/ul>\n<\/li>\n<\/ul>\n<h3 style=\"text-align: left;\"><strong>Dag 2: Familiegeschiedenis en Dynamieken<\/strong><\/h3>\n<ul style=\"text-align: left;\">\n<li>Ochtend:\n<ul>\n<li>Herhaling en vragen van dag 1<\/li>\n<li>Het belang van familiegeschiedenis en patronen<\/li>\n<\/ul>\n<\/li>\n<li>Middag:\n<ul>\n<li>Systemische dynamieken in families<\/li>\n<\/ul>\n<\/li>\n<li>Avond:\n<ul>\n<li>Oefeningen in het identificeren van familie dynamieken<\/li>\n<li>Individuele en groepsopstellingen<\/li>\n<\/ul>\n<\/li>\n<\/ul>\n<h3 style=\"text-align: left;\"><strong>Dag 3: Opstellingen in de Praktijk<\/strong><\/h3>\n<ul>\n<li style=\"text-align: left;\">Ochtend:\n<ul>\n<li>Herhaling en vragen van dag 2<\/li>\n<li>Begeleiden van opstellingen: rollen van de facilitator<\/li>\n<\/ul>\n<\/li>\n<li style=\"text-align: left;\">Middag:\n<ul>\n<li>Ethiek en verantwoordelijkheid in familieopstellingen<\/li>\n<\/ul>\n<\/li>\n<li style=\"text-align: left;\">Avond:\n<ul>\n<li style=\"text-align: left;\">Beoefening van opstellingswerk in kleine groepen<\/li>\n<li style=\"text-align: left;\">Feedback en evaluatie van oefeningen<\/li>\n<\/ul>\n<\/li>\n<\/ul>\n\t<\/div>\n<\/div>\n\n\n\n\n\t\t\t<\/div> \n\t\t<\/div>\n\t<\/div> \n\n\t<div style=\"\" class=\"vc_col-sm-6 wpb_column column_container vc_column_container col padding-2-percent force-desktop-text-align-left inherit_tablet inherit_phone \" data-using-bg=\"true\" data-border-radius=\"10px\" data-border-animation=\"\" data-border-animation-delay=\"\" data-border-width=\"1px\" data-border-style=\"solid\" data-border-color=\"#d5e6f6\" data-padding-pos=\"all\" data-has-bg-color=\"true\" data-bg-color=\"#d5e6f6\" data-bg-opacity=\"1\" data-animation=\"\" data-delay=\"0\" >\n\t\t<div class=\"vc_column-inner\" style=\"border: 1px solid #d5e6f6;\"><div class=\"column-bg-overlay-wrap column-bg-layer\" data-bg-animation=\"none\"><div class=\"column-bg-overlay\" style=\"opacity: 1; background-color: #d5e6f6;\"><\/div><\/div>\n\t\t\t<div class=\"wpb_wrapper\">\n\t\t\t\t\n<div class=\"wpb_text_column wpb_content_element \" >\n\t<div class=\"wpb_wrapper\">\n\t\t<h3><strong>Dag 4: Diepere Verkenningen<\/strong><\/h3>\n<ul>\n<li>Ochtend:\n<ul>\n<li>Herhaling en vragen van dag 3<\/li>\n<li>Specifieke thema&#8217;s en complexe situaties in opstellingen<\/li>\n<\/ul>\n<\/li>\n<li>Middag:\n<ul>\n<li>Ziekte en gezondheid in systemisch perspectief<\/li>\n<\/ul>\n<\/li>\n<li>Avond:\n<ul>\n<li>Individuele opstellingen met diepere emotionele thema&#8217;s<\/li>\n<li>Bespreking en integratie van dag 4<\/li>\n<\/ul>\n<\/li>\n<\/ul>\n<h3><strong>Dag 5: Integratie en Afsluiting<\/strong><\/h3>\n<ul>\n<li>Ochtend:\n<ul>\n<li>Herhaling en vragen van dag 4<\/li>\n<li>Integratie van opstellingservaringen<\/li>\n<\/ul>\n<\/li>\n<li>Middag:\n<ul>\n<li>Toepassingen van familieopstellingen in het dagelijks leven<\/li>\n<\/ul>\n<\/li>\n<li>Avond:\n<ul>\n<li>Certificaat uitreiking en afsluitende rituelen<\/li>\n<\/ul>\n<\/li>\n<\/ul>\n<h3 style=\"text-align: left;\"><strong>Dag na de cursus<\/strong><\/h3>\n<ul style=\"text-align: left;\">\n<li>Feedback en evaluatie van de opleiding<\/li>\n<li>Laatste duik in het zwembad<\/li>\n<li>Vervoer naar vliegveld<\/li>\n<\/ul>\n\t<\/div>\n<\/div>\n\n\n\n\n\t\t\t<\/div> \n\t\t<\/div>\n\t<\/div> \n<\/div><\/div>\n\t\t<div id=\"fws_69f28c80cff9f\"  data-column-margin=\"default\" data-midnight=\"dark\"  class=\"wpb_row vc_row-fluid vc_row\"  style=\"padding-top: 0px; padding-bottom: 0px; \"><div class=\"row-bg-wrap\" data-bg-animation=\"none\" data-bg-animation-delay=\"\" data-bg-overlay=\"false\"><div class=\"inner-wrap row-bg-layer\" ><div class=\"row-bg viewport-desktop\"  style=\"\"><\/div><\/div><\/div><div class=\"row_col_wrap_12 col span_12 dark left\">\n\t<div  class=\"vc_col-sm-12 wpb_column column_container vc_column_container col padding-2-percent inherit_tablet inherit_phone \"  data-border-radius=\"10px\" data-padding-pos=\"all\" data-has-bg-color=\"false\" data-bg-color=\"\" data-bg-opacity=\"1\" data-animation=\"\" data-delay=\"0\" >\n\t\t<div class=\"vc_column-inner\" >\n\t\t\t<div class=\"wpb_wrapper\">\n\t\t\t\t<div class=\"nectar-highlighted-text\" data-style=\"full_text\" data-exp=\"default\" data-using-custom-color=\"false\" data-animation-delay=\"false\" data-color=\"\" data-color-gradient=\"\" style=\"\"><h2>Wanneer is de volgende training gepland<\/h2>\n<\/div>\n<div class=\"wpb_text_column wpb_content_element \" >\n\t<div class=\"wpb_wrapper\">\n\t\t<p>[add_eventon_list number_of_months=&#8221;12&#8243; event_type=&#8221;22&#8243; hide_empty_months=&#8221;yes&#8221;]<\/p>\n\t<\/div>\n<\/div>\n\n\n\n\n\t\t\t<\/div> \n\t\t<\/div>\n\t<\/div> \n<\/div><\/div>\n\t\t<div id=\"fws_69f28c80d0a08\"  data-column-margin=\"default\" data-midnight=\"dark\"  class=\"wpb_row vc_row-fluid vc_row\"  style=\"padding-top: 0px; padding-bottom: 0px; \"><div class=\"row-bg-wrap\" data-bg-animation=\"none\" data-bg-animation-delay=\"\" data-bg-overlay=\"false\"><div class=\"inner-wrap row-bg-layer\" ><div class=\"row-bg viewport-desktop\"  style=\"\"><\/div><\/div><\/div><div class=\"row_col_wrap_12 col span_12 dark left\">\n\t<div  class=\"vc_col-sm-12 wpb_column column_container vc_column_container col padding-2-percent inherit_tablet inherit_phone \"  data-border-radius=\"10px\" data-padding-pos=\"all\" data-has-bg-color=\"false\" data-bg-color=\"\" data-bg-opacity=\"1\" data-animation=\"\" data-delay=\"0\" >\n\t\t<div class=\"vc_column-inner\" >\n\t\t\t<div class=\"wpb_wrapper\">\n\t\t\t\t<div class=\"nectar-highlighted-text\" data-style=\"full_text\" data-exp=\"default\" data-using-custom-color=\"false\" data-animation-delay=\"false\" data-color=\"\" data-color-gradient=\"\" style=\"\"><h2>Quanta Costa?<\/h2>\n<\/div>\n\t\t\t<\/div> \n\t\t<\/div>\n\t<\/div> \n<\/div><\/div>\n\t\t<div id=\"fws_69f28c80d12e2\"  data-column-margin=\"default\" data-midnight=\"dark\"  class=\"wpb_row vc_row-fluid vc_row vc_row-o-equal-height vc_row-flex\"  style=\"padding-top: 0px; padding-bottom: 0px; \"><div class=\"row-bg-wrap\" data-bg-animation=\"none\" data-bg-animation-delay=\"\" data-bg-overlay=\"false\"><div class=\"inner-wrap row-bg-layer\" ><div class=\"row-bg viewport-desktop\"  style=\"\"><\/div><\/div><\/div><div class=\"row_col_wrap_12 col span_12 dark left\">\n\t<div  class=\"vc_col-sm-6 wpb_column column_container vc_column_container col padding-2-percent inherit_tablet inherit_phone \"  data-border-radius=\"10px\" data-border-animation=\"\" data-border-animation-delay=\"\" data-border-width=\"1px\" data-border-style=\"solid\" data-border-color=\"#d1d1d1\" data-padding-pos=\"all\" data-has-bg-color=\"false\" data-bg-color=\"\" data-bg-opacity=\"1\" data-animation=\"\" data-delay=\"0\" >\n\t\t<div class=\"vc_column-inner\" style=\"border: 1px solid #d1d1d1;\">\n\t\t\t<div class=\"wpb_wrapper\">\n\t\t\t\t\n<div class=\"wpb_text_column wpb_content_element \" >\n\t<div class=\"wpb_wrapper\">\n\t\t<h3>Investering in jezelf<\/h3>\n<ul data-rte-list=\"default\">\n<li>\n<p class=\"\"><strong>\u20ac 1099,- <\/strong>all in Per Persoon incl. IVA en toeristenbelasting<\/p>\n<\/li>\n<\/ul>\n<p>Na betaling van de training is de aanvraag bindend.<\/p>\n<div class=\"rh-read-more-text show\" data-id=\"priceInfo\">\n<h4>Annuleringskosten<\/h4>\n<p>Indien je om welke reden dan ook, op de afgesproken datum niet kan, niet wil of niet zal aanvaarden, dient je ons hiervan onmiddelijk in kennis te stellen. Een telefonische mededeling hiervan dient schriftelijk of per e-mail te worden bevestigd.<\/p>\n<ul>\n<li>30% van het totaalbedrag bij annulering tot de 90e dag voor de aanvang van de huurperiode<\/li>\n<li>50% van het totaalbedrag bij annulering tussen de 89e tot 30e dag voor aanvang van de huurperiode<\/li>\n<li>100% van het totaalbedrag bij annulering minder dan 30 dagen voor aanvang huurperiode<\/li>\n<\/ul>\n<p>Wij raden je met klem aan een passende reis- &amp; annuleringsverzekering af te sluiting voor annulering, onderbreking of afbreking van de reis en ter dekking van schades en\/of calamiteiten.<\/p>\n<\/div>\n\t<\/div>\n<\/div>\n\n\n\n\n\t\t\t<\/div> \n\t\t<\/div>\n\t<\/div> \n\n\t<div  class=\"vc_col-sm-6 wpb_column column_container vc_column_container col padding-2-percent inherit_tablet inherit_phone \"  data-border-radius=\"10px\" data-border-animation=\"\" data-border-animation-delay=\"\" data-border-width=\"1px\" data-border-style=\"solid\" data-border-color=\"#d1d1d1\" data-padding-pos=\"all\" data-has-bg-color=\"false\" data-bg-color=\"\" data-bg-opacity=\"1\" data-animation=\"\" data-delay=\"0\" >\n\t\t<div class=\"vc_column-inner\" style=\"border: 1px solid #d1d1d1;\">\n\t\t\t<div class=\"wpb_wrapper\">\n\t\t\t\t\n<div class=\"wpb_text_column wpb_content_element \" >\n\t<div class=\"wpb_wrapper\">\n\t\t<h3>Inbegrepen<\/h3>\n<ul>\n<li>Alle dagen vervoer inclusief vervoer van en naar het vliegveld<\/li>\n<li>4X uitgebreid ontbijt &amp; lunch<\/li>\n<li>Diner op dag1, dag2 en dag4 (Avond dag 3 is vrije keuze)<\/li>\n<li>Eindfeest dag 5\n<div class=\"wpb_text_column wpb_content_element \">\n<div class=\"wpb_wrapper\"><\/div>\n<\/div>\n<\/li>\n<li>De hele dag gratis thee, koffie, water en frisdrank bij de trainingslocatie<\/li>\n<\/ul>\n\t<\/div>\n<\/div>\n\n\n\n<div class=\"divider-wrap\" data-alignment=\"default\"><div style=\"height: 25px;\" class=\"divider\"><\/div><\/div>\n<div class=\"wpb_text_column wpb_content_element \" >\n\t<div class=\"wpb_wrapper\">\n\t\t<h3>Niet inbegrepen<\/h3>\n<ul>\n<li>Vliegticket (Wij kunnen u wel adviseren welke luchthaven en welke maatschappij u het beste kunt nemen). Als u op tijd boekt, kost een retour +\/- \u20ac 150,-<\/li>\n<li>Overnachtingen. Wij kunnen de overnachting en vervoer naar trainingslocatie voor u regelen.<\/li>\n<li>Verse sappen, en alcoholische dranken worden verkocht tegen lokale lage prijzen<\/li>\n<li>Eat as the locals (Uitstapje 3e avond)<\/li>\n<\/ul>\n\t<\/div>\n<\/div>\n\n\n\n\n\t\t\t<\/div> \n\t\t<\/div>\n\t<\/div> \n<\/div><\/div>\n\t\t<div id=\"fws_69f28c80d23fd\"  data-column-margin=\"default\" data-midnight=\"dark\"  class=\"wpb_row vc_row-fluid vc_row\"  style=\"padding-top: 0px; padding-bottom: 0px; \"><div class=\"row-bg-wrap\" data-bg-animation=\"none\" data-bg-animation-delay=\"\" data-bg-overlay=\"false\"><div class=\"inner-wrap row-bg-layer\" ><div class=\"row-bg viewport-desktop\"  style=\"\"><\/div><\/div><\/div><div class=\"row_col_wrap_12 col span_12 dark left\">\n\t<div  class=\"vc_col-sm-12 wpb_column column_container vc_column_container col padding-2-percent inherit_tablet inherit_phone \"  data-border-radius=\"10px\" data-padding-pos=\"all\" data-has-bg-color=\"false\" data-bg-color=\"\" data-bg-opacity=\"1\" data-animation=\"\" data-delay=\"0\" >\n\t\t<div class=\"vc_column-inner\" >\n\t\t\t<div class=\"wpb_wrapper\">\n\t\t\t\t<div class=\"nectar-highlighted-text\" data-style=\"full_text\" data-exp=\"default\" data-using-custom-color=\"false\" data-animation-delay=\"false\" data-color=\"\" data-color-gradient=\"\" style=\"\"><h2>Wat levert deze training je op?<\/h2>\n<\/div>\n\t\t\t<\/div> \n\t\t<\/div>\n\t<\/div> \n<\/div><\/div>\n\t\t<div id=\"fws_69f28c80d2cd2\"  data-column-margin=\"default\" data-midnight=\"dark\"  class=\"wpb_row vc_row-fluid vc_row\"  style=\"padding-top: 0px; padding-bottom: 0px; \"><div class=\"row-bg-wrap\" data-bg-animation=\"none\" data-bg-animation-delay=\"\" data-bg-overlay=\"false\"><div class=\"inner-wrap row-bg-layer\" ><div class=\"row-bg viewport-desktop\"  style=\"\"><\/div><\/div><\/div><div class=\"row_col_wrap_12 col span_12 dark left\">\n\t<div  class=\"vc_col-sm-12 wpb_column column_container vc_column_container col padding-2-percent inherit_tablet inherit_phone \"  data-border-radius=\"10px\" data-border-animation=\"\" data-border-animation-delay=\"\" data-border-width=\"1px\" data-border-style=\"solid\" data-border-color=\"#d1d1d1\" data-padding-pos=\"all\" data-has-bg-color=\"false\" data-bg-color=\"\" data-bg-opacity=\"1\" data-animation=\"\" data-delay=\"0\" >\n\t\t<div class=\"vc_column-inner\" style=\"border: 1px solid #d1d1d1;\">\n\t\t\t<div class=\"wpb_wrapper\">\n\t\t\t\t\n<div class=\"wpb_text_column wpb_content_element \" >\n\t<div class=\"wpb_wrapper\">\n\t\t<p>Systemisch Werk is een heel eenvoudige tool en is voor iedereen die de dingen weer wil laten stromen in z\u2019n leven. Je gaat niet alleen veel kennis opdoen, inzichten krijgen maar vooral ook veel ervaren. De opleidingsdagen staat bol van de oefeningen, in kleinere groepen of plenair. Je zult ook veel ontdekken over jezelf, wat je direct toe kunt passen in bijvoorbeeld je partnerrelatie, sociale leven, opvoeding, werk en gezondheid. Als professional kun je alles wat je in deze Level 1 training leert direct gebruiken in coaching en trainingen.<\/p>\n<p>Voor iedereen die zich systemisch verder wil ontwikkelen, of dat nou is op persoonlijk vlak of als professional, kun je na de basis in Systemisch Werk 1 de volgende stap maken in de Level 2 opleiding\u00a0Systemisch Werk 2.<\/p>\n<h3>Systemisch Coachen<\/h3>\n<p>De level 3 opleiding\u00a0Systemisch Coachen\u00a0richt zich op hoe je alles wat je in Systemisch Werk 1 en 2 hebt geleerd, kunt inzetten als coach, trainer of \u2018begeleider van mensen\u2019. Je leert hoe je je systemisch denken en waarnemen verder kunt aanscherpen en welke technieken je tot je beschikking hebt om individueel systemisch te werken. Denk hierbij aan het doorgronden wat er nu eigenlijk echt aan de hand is, het gesprek voor je start met een opstelling, het doen van systemische visualisaties maar ook hoe je bijvoorbeeld in een klas, sportgroep of kantoorteam systemisch aan de knoppen kunt draaien.<\/p>\n\t<\/div>\n<\/div>\n\n\n\n\n\t\t\t<\/div> \n\t\t<\/div>\n\t<\/div> \n<\/div><\/div>\n\t\t<div id=\"fws_69f28c80d3553\"  data-column-margin=\"default\" data-midnight=\"dark\"  class=\"wpb_row vc_row-fluid vc_row\"  style=\"padding-top: 0px; padding-bottom: 0px; \"><div class=\"row-bg-wrap\" data-bg-animation=\"none\" data-bg-animation-delay=\"\" data-bg-overlay=\"false\"><div class=\"inner-wrap row-bg-layer\" ><div class=\"row-bg viewport-desktop\"  style=\"\"><\/div><\/div><\/div><div class=\"row_col_wrap_12 col span_12 dark center\">\n\t<div  class=\"vc_col-sm-12 wpb_column column_container vc_column_container col padding-2-percent inherit_tablet inherit_phone \"  data-border-radius=\"10px\" data-padding-pos=\"all\" data-has-bg-color=\"false\" data-bg-color=\"\" data-bg-opacity=\"1\" data-animation=\"\" data-delay=\"0\" >\n\t\t<div class=\"vc_column-inner\" >\n\t\t\t<div class=\"wpb_wrapper\">\n\t\t\t\t<a class=\"nectar-button jumbo see-through-2  wpb_animate_when_almost_visible wpb_bounce bounce\"  role=\"button\" style=\"margin-right: 20px; border-color: #000000; color: #000000;\"  href=\"\/contact\/\" data-color-override=\"#000000\"  data-hover-color-override=\"#d5e6f6\" data-hover-text-color-override=\"#000000\"><span>Is dit ook mogelijk?<\/span><\/a><a class=\"nectar-button jumbo see-through-2  wpb_animate_when_almost_visible wpb_swing swing\"  role=\"button\" style=\"border-color: #000000; color: #000000;\"  href=\"\/inschrijven\/\" data-color-override=\"#000000\"  data-hover-color-override=\"#d4e8cc\" data-hover-text-color-override=\"#000000\"><span>Let's do it!<\/span><\/a>\n\t\t\t<\/div> \n\t\t<\/div>\n\t<\/div> \n<\/div><\/div>\n","protected":false},"excerpt":{"rendered":"","protected":false},"author":1,"featured_media":1933,"parent":15,"menu_order":0,"comment_status":"closed","ping_status":"closed","template":"","meta":{"footnotes":""},"class_list":["post-22","page","type-page","status-publish","has-post-thumbnail"],"yoast_head":"<!-- This site is optimized with the Yoast SEO Premium plugin v21.3 (Yoast SEO v27.5) - https:\/\/yoast.com\/product\/yoast-seo-premium-wordpress\/ -->\n<title>Systemisch Coaching<\/title>\n<meta name=\"robots\" content=\"index, follow, max-snippet:-1, max-image-preview:large, max-video-preview:-1\" \/>\n<link rel=\"canonical\" href=\"https:\/\/casabenissa.nl\/es\/formacion-en-la-costa-blanca-espana\/coaching-sistemico\/\" \/>\n<meta property=\"og:locale\" content=\"es_ES\" \/>\n<meta property=\"og:type\" content=\"article\" \/>\n<meta property=\"og:title\" content=\"Systemisch Coaching\" \/>\n<meta property=\"og:url\" content=\"https:\/\/casabenissa.nl\/es\/formacion-en-la-costa-blanca-espana\/coaching-sistemico\/\" \/>\n<meta property=\"og:site_name\" content=\"Casa Benissa\" \/>\n<meta property=\"article:modified_time\" content=\"2023-12-14T08:53:35+00:00\" \/>\n<meta property=\"og:image\" content=\"https:\/\/casabenissa.nl\/wp-content\/uploads\/Cova-dels-Arcs.jpg\" \/>\n\t<meta property=\"og:image:width\" content=\"472\" \/>\n\t<meta property=\"og:image:height\" content=\"315\" \/>\n\t<meta property=\"og:image:type\" content=\"image\/jpeg\" \/>\n<meta name=\"twitter:card\" content=\"summary_large_image\" \/>\n<meta name=\"twitter:label1\" content=\"Tiempo de lectura\" \/>\n\t<meta name=\"twitter:data1\" content=\"11 minutos\" \/>\n<script type=\"application\/ld+json\" class=\"yoast-schema-graph\">{\"@context\":\"https:\\\/\\\/schema.org\",\"@graph\":[{\"@type\":\"WebPage\",\"@id\":\"https:\\\/\\\/casabenissa.nl\\\/es\\\/formacion-en-la-costa-blanca-espana\\\/coaching-sistemico\\\/\",\"url\":\"https:\\\/\\\/casabenissa.nl\\\/es\\\/formacion-en-la-costa-blanca-espana\\\/coaching-sistemico\\\/\",\"name\":\"Systemisch Coaching\",\"isPartOf\":{\"@id\":\"https:\\\/\\\/vh2023izdeb-0.hosting-space.nl\\\/#website\"},\"primaryImageOfPage\":{\"@id\":\"https:\\\/\\\/casabenissa.nl\\\/es\\\/formacion-en-la-costa-blanca-espana\\\/coaching-sistemico\\\/#primaryimage\"},\"image\":{\"@id\":\"https:\\\/\\\/casabenissa.nl\\\/es\\\/formacion-en-la-costa-blanca-espana\\\/coaching-sistemico\\\/#primaryimage\"},\"thumbnailUrl\":\"https:\\\/\\\/casabenissa.nl\\\/wp-content\\\/uploads\\\/Cova-dels-Arcs.jpg\",\"datePublished\":\"2023-09-05T07:12:22+00:00\",\"dateModified\":\"2023-12-14T08:53:35+00:00\",\"breadcrumb\":{\"@id\":\"https:\\\/\\\/casabenissa.nl\\\/es\\\/formacion-en-la-costa-blanca-espana\\\/coaching-sistemico\\\/#breadcrumb\"},\"inLanguage\":\"es\",\"potentialAction\":[{\"@type\":\"ReadAction\",\"target\":[\"https:\\\/\\\/casabenissa.nl\\\/es\\\/formacion-en-la-costa-blanca-espana\\\/coaching-sistemico\\\/\"]}]},{\"@type\":\"ImageObject\",\"inLanguage\":\"es\",\"@id\":\"https:\\\/\\\/casabenissa.nl\\\/es\\\/formacion-en-la-costa-blanca-espana\\\/coaching-sistemico\\\/#primaryimage\",\"url\":\"https:\\\/\\\/casabenissa.nl\\\/wp-content\\\/uploads\\\/Cova-dels-Arcs.jpg\",\"contentUrl\":\"https:\\\/\\\/casabenissa.nl\\\/wp-content\\\/uploads\\\/Cova-dels-Arcs.jpg\",\"width\":472,\"height\":315,\"caption\":\"Cova dels Arcs\"},{\"@type\":\"BreadcrumbList\",\"@id\":\"https:\\\/\\\/casabenissa.nl\\\/es\\\/formacion-en-la-costa-blanca-espana\\\/coaching-sistemico\\\/#breadcrumb\",\"itemListElement\":[{\"@type\":\"ListItem\",\"position\":1,\"name\":\"Home\",\"item\":\"https:\\\/\\\/vh2023izdeb-0.hosting-space.nl\\\/\"},{\"@type\":\"ListItem\",\"position\":2,\"name\":\"Trainingen in Costa Blanca, Spanje\",\"item\":\"https:\\\/\\\/casabenissa.nl\\\/es\\\/formacion-en-la-costa-blanca-espana\\\/\"},{\"@type\":\"ListItem\",\"position\":3,\"name\":\"Systemisch Coaching\"}]},{\"@type\":\"WebSite\",\"@id\":\"https:\\\/\\\/vh2023izdeb-0.hosting-space.nl\\\/#website\",\"url\":\"https:\\\/\\\/vh2023izdeb-0.hosting-space.nl\\\/\",\"name\":\"Casa Benissa | Trainingslocatie in Spanje\",\"description\":\"Trainingslocatie in Costa Blanca - Spanje\",\"publisher\":{\"@id\":\"https:\\\/\\\/vh2023izdeb-0.hosting-space.nl\\\/#organization\"},\"alternateName\":\"Huur een trainingslocatie in de Costa Blanca\",\"potentialAction\":[{\"@type\":\"SearchAction\",\"target\":{\"@type\":\"EntryPoint\",\"urlTemplate\":\"https:\\\/\\\/vh2023izdeb-0.hosting-space.nl\\\/?s={search_term_string}\"},\"query-input\":{\"@type\":\"PropertyValueSpecification\",\"valueRequired\":true,\"valueName\":\"search_term_string\"}}],\"inLanguage\":\"es\"},{\"@type\":\"Organization\",\"@id\":\"https:\\\/\\\/vh2023izdeb-0.hosting-space.nl\\\/#organization\",\"name\":\"Casa Benissa\",\"url\":\"https:\\\/\\\/vh2023izdeb-0.hosting-space.nl\\\/\",\"logo\":{\"@type\":\"ImageObject\",\"inLanguage\":\"es\",\"@id\":\"https:\\\/\\\/vh2023izdeb-0.hosting-space.nl\\\/#\\\/schema\\\/logo\\\/image\\\/\",\"url\":\"https:\\\/\\\/casabenissa.nl\\\/wp-content\\\/uploads\\\/Casa-benissa-logo.png\",\"contentUrl\":\"https:\\\/\\\/casabenissa.nl\\\/wp-content\\\/uploads\\\/Casa-benissa-logo.png\",\"width\":600,\"height\":300,\"caption\":\"Casa Benissa\"},\"image\":{\"@id\":\"https:\\\/\\\/vh2023izdeb-0.hosting-space.nl\\\/#\\\/schema\\\/logo\\\/image\\\/\"}}]}<\/script>\n<!-- \/ Yoast SEO Premium plugin. -->","yoast_head_json":{"title":"Coaching sist\u00e9mico","robots":{"index":"index","follow":"follow","max-snippet":"max-snippet:-1","max-image-preview":"max-image-preview:large","max-video-preview":"max-video-preview:-1"},"canonical":"https:\/\/casabenissa.nl\/es\/formacion-en-la-costa-blanca-espana\/coaching-sistemico\/","og_locale":"es_ES","og_type":"article","og_title":"Systemisch Coaching","og_url":"https:\/\/casabenissa.nl\/es\/formacion-en-la-costa-blanca-espana\/coaching-sistemico\/","og_site_name":"Casa Benissa","article_modified_time":"2023-12-14T08:53:35+00:00","og_image":[{"width":472,"height":315,"url":"https:\/\/casabenissa.nl\/wp-content\/uploads\/Cova-dels-Arcs.jpg","type":"image\/jpeg"}],"twitter_card":"summary_large_image","twitter_misc":{"Tiempo de lectura":"11 minutos"},"schema":{"@context":"https:\/\/schema.org","@graph":[{"@type":"WebPage","@id":"https:\/\/casabenissa.nl\/es\/formacion-en-la-costa-blanca-espana\/coaching-sistemico\/","url":"https:\/\/casabenissa.nl\/es\/formacion-en-la-costa-blanca-espana\/coaching-sistemico\/","name":"Coaching sist\u00e9mico","isPartOf":{"@id":"https:\/\/vh2023izdeb-0.hosting-space.nl\/#website"},"primaryImageOfPage":{"@id":"https:\/\/casabenissa.nl\/es\/formacion-en-la-costa-blanca-espana\/coaching-sistemico\/#primaryimage"},"image":{"@id":"https:\/\/casabenissa.nl\/es\/formacion-en-la-costa-blanca-espana\/coaching-sistemico\/#primaryimage"},"thumbnailUrl":"https:\/\/casabenissa.nl\/wp-content\/uploads\/Cova-dels-Arcs.jpg","datePublished":"2023-09-05T07:12:22+00:00","dateModified":"2023-12-14T08:53:35+00:00","breadcrumb":{"@id":"https:\/\/casabenissa.nl\/es\/formacion-en-la-costa-blanca-espana\/coaching-sistemico\/#breadcrumb"},"inLanguage":"es","potentialAction":[{"@type":"ReadAction","target":["https:\/\/casabenissa.nl\/es\/formacion-en-la-costa-blanca-espana\/coaching-sistemico\/"]}]},{"@type":"ImageObject","inLanguage":"es","@id":"https:\/\/casabenissa.nl\/es\/formacion-en-la-costa-blanca-espana\/coaching-sistemico\/#primaryimage","url":"https:\/\/casabenissa.nl\/wp-content\/uploads\/Cova-dels-Arcs.jpg","contentUrl":"https:\/\/casabenissa.nl\/wp-content\/uploads\/Cova-dels-Arcs.jpg","width":472,"height":315,"caption":"Cova dels Arcs"},{"@type":"BreadcrumbList","@id":"https:\/\/casabenissa.nl\/es\/formacion-en-la-costa-blanca-espana\/coaching-sistemico\/#breadcrumb","itemListElement":[{"@type":"ListItem","position":1,"name":"Home","item":"https:\/\/vh2023izdeb-0.hosting-space.nl\/"},{"@type":"ListItem","position":2,"name":"Trainingen in Costa Blanca, Spanje","item":"https:\/\/casabenissa.nl\/es\/formacion-en-la-costa-blanca-espana\/"},{"@type":"ListItem","position":3,"name":"Systemisch Coaching"}]},{"@type":"WebSite","@id":"https:\/\/vh2023izdeb-0.hosting-space.nl\/#website","url":"https:\/\/vh2023izdeb-0.hosting-space.nl\/","name":"Casa Benissa | Centro de formaci\u00f3n en Espa\u00f1a","description":"Lugar de entrenamiento en Costa Blanca - Espa\u00f1a","publisher":{"@id":"https:\/\/vh2023izdeb-0.hosting-space.nl\/#organization"},"alternateName":"Huur een trainingslocatie in de Costa Blanca","potentialAction":[{"@type":"SearchAction","target":{"@type":"EntryPoint","urlTemplate":"https:\/\/vh2023izdeb-0.hosting-space.nl\/?s={search_term_string}"},"query-input":{"@type":"PropertyValueSpecification","valueRequired":true,"valueName":"search_term_string"}}],"inLanguage":"es"},{"@type":"Organization","@id":"https:\/\/vh2023izdeb-0.hosting-space.nl\/#organization","name":"Casa Benissa","url":"https:\/\/vh2023izdeb-0.hosting-space.nl\/","logo":{"@type":"ImageObject","inLanguage":"es","@id":"https:\/\/vh2023izdeb-0.hosting-space.nl\/#\/schema\/logo\/image\/","url":"https:\/\/casabenissa.nl\/wp-content\/uploads\/Casa-benissa-logo.png","contentUrl":"https:\/\/casabenissa.nl\/wp-content\/uploads\/Casa-benissa-logo.png","width":600,"height":300,"caption":"Casa Benissa"},"image":{"@id":"https:\/\/vh2023izdeb-0.hosting-space.nl\/#\/schema\/logo\/image\/"}}]}},"_links":{"self":[{"href":"https:\/\/casabenissa.nl\/es\/wp-json\/wp\/v2\/pages\/22","targetHints":{"allow":["GET"]}}],"collection":[{"href":"https:\/\/casabenissa.nl\/es\/wp-json\/wp\/v2\/pages"}],"about":[{"href":"https:\/\/casabenissa.nl\/es\/wp-json\/wp\/v2\/types\/page"}],"author":[{"embeddable":true,"href":"https:\/\/casabenissa.nl\/es\/wp-json\/wp\/v2\/users\/1"}],"replies":[{"embeddable":true,"href":"https:\/\/casabenissa.nl\/es\/wp-json\/wp\/v2\/comments?post=22"}],"version-history":[{"count":0,"href":"https:\/\/casabenissa.nl\/es\/wp-json\/wp\/v2\/pages\/22\/revisions"}],"up":[{"embeddable":true,"href":"https:\/\/casabenissa.nl\/es\/wp-json\/wp\/v2\/pages\/15"}],"wp:featuredmedia":[{"embeddable":true,"href":"https:\/\/casabenissa.nl\/es\/wp-json\/wp\/v2\/media\/1933"}],"wp:attachment":[{"href":"https:\/\/casabenissa.nl\/es\/wp-json\/wp\/v2\/media?parent=22"}],"curies":[{"name":"gracias","href":"https:\/\/api.w.org\/{rel}","templated":true}]}}