{"id":1691,"date":"2023-06-24T04:21:12","date_gmt":"2023-06-24T04:21:12","guid":{"rendered":"https:\/\/themenectar.com\/salient\/mag\/?page_id=4"},"modified":"2023-10-06T06:00:44","modified_gmt":"2023-10-06T06:00:44","slug":"landing","status":"publish","type":"page","link":"https:\/\/casabenissa.nl\/es\/aterrizaje\/","title":{"rendered":"Casa de ensue\u00f1o en Espa\u00f1a - English"},"content":{"rendered":"<div id=\"fws_69f281308f786\"  data-column-margin=\"custom\" data-midnight=\"dark\" data-bottom-percent=\"4%\"  class=\"wpb_row vc_row-fluid vc_row full-width-section  top_padding_tablet_15px\"  style=\"padding-top: 0px; padding-bottom: calc(100vw * 0.04); \"><div class=\"row-bg-wrap\" data-bg-animation=\"none\" data-bg-animation-delay=\"\" data-bg-overlay=\"false\"><div class=\"inner-wrap row-bg-layer\" ><div class=\"row-bg viewport-desktop\"  style=\"\"><\/div><\/div><\/div><div class=\"row_col_wrap_12 col span_12 dark left\">\n\t<div  class=\"vc_col-sm-12 wpb_column column_container vc_column_container col el_spacing_0px\"  data-padding-pos=\"all\" data-has-bg-color=\"false\" data-bg-color=\"\" data-bg-opacity=\"1\" data-animation=\"\" data-delay=\"0\" >\n\t\t<div class=\"vc_column-inner\" >\n\t\t\t<div class=\"wpb_wrapper\">\n\t\t\t\t<div id=\"fws_69f2813090421\" data-midnight=\"\" data-column-margin=\"default\" class=\"wpb_row vc_row-fluid vc_row inner_row\"  style=\"\"><div class=\"row-bg-wrap\"> <div class=\"row-bg\" ><\/div> <\/div><div class=\"row_col_wrap_12_inner col span_12  left\">\n\t<div style=\"margin-bottom: -15px; \" class=\"vc_col-sm-12 wpb_column column_container vc_column_container col child_column has-animation padding-5-percent el_spacing_0px bottom_margin_tablet_0px inherit_tablet inherit_phone bg_img_front backdrop_filter_blur backdrop_blur_50\"  data-using-bg=\"true\" data-border-radius=\"10px\" data-bg-cover=\"true\" data-padding-pos=\"all\" data-has-bg-color=\"false\" data-bg-color=\"\" data-bg-opacity=\"0.5\" data-animation=\"fade-in\" data-delay=\"0\" data-animation-easing=\"easeOutSine\" >\n\t\t<div class=\"vc_column-inner\" ><div class=\"column-image-bg-wrap column-bg-layer viewport-desktop\" data-bg-pos=\"center center\" data-bg-animation=\"none\" data-bg-overlay=\"false\"><div class=\"inner-wrap\"><div class=\"column-image-bg\" style=\"\" data-nectar-img-src=\"https:\/\/casabenissa.nl\/wp-content\/uploads\/Trainingslocatie-Benissa-Costa-Blanca.jpeg\"><\/div><\/div><\/div>\n\t\t<div class=\"wpb_wrapper\">\n\t\t\t<div class=\"divider-wrap\" data-alignment=\"default\"><div style=\"height: 150px;\" class=\"divider\"><\/div><\/div>\n<div class=\"wpb_text_column wpb_content_element\" >\n\t<div class=\"wpb_wrapper\">\n\t\t<h1 style=\"text-align: center;\"><span style=\"color: #ffffff;\">Es mi hora <\/span><\/h1>\n<h2 style=\"text-align: center;\"><span style=\"color: #000000;\">Hazte un regalo a ti mismo<\/span><\/h2>\n\t<\/div>\n<\/div>\n\n\n\n<div class=\"divider-wrap\" data-alignment=\"default\"><div style=\"height: 150px;\" class=\"divider\"><\/div><\/div>\n\t\t<\/div> \n\t<\/div>\n\t<\/div> \n<\/div><\/div><div class=\"divider-wrap\" data-alignment=\"default\"><div style=\"height: 30px;\" class=\"divider\"><\/div><\/div><div id=\"fws_69f28130916d8\" data-midnight=\"\" data-column-margin=\"custom\" class=\"wpb_row vc_row-fluid vc_row inner_row\"  style=\"\"><div class=\"row-bg-wrap\"> <div class=\"row-bg\" ><\/div> <\/div><div class=\"row_col_wrap_12_inner col span_12  left\">\n\t<div  class=\"vc_col-sm-12 wpb_column column_container vc_column_container col child_column padding-3-percent force-desktop-text-align-center inherit_tablet inherit_phone\"   data-border-radius=\"10px\" data-border-animation=\"\" data-border-animation-delay=\"\" data-border-width=\"2px\" data-border-style=\"solid\" data-border-color=\"#d10000\" data-padding-pos=\"top\" data-has-bg-color=\"false\" data-bg-color=\"\" data-bg-opacity=\"1\" data-animation=\"\" data-delay=\"0\" >\n\t\t<div class=\"vc_column-inner\" style=\"border: 2px solid #d10000;\">\n\t\t<div class=\"wpb_wrapper\">\n\t\t\t\n<div class=\"wpb_text_column wpb_content_element\" >\n\t<div class=\"wpb_wrapper\">\n\t\t<h2 style=\"text-align: center;\"><span style=\"color: #ff0000;\">\u00a0* DESCARGO DE RESPONSABILIDAD *<\/span><\/h2>\n<p style=\"text-align: center;\"><strong>El contenido de este sitio web es ficticio, con textos e im\u00e1genes prestados para fines de prueba.<br \/>\nP\u00f3ngase en contacto con <a href=\"mailto:info@casabenissa.nl\">info@casabenissa.nl<\/a>\u00a0Para preguntas.<\/strong><\/p>\n<p>&nbsp;<\/p>\n\t<\/div>\n<\/div>\n\n\n\n\n\t\t<\/div> \n\t<\/div>\n\t<\/div> \n<\/div><\/div><div id=\"fws_69f2813091ed3\" data-midnight=\"\" data-column-margin=\"custom\" class=\"wpb_row vc_row-fluid vc_row inner_row\"  style=\"\"><div class=\"row-bg-wrap\"> <div class=\"row-bg\" ><\/div> <\/div><div class=\"row_col_wrap_12_inner col span_12  left\">\n\t<div  class=\"vc_col-sm-12 wpb_column column_container vc_column_container col child_column padding-2-percent force-desktop-text-align-center inherit_tablet inherit_phone\"   data-border-radius=\"10px\" data-padding-pos=\"top\" data-has-bg-color=\"false\" data-bg-color=\"\" data-bg-opacity=\"1\" data-animation=\"\" data-delay=\"0\" >\n\t\t<div class=\"vc_column-inner\" >\n\t\t<div class=\"wpb_wrapper\">\n\t\t\t<div class=\"divider-wrap\" data-alignment=\"default\"><div style=\"height: 25px;\" class=\"divider\"><\/div><\/div>\n<div class=\"wpb_text_column wpb_content_element\" >\n\t<div class=\"wpb_wrapper\">\n\t\t<h2 style=\"text-align: center;\">\u00a0 Popular<\/h2>\n\t<\/div>\n<\/div>\n\n\n\n\n\t\t<\/div> \n\t<\/div>\n\t<\/div> \n<\/div><\/div><div id=\"fws_69f2813092770\" data-midnight=\"\" data-column-margin=\"custom\" class=\"wpb_row vc_row-fluid vc_row inner_row\"  style=\"\"><div class=\"row-bg-wrap\"> <div class=\"row-bg\" ><\/div> <\/div><div class=\"row_col_wrap_12_inner col span_12  left\">\n\t<div  class=\"vc_col-sm-12 wpb_column column_container vc_column_container col child_column padding-2-percent force-desktop-text-align-center inherit_tablet inherit_phone mask_shape_circle mask_size_contain\"   data-border-radius=\"10px\" data-padding-pos=\"top\" data-has-bg-color=\"false\" data-bg-color=\"\" data-bg-opacity=\"1\" data-animation=\"\" data-delay=\"0\" >\n\t\t<div class=\"vc_column-inner\" >\n\t\t<div class=\"wpb_wrapper\">\n\t\t\t<div class='nectar-post-grid-wrap text-color-dark spacing-25px' data-el-settings='{\"post_type\":\"custom\",\"pagination\":\"none\",\"image_size\":\"large\",\"parallax_scrolling\":\"\",\"aspect_ratio_image_size\":\"\",\"category_position\":\"default\",\"category_display\":\"default\",\"display_categories\":\"0\",\"display_excerpt\":\"0\",\"excerpt_length\":\"20\",\"display_date\":\"0\",\"display_estimated_reading_time\":\"0\",\"display_author\":\"0\",\"author_functionality\":\"default\",\"author_position\":\"default\",\"color_overlay\":\"\",\"color_overlay_opacity\":\"\",\"color_overlay_hover_opacity\":\"\",\"card_bg_color\":\"\",\"grid_style\":\"content_under_image\",\"hover_effect\":\"zoom\",\"post_title_overlay\":\"\",\"heading_tag\":\"default\",\"enable_gallery_lightbox\":\"0\",\"category_style\":\"underline\",\"overlay_secondary_project_image\":\"\",\"vertical_list_hover_effect\":\"none\",\"vertical_list_read_more\":\"\",\"read_more_button\":\"0\",\"animation\":\"none\"}' data-style='content_under_image' data-query='{\"post_type\":\"custom\",\"posts_per_page\":\"10\",\"order\":\"ASC\",\"orderby\":\"date\",\"offset\":\"0\",\"cpt_name\":\"page\",\"custom_query_tax\":\"15, 16, 17\",\"ignore_sticky_posts\":\"\"}' data-load-more-color='black' data-load-more-text='Load More'><div class=\"nectar-post-grid-filters\" data-active-color=\"default\" data-align=\"default\" data-animation=\"none\" data-sortable=\"\"><h4>Filter<\/h4><div><a href=\"#\" class=\"active all-filter\" data-filter=\"15, 16, 17\" data-total-count=\"8\">All<\/a><a href=\"#\" data-filter=\"15\" data-total-count=\"2\">Relajaci\u00f3n<\/a><a href=\"#\" data-filter=\"16\" data-total-count=\"2\">Retiro<\/a><a href=\"#\" data-filter=\"17\" data-total-count=\"4\">Formaci\u00f3n<\/a><\/div><\/div><div class=\"nectar-post-grid nectar-flickity category-position-before-title\" data-columns=\"3\" data-hover-effect=\"zoom\" data-text-style=\"default\" data-border-radius=\"10px\" data-grid-item-height=\"30vh\" data-grid-spacing=\"25px\" data-text-layout=\"top_left\" data-text-color=\"dark\" data-text-hover-color=\"dark\" data-shadow-hover=\"yes\" data-animation=\"none\" data-animation-stagger=\"90\" data-cat-click=\"default\"  data-lock-aspect=\"\"  data-text-align=\"left\" data-card=\"\" data-controls=\"next_prev_arrows_overlaid\" data-r-bottom-total=\"true\" data-control-style=\"material_pagination\" data-wrap=\"wrap\" data-overflow=\"hidden\" style=\"--post-grid-border-radius:10px;\" ><div class=\"flickity-viewport\"><div class=\"flickity-slider\"><div class=\"nectar-post-grid-item\" data-post-id=\"11\" data-has-img=\"true\"> <div class=\"inner\"><div class=\"nectar-post-grid-item-bg-wrap\"><div class=\"nectar-post-grid-item-bg-wrap-inner\"><a class=\"bg-wrap-link\" aria-label=\"Retiro de senderismo\" href=\"https:\/\/casabenissa.nl\/es\/retraite-in-costa-blanca-spanje\/retiro-de-senderismo\/\"><\/a><div class=\"nectar-post-grid-item-bg\"><img loading=\"lazy\" decoding=\"async\" class=\"nectar-lazy skip-lazy\" src=\"data:image\/svg+xml;charset=utf-8,%3Csvg%20xmlns%3D'http%3A%2F%2Fwww.w3.org%2F2000%2Fsvg'%20viewBox%3D'0%200%20655%201000'%2F%3E\" alt=\"retiro de senderismo costa blanca\" height=\"1000\" width=\"655\" data-nectar-img-src=\"https:\/\/casabenissa.nl\/wp-content\/uploads\/wandelretraite-costa-blanca.jpg\" data-nectar-img-srcset=\"https:\/\/casabenissa.nl\/wp-content\/uploads\/wandelretraite-costa-blanca.jpg 655w, https:\/\/casabenissa.nl\/wp-content\/uploads\/wandelretraite-costa-blanca-197x300.jpg 197w, https:\/\/casabenissa.nl\/wp-content\/uploads\/wandelretraite-costa-blanca-8x12.jpg 8w, https:\/\/casabenissa.nl\/wp-content\/uploads\/wandelretraite-costa-blanca-600x916.jpg 600w\" sizes=\"auto, (max-width: 655px) 100vw, 655px\" \/><\/div><\/div><\/div><div class=\"content\"><a class=\"nectar-post-grid-link\" href=\"https:\/\/casabenissa.nl\/es\/retraite-in-costa-blanca-spanje\/retiro-de-senderismo\/\" aria-label=\"Retiro de senderismo\"><\/a><div class=\"item-main\"><h3 class=\"post-heading\"><a href=\"https:\/\/casabenissa.nl\/es\/retraite-in-costa-blanca-spanje\/retiro-de-senderismo\/\"><span>Retiro de senderismo<\/span><\/a><\/h3><\/div><\/div><\/div><\/div><div class=\"nectar-post-grid-item\" data-post-id=\"19\" data-has-img=\"true\"> <div class=\"inner\"><div class=\"nectar-post-grid-item-bg-wrap\"><div class=\"nectar-post-grid-item-bg-wrap-inner\"><a class=\"bg-wrap-link\" aria-label=\"Formaci\u00f3n b\u00e1sica en constelaciones familiares\" href=\"https:\/\/casabenissa.nl\/es\/formacion-en-la-costa-blanca-espana\/formacion-basica-en-constelaciones-familiares\/\"><\/a><div class=\"nectar-post-grid-item-bg\"><img loading=\"lazy\" decoding=\"async\" class=\"nectar-lazy skip-lazy\" src=\"data:image\/svg+xml;charset=utf-8,%3Csvg%20xmlns%3D'http%3A%2F%2Fwww.w3.org%2F2000%2Fsvg'%20viewBox%3D'0%200%20720%20400'%2F%3E\" alt=\"Constelaciones Familiares Espa\u00f1a\" height=\"400\" width=\"720\" data-nectar-img-src=\"https:\/\/casabenissa.nl\/wp-content\/uploads\/Family-Constellations-Spain.jpg\" data-nectar-img-srcset=\"https:\/\/casabenissa.nl\/wp-content\/uploads\/Family-Constellations-Spain.jpg 720w, https:\/\/casabenissa.nl\/wp-content\/uploads\/Family-Constellations-Spain-600x333.jpg 600w, https:\/\/casabenissa.nl\/wp-content\/uploads\/Family-Constellations-Spain-300x167.jpg 300w\" sizes=\"auto, (max-width: 720px) 100vw, 720px\" \/><\/div><\/div><\/div><div class=\"content\"><a class=\"nectar-post-grid-link\" href=\"https:\/\/casabenissa.nl\/es\/formacion-en-la-costa-blanca-espana\/formacion-basica-en-constelaciones-familiares\/\" aria-label=\"Formaci\u00f3n b\u00e1sica en constelaciones familiares\"><\/a><div class=\"item-main\"><h3 class=\"post-heading\"><a href=\"https:\/\/casabenissa.nl\/es\/formacion-en-la-costa-blanca-espana\/formacion-basica-en-constelaciones-familiares\/\"><span>Formaci\u00f3n b\u00e1sica en constelaciones familiares<\/span><\/a><\/h3><\/div><\/div><\/div><\/div><div class=\"nectar-post-grid-item\" data-post-id=\"22\" data-has-img=\"true\"> <div class=\"inner\"><div class=\"nectar-post-grid-item-bg-wrap\"><div class=\"nectar-post-grid-item-bg-wrap-inner\"><a class=\"bg-wrap-link\" aria-label=\"Coaching sist\u00e9mico\" href=\"https:\/\/casabenissa.nl\/es\/formacion-en-la-costa-blanca-espana\/coaching-sistemico\/\"><\/a><div class=\"nectar-post-grid-item-bg\"><img loading=\"lazy\" decoding=\"async\" class=\"nectar-lazy skip-lazy\" src=\"data:image\/svg+xml;charset=utf-8,%3Csvg%20xmlns%3D'http%3A%2F%2Fwww.w3.org%2F2000%2Fsvg'%20viewBox%3D'0%200%20472%20315'%2F%3E\" alt=\"Cova dels Arcs\" height=\"315\" width=\"472\" data-nectar-img-src=\"https:\/\/casabenissa.nl\/wp-content\/uploads\/Cova-dels-Arcs.jpg\" data-nectar-img-srcset=\"https:\/\/casabenissa.nl\/wp-content\/uploads\/Cova-dels-Arcs.jpg 472w, https:\/\/casabenissa.nl\/wp-content\/uploads\/Cova-dels-Arcs-300x200.jpg 300w\" sizes=\"auto, (max-width: 472px) 100vw, 472px\" \/><\/div><\/div><\/div><div class=\"content\"><a class=\"nectar-post-grid-link\" href=\"https:\/\/casabenissa.nl\/es\/formacion-en-la-costa-blanca-espana\/coaching-sistemico\/\" aria-label=\"Coaching sist\u00e9mico\"><\/a><div class=\"item-main\"><h3 class=\"post-heading\"><a href=\"https:\/\/casabenissa.nl\/es\/formacion-en-la-costa-blanca-espana\/coaching-sistemico\/\"><span>Coaching sist\u00e9mico<\/span><\/a><\/h3><\/div><\/div><\/div><\/div><div class=\"nectar-post-grid-item\" data-post-id=\"24\" data-has-img=\"true\"> <div class=\"inner\"><div class=\"nectar-post-grid-item-bg-wrap\"><div class=\"nectar-post-grid-item-bg-wrap-inner\"><a class=\"bg-wrap-link\" aria-label=\"Practicante de PNL\" href=\"https:\/\/casabenissa.nl\/es\/formacion-en-la-costa-blanca-espana\/nlp-practitioner-5-dias\/\"><\/a><div class=\"nectar-post-grid-item-bg\"><img loading=\"lazy\" decoding=\"async\" class=\"nectar-lazy skip-lazy\" src=\"data:image\/svg+xml;charset=utf-8,%3Csvg%20xmlns%3D'http%3A%2F%2Fwww.w3.org%2F2000%2Fsvg'%20viewBox%3D'0%200%20800%20600'%2F%3E\" alt=\"\" height=\"600\" width=\"800\" data-nectar-img-src=\"https:\/\/casabenissa.nl\/wp-content\/uploads\/2023\/09\/villa_exterior.webp\" data-nectar-img-srcset=\"https:\/\/casabenissa.nl\/wp-content\/uploads\/2023\/09\/villa_exterior.webp 800w, https:\/\/casabenissa.nl\/wp-content\/uploads\/2023\/09\/villa_exterior-600x450.webp 600w, https:\/\/casabenissa.nl\/wp-content\/uploads\/2023\/09\/villa_exterior-300x225.webp 300w, https:\/\/casabenissa.nl\/wp-content\/uploads\/2023\/09\/villa_exterior-768x576.webp 768w\" sizes=\"auto, (max-width: 800px) 100vw, 800px\" \/><\/div><\/div><\/div><div class=\"content\"><a class=\"nectar-post-grid-link\" href=\"https:\/\/casabenissa.nl\/es\/formacion-en-la-costa-blanca-espana\/nlp-practitioner-5-dias\/\" aria-label=\"Practicante de PNL\"><\/a><div class=\"item-main\"><h3 class=\"post-heading\"><a href=\"https:\/\/casabenissa.nl\/es\/formacion-en-la-costa-blanca-espana\/nlp-practitioner-5-dias\/\"><span>Practicante de PNL<\/span><\/a><\/h3><\/div><\/div><\/div><\/div><div class=\"nectar-post-grid-item\" data-post-id=\"37\" data-has-img=\"true\"> <div class=\"inner\"><div class=\"nectar-post-grid-item-bg-wrap\"><div class=\"nectar-post-grid-item-bg-wrap-inner\"><a class=\"bg-wrap-link\" aria-label=\"Yoga y meditaci\u00f3n\" href=\"https:\/\/casabenissa.nl\/es\/retraite-in-costa-blanca-spanje\/yoga-en-meditatie-midweek-5-dagen\/\"><\/a><div class=\"nectar-post-grid-item-bg\"><img loading=\"lazy\" decoding=\"async\" class=\"nectar-lazy skip-lazy\" src=\"data:image\/svg+xml;charset=utf-8,%3Csvg%20xmlns%3D'http%3A%2F%2Fwww.w3.org%2F2000%2Fsvg'%20viewBox%3D'0%200%201707%202560'%2F%3E\" alt=\"Oportunidades de bienestar en Benissa\" height=\"2560\" width=\"1707\" data-nectar-img-src=\"https:\/\/casabenissa.nl\/wp-content\/uploads\/Wellness-Mogelijkheden-in-Benissa-683x1024.jpg\" data-nectar-img-srcset=\"https:\/\/casabenissa.nl\/wp-content\/uploads\/Wellness-Mogelijkheden-in-Benissa-683x1024.jpg 683w, https:\/\/casabenissa.nl\/wp-content\/uploads\/Wellness-Mogelijkheden-in-Benissa-200x300.jpg 200w, https:\/\/casabenissa.nl\/wp-content\/uploads\/Wellness-Mogelijkheden-in-Benissa-768x1152.jpg 768w, https:\/\/casabenissa.nl\/wp-content\/uploads\/Wellness-Mogelijkheden-in-Benissa-1024x1536.jpg 1024w, https:\/\/casabenissa.nl\/wp-content\/uploads\/Wellness-Mogelijkheden-in-Benissa-1365x2048.jpg 1365w, https:\/\/casabenissa.nl\/wp-content\/uploads\/Wellness-Mogelijkheden-in-Benissa-600x900.jpg 600w, https:\/\/casabenissa.nl\/wp-content\/uploads\/Wellness-Mogelijkheden-in-Benissa-scaled.jpg 1707w\" sizes=\"auto, (max-width: 683px) 100vw, 683px\" \/><\/div><\/div><\/div><div class=\"content\"><a class=\"nectar-post-grid-link\" href=\"https:\/\/casabenissa.nl\/es\/retraite-in-costa-blanca-spanje\/yoga-en-meditatie-midweek-5-dagen\/\" aria-label=\"Yoga y meditaci\u00f3n\"><\/a><div class=\"item-main\"><h3 class=\"post-heading\"><a href=\"https:\/\/casabenissa.nl\/es\/retraite-in-costa-blanca-spanje\/yoga-en-meditatie-midweek-5-dagen\/\"><span>Yoga y meditaci\u00f3n<\/span><\/a><\/h3><\/div><\/div><\/div><\/div><div class=\"nectar-post-grid-item\" data-post-id=\"881\" data-has-img=\"true\"> <div class=\"inner\"><div class=\"nectar-post-grid-item-bg-wrap\"><div class=\"nectar-post-grid-item-bg-wrap-inner\"><a class=\"bg-wrap-link\" aria-label=\"Es mi hora\" href=\"https:\/\/casabenissa.nl\/es\/talleres\/mi-tiempo\/\"><\/a><div class=\"nectar-post-grid-item-bg\"><img loading=\"lazy\" decoding=\"async\" class=\"nectar-lazy skip-lazy\" src=\"data:image\/svg+xml;charset=utf-8,%3Csvg%20xmlns%3D'http%3A%2F%2Fwww.w3.org%2F2000%2Fsvg'%20viewBox%3D'0%200%20940%20627'%2F%3E\" alt=\"\" height=\"627\" width=\"940\" data-nectar-img-src=\"https:\/\/casabenissa.nl\/wp-content\/uploads\/2023\/09\/its-me-time.jpg\" data-nectar-img-srcset=\"https:\/\/casabenissa.nl\/wp-content\/uploads\/2023\/09\/its-me-time.jpg 940w, https:\/\/casabenissa.nl\/wp-content\/uploads\/2023\/09\/its-me-time-600x400.jpg 600w, https:\/\/casabenissa.nl\/wp-content\/uploads\/2023\/09\/its-me-time-300x200.jpg 300w, https:\/\/casabenissa.nl\/wp-content\/uploads\/2023\/09\/its-me-time-768x512.jpg 768w, https:\/\/casabenissa.nl\/wp-content\/uploads\/2023\/09\/its-me-time-900x600.jpg 900w\" sizes=\"auto, (max-width: 940px) 100vw, 940px\" \/><\/div><\/div><\/div><div class=\"content\"><a class=\"nectar-post-grid-link\" href=\"https:\/\/casabenissa.nl\/es\/talleres\/mi-tiempo\/\" aria-label=\"Es mi hora\"><\/a><div class=\"item-main\"><h3 class=\"post-heading\"><a href=\"https:\/\/casabenissa.nl\/es\/talleres\/mi-tiempo\/\"><span>Es mi hora<\/span><\/a><\/h3><\/div><\/div><\/div><\/div><div class=\"nectar-post-grid-item\" data-post-id=\"894\" data-has-img=\"true\"> <div class=\"inner\"><div class=\"nectar-post-grid-item-bg-wrap\"><div class=\"nectar-post-grid-item-bg-wrap-inner\"><a class=\"bg-wrap-link\" aria-label=\"De vuelta a la naturaleza\" href=\"https:\/\/casabenissa.nl\/es\/talleres\/en-la-retirada-salvaje-el-hombre-solo\/\"><\/a><div class=\"nectar-post-grid-item-bg\"><img loading=\"lazy\" decoding=\"async\" class=\"nectar-lazy skip-lazy\" src=\"data:image\/svg+xml;charset=utf-8,%3Csvg%20xmlns%3D'http%3A%2F%2Fwww.w3.org%2F2000%2Fsvg'%20viewBox%3D'0%200%20850%20413'%2F%3E\" alt=\"retiro en calpe\" height=\"413\" width=\"850\" data-nectar-img-src=\"https:\/\/casabenissa.nl\/wp-content\/uploads\/2023\/09\/calpe-retraite.jpg\" data-nectar-img-srcset=\"https:\/\/casabenissa.nl\/wp-content\/uploads\/2023\/09\/calpe-retraite.jpg 850w, https:\/\/casabenissa.nl\/wp-content\/uploads\/2023\/09\/calpe-retraite-600x292.jpg 600w, https:\/\/casabenissa.nl\/wp-content\/uploads\/2023\/09\/calpe-retraite-300x146.jpg 300w, https:\/\/casabenissa.nl\/wp-content\/uploads\/2023\/09\/calpe-retraite-768x373.jpg 768w\" sizes=\"auto, (max-width: 850px) 100vw, 850px\" \/><\/div><\/div><\/div><div class=\"content\"><a class=\"nectar-post-grid-link\" href=\"https:\/\/casabenissa.nl\/es\/talleres\/en-la-retirada-salvaje-el-hombre-solo\/\" aria-label=\"De vuelta a la naturaleza\"><\/a><div class=\"item-main\"><h3 class=\"post-heading\"><a href=\"https:\/\/casabenissa.nl\/es\/talleres\/en-la-retirada-salvaje-el-hombre-solo\/\"><span>De vuelta a la naturaleza<\/span><\/a><\/h3><\/div><\/div><\/div><\/div><div class=\"nectar-post-grid-item\" data-post-id=\"1227\" data-has-img=\"true\"> <div class=\"inner\"><div class=\"nectar-post-grid-item-bg-wrap\"><div class=\"nectar-post-grid-item-bg-wrap-inner\"><a class=\"bg-wrap-link\" aria-label=\"Formaci\u00f3n de mujeres\" href=\"https:\/\/casabenissa.nl\/es\/formacion-en-la-costa-blanca-espana\/vrouwentraining\/\"><\/a><div class=\"nectar-post-grid-item-bg\"><img loading=\"lazy\" decoding=\"async\" class=\"nectar-lazy skip-lazy\" src=\"data:image\/svg+xml;charset=utf-8,%3Csvg%20xmlns%3D'http%3A%2F%2Fwww.w3.org%2F2000%2Fsvg'%20viewBox%3D'0%200%201500%20998'%2F%3E\" alt=\"\" height=\"998\" width=\"1500\" data-nectar-img-src=\"https:\/\/casabenissa.nl\/wp-content\/uploads\/vrouwentraining-1024x681.jpeg\" data-nectar-img-srcset=\"https:\/\/casabenissa.nl\/wp-content\/uploads\/vrouwentraining-1024x681.jpeg 1024w, https:\/\/casabenissa.nl\/wp-content\/uploads\/vrouwentraining-600x399.jpeg 600w, https:\/\/casabenissa.nl\/wp-content\/uploads\/vrouwentraining-300x200.jpeg 300w, https:\/\/casabenissa.nl\/wp-content\/uploads\/vrouwentraining-768x511.jpeg 768w, https:\/\/casabenissa.nl\/wp-content\/uploads\/vrouwentraining-900x600.jpeg 900w, https:\/\/casabenissa.nl\/wp-content\/uploads\/vrouwentraining.jpeg 1500w\" sizes=\"auto, (max-width: 1024px) 100vw, 1024px\" \/><\/div><\/div><\/div><div class=\"content\"><a class=\"nectar-post-grid-link\" href=\"https:\/\/casabenissa.nl\/es\/formacion-en-la-costa-blanca-espana\/vrouwentraining\/\" aria-label=\"Formaci\u00f3n de mujeres\"><\/a><div class=\"item-main\"><h3 class=\"post-heading\"><a href=\"https:\/\/casabenissa.nl\/es\/formacion-en-la-costa-blanca-espana\/vrouwentraining\/\"><span>Formaci\u00f3n de mujeres<\/span><\/a><\/h3><\/div><\/div><\/div><\/div><\/div><\/div><\/div><\/div>\n<div class=\"wpb_text_column wpb_content_element\" >\n\t<div class=\"wpb_wrapper\">\n\t\t<h2 style=\"text-align: center;\">Nuestra villa<\/h2>\n\t<\/div>\n<\/div>\n\n\n\n<div class=\"divider-wrap\" data-alignment=\"default\"><div style=\"height: 25px;\" class=\"divider\"><\/div><\/div>\n\t\t<\/div> \n\t<\/div>\n\t<\/div> \n<\/div><\/div><div id=\"fws_69f281309bb33\" data-midnight=\"\" data-column-margin=\"custom\" class=\"wpb_row vc_row-fluid vc_row inner_row vc_row-o-equal-height vc_row-flex\"  style=\"\"><div class=\"row-bg-wrap\"> <div class=\"row-bg\" ><\/div> <\/div><div class=\"row_col_wrap_12_inner col span_12  left\">\n\t<div  class=\"vc_col-sm-6 wpb_column column_container vc_column_container col child_column padding-2-percent force-desktop-text-align-center inherit_tablet inherit_phone\"   data-border-radius=\"10px\" data-border-animation=\"\" data-border-animation-delay=\"\" data-border-width=\"1px\" data-border-style=\"solid\" data-border-color=\"#d1d1d1\" data-padding-pos=\"all\" data-has-bg-color=\"false\" data-bg-color=\"\" data-bg-opacity=\"1\" data-animation=\"\" data-delay=\"0\" >\n\t\t<div class=\"vc_column-inner\" style=\"border: 1px solid #d1d1d1;\">\n\t\t<div class=\"wpb_wrapper\">\n\t\t\t\n<div class=\"wpb_text_column wpb_content_element\" >\n\t<div class=\"wpb_wrapper\">\n\t\t<h6 style=\"text-align: left;\">Casa Benissa es nuestro pedazo de para\u00edso con una ubicaci\u00f3n \u00fanica donde se puede disfrutar de la naturaleza y el entorno en pura libertad y total privacidad. Con una gran Naja cubierta de m\u00e1s de 40m2, piscina privada, jacuzzi, sauna, camas bali y amplia cocina exterior, no tendr\u00e1 que ir a ninguna parte. Como guinda del pastel, la villa se encuentra a 800 la costa y la hermosa playa de arena Playa De La Funestra.<\/h6>\n<p style=\"text-align: left;\">En los meses de verano se puede alquilar la villa. El resto del a\u00f1o Casa Benissa se utiliza como lugar de formaci\u00f3n. Su ubicaci\u00f3n (junto a una reserva natural) y su amplio entorno la convierten en un lugar ideal para cursos de formaci\u00f3n, como Formaci\u00f3n en Liderazgo, PNL, Constelaciones Sist\u00e9micas, Yoga y Meditaci\u00f3n y Formaci\u00f3n en Masaje. Debido a los hermosos alrededores boscosos a lo largo de la costa, la villa tambi\u00e9n es muy adecuada para retiros de senderismo y, por supuesto, para relajarse con la familia, grupo de amigos o colegas.<\/p>\n\t<\/div>\n<\/div>\n\n\n\n\n\t\t<\/div> \n\t<\/div>\n\t<\/div> \n\n\t<div  class=\"vc_col-sm-6 wpb_column column_container vc_column_container col child_column no-extra-padding inherit_tablet inherit_phone\"   data-padding-pos=\"all\" data-has-bg-color=\"false\" data-bg-color=\"\" data-bg-opacity=\"1\" data-animation=\"\" data-delay=\"0\" >\n\t\t<div class=\"vc_column-inner\" >\n\t\t<div class=\"wpb_wrapper\">\n\t\t\t<div class=\"img-with-aniamtion-wrap\" data-max-width=\"100%\" data-max-width-mobile=\"default\" data-border-radius=\"10px\" data-shadow=\"none\" data-animation=\"none\" >\n      <div class=\"inner\">\n        <div class=\"hover-wrap\"> \n          <div class=\"hover-wrap-inner\">\n            <img loading=\"lazy\" decoding=\"async\" class=\"img-with-animation skip-lazy\" data-delay=\"0\" height=\"1536\" width=\"2048\" data-animation=\"none\" src=\"https:\/\/casabenissa.nl\/wp-content\/uploads\/Naja-Trainingslocatie-Back-to-the-wild.jpg\" alt=\"Naja Training site De vuelta a la naturaleza\" srcset=\"https:\/\/casabenissa.nl\/wp-content\/uploads\/Naja-Trainingslocatie-Back-to-the-wild.jpg 2048w, https:\/\/casabenissa.nl\/wp-content\/uploads\/Naja-Trainingslocatie-Back-to-the-wild-600x450.jpg 600w, https:\/\/casabenissa.nl\/wp-content\/uploads\/Naja-Trainingslocatie-Back-to-the-wild-300x225.jpg 300w, https:\/\/casabenissa.nl\/wp-content\/uploads\/Naja-Trainingslocatie-Back-to-the-wild-1024x768.jpg 1024w, https:\/\/casabenissa.nl\/wp-content\/uploads\/Naja-Trainingslocatie-Back-to-the-wild-768x576.jpg 768w, https:\/\/casabenissa.nl\/wp-content\/uploads\/Naja-Trainingslocatie-Back-to-the-wild-1536x1152.jpg 1536w\" sizes=\"auto, (max-width: 2048px) 100vw, 2048px\" \/>\n          <\/div>\n        <\/div>\n      <\/div>\n    <\/div>\n\t\t<\/div> \n\t<\/div>\n\t<\/div> \n<\/div><\/div><div id=\"fws_69f281309cccc\" data-midnight=\"\" data-column-margin=\"custom\" class=\"wpb_row vc_row-fluid vc_row inner_row\"  style=\"\"><div class=\"row-bg-wrap\"> <div class=\"row-bg\" ><\/div> <\/div><div class=\"row_col_wrap_12_inner col span_12  left\">\n\t<div  class=\"vc_col-sm-12 wpb_column column_container vc_column_container col child_column padding-2-percent force-desktop-text-align-center inherit_tablet inherit_phone\"   data-border-radius=\"10px\" data-padding-pos=\"top\" data-has-bg-color=\"false\" data-bg-color=\"\" data-bg-opacity=\"1\" data-animation=\"\" data-delay=\"0\" >\n\t\t<div class=\"vc_column-inner\" >\n\t\t<div class=\"wpb_wrapper\">\n\t\t\t<div class=\"divider-wrap\" data-alignment=\"default\"><div style=\"height: 25px;\" class=\"divider\"><\/div><\/div>\n<div class=\"wpb_text_column wpb_content_element\" >\n\t<div class=\"wpb_wrapper\">\n\t\t<h2 style=\"text-align: center;\">\u00a0Casa Benissa en alquiler<\/h2>\n\t<\/div>\n<\/div>\n\n\n\n<div class=\"divider-wrap\" data-alignment=\"default\"><div style=\"height: 25px;\" class=\"divider\"><\/div><\/div>\n\t\t<\/div> \n\t<\/div>\n\t<\/div> \n<\/div><\/div><div id=\"fws_69f281309d6a2\" data-midnight=\"\" data-column-margin=\"default\" class=\"wpb_row vc_row-fluid vc_row inner_row vc_row-o-equal-height vc_row-flex\"  style=\"\"><div class=\"row-bg-wrap\"> <div class=\"row-bg\" ><\/div> <\/div><div class=\"row_col_wrap_12_inner col span_12  left\">\n\t<div style=\"\" class=\"vc_col-sm-6 wpb_column column_container vc_column_container col child_column padding-2-percent inherit_tablet inherit_phone\"  data-using-bg=\"true\" data-border-radius=\"10px\" data-border-animation=\"\" data-border-animation-delay=\"\" data-border-width=\"1px\" data-border-style=\"solid\" data-border-color=\"#d5e6f6\" data-padding-pos=\"all\" data-has-bg-color=\"true\" data-bg-color=\"#d5e6f6\" data-bg-opacity=\"1\" data-animation=\"\" data-delay=\"0\" >\n\t\t<div class=\"vc_column-inner\" style=\"border: 1px solid #d5e6f6;\"><div class=\"column-bg-overlay-wrap column-bg-layer\" data-bg-animation=\"none\"><div class=\"column-bg-overlay\" style=\"opacity: 1; background-color: #d5e6f6;\"><\/div><\/div>\n\t\t<div class=\"wpb_wrapper\">\n\t\t\t\n<div class=\"wpb_text_column wpb_content_element\" >\n\t<div class=\"wpb_wrapper\">\n\t\t<h3 style=\"text-align: left;\"><strong>... como casa de vacaciones<\/strong><\/h3>\n<p>Precioso chalet con una ubicaci\u00f3n \u00fanica. Su sue\u00f1o, un chalet independiente con piscina privada a poca distancia (s\u00f3lo 800 metros) de una de las playas m\u00e1s bonitas de la Costa Blanca.<\/p>\n<p>Despierte en este para\u00edso espa\u00f1ol. Ya sea una estancia ROM\u00c1NTICA para dos o unas vacaciones en familia, \u00a1esta Villa es su lugar espa\u00f1ol bajo el sol! \u00a1Reserve ahora y disfrute pronto!<\/p>\n<p>El punto de atracci\u00f3n de la casa son los m\u00e1s de 10 metros de naja cubierta junto a la piscina, donde podr\u00e1 disfrutar de la naturaleza y de las impresionantes vistas de la roca de Calpe en pura libertad, paz y total privacidad.<\/p>\n\t<\/div>\n<\/div>\n\n\n\n\n\t\t<\/div> \n\t<\/div>\n\t<\/div> \n\n\t<div style=\"\" class=\"vc_col-sm-6 wpb_column column_container vc_column_container col child_column padding-2-percent inherit_tablet inherit_phone\"  data-using-bg=\"true\" data-border-radius=\"10px\" data-border-animation=\"\" data-border-animation-delay=\"\" data-border-width=\"1px\" data-border-style=\"solid\" data-border-color=\"#d6c4a7\" data-padding-pos=\"all\" data-has-bg-color=\"true\" data-bg-color=\"#d6c4a7\" data-bg-opacity=\"1\" data-animation=\"\" data-delay=\"0\" >\n\t\t<div class=\"vc_column-inner\" style=\"border: 1px solid #d6c4a7;\"><div class=\"column-bg-overlay-wrap column-bg-layer\" data-bg-animation=\"none\"><div class=\"column-bg-overlay\" style=\"opacity: 1; background-color: #d6c4a7;\"><\/div><\/div>\n\t\t<div class=\"wpb_wrapper\">\n\t\t\t\n<div class=\"wpb_text_column wpb_content_element\" >\n\t<div class=\"wpb_wrapper\">\n\t\t<h3 style=\"text-align: left;\"><strong>... como lugar de formaci\u00f3n<\/strong><\/h3>\n<p>Casa Benissa tambi\u00e9n se alquila como sala de entrenamiento. Con una amplia naja cubierta de m\u00e1s de 40 m2 o una zona sombreada al aire libre de m\u00e1s de 50m2, hay mucho espacio para su entrenamiento. Hay varias opciones:<\/p>\n<ul>\n<li><strong>Sala de formaci\u00f3n est\u00e1ndar: <\/strong>Usted alquila el espacio de formaci\u00f3n y se proporciona su propia comida, bebida y alojamiento.<\/li>\n<li><strong>Sala de formaci\u00f3n plus: <\/strong>Usted alquila la sala de formaci\u00f3n, incluido el catering.<\/li>\n<li><strong>Sala de formaci\u00f3n completa: <\/strong>Tambi\u00e9n podemos despreocuparte por completo. Desde recogida en el aeropuerto, lugares para dormir, esterillas de yoga, profesores, catering completo y\/o cualquier actividad puede ser organizada por nosotros.<\/li>\n<\/ul>\n<p><strong>\u00bfBusca un lugar de entrenamiento en Espa\u00f1a?<\/strong> P\u00f3ngase en contacto con nosotros e ind\u00edquenos sus necesidades......<\/p>\n<p>&nbsp;<\/p>\n\t<\/div>\n<\/div>\n\n\n\n\n\t\t<\/div> \n\t<\/div>\n\t<\/div> \n<\/div><\/div><div id=\"fws_69f281309e2d6\" data-midnight=\"\" data-column-margin=\"default\" class=\"wpb_row vc_row-fluid vc_row inner_row vc_row-o-equal-height vc_row-flex\"  style=\"\"><div class=\"row-bg-wrap\"> <div class=\"row-bg\" ><\/div> <\/div><div class=\"row_col_wrap_12_inner col span_12  center\">\n\t<div  class=\"vc_col-sm-6 wpb_column column_container vc_column_container col child_column padding-2-percent inherit_tablet inherit_phone\"   data-border-radius=\"10px\" data-padding-pos=\"all\" data-has-bg-color=\"false\" data-bg-color=\"\" data-bg-opacity=\"1\" data-animation=\"\" data-delay=\"0\" >\n\t\t<div class=\"vc_column-inner\" >\n\t\t<div class=\"wpb_wrapper\">\n\t\t\t<a class=\"nectar-button jumbo see-through-2\"  role=\"button\" style=\"\"  href=\"\/huur-onze-villa\/\" data-color-override=\"false\"  data-hover-color-override=\"#d5e6f6\" data-hover-text-color-override=\"#ffffff\"><span>Quiero reservar<\/span><\/a>\n\t\t<\/div> \n\t<\/div>\n\t<\/div> \n\n\t<div  class=\"vc_col-sm-6 wpb_column column_container vc_column_container col child_column padding-2-percent inherit_tablet inherit_phone\"   data-border-radius=\"10px\" data-padding-pos=\"all\" data-has-bg-color=\"false\" data-bg-color=\"\" data-bg-opacity=\"1\" data-animation=\"\" data-delay=\"0\" >\n\t\t<div class=\"vc_column-inner\" >\n\t\t<div class=\"wpb_wrapper\">\n\t\t\t<a class=\"nectar-button jumbo see-through-2\"  role=\"button\" style=\"\"  href=\"l\/huur-trainingslocatie-in-spanje\/\" data-color-override=\"false\"  data-hover-color-override=\"#d6c4a7\" data-hover-text-color-override=\"#ffffff\"><span>M\u00e1s informaci\u00f3n<\/span><\/a>\n\t\t<\/div> \n\t<\/div>\n\t<\/div> \n<\/div><\/div>\n\t\t\t<\/div> \n\t\t<\/div>\n\t<\/div> \n<\/div><\/div>\n\t\t<div id=\"fws_69f281309f3b3\"  data-column-margin=\"default\" data-midnight=\"dark\"  class=\"wpb_row vc_row-fluid vc_row\"  style=\"padding-top: 0px; padding-bottom: 0px; \"><div class=\"row-bg-wrap\" data-bg-animation=\"none\" data-bg-animation-delay=\"\" data-bg-overlay=\"false\"><div class=\"inner-wrap row-bg-layer\" ><div class=\"row-bg viewport-desktop\"  style=\"\"><\/div><\/div><\/div><div class=\"row_col_wrap_12 col span_12 dark left\">\n\t<div  class=\"vc_col-sm-12 wpb_column column_container vc_column_container col no-extra-padding inherit_tablet inherit_phone\"  data-padding-pos=\"all\" data-has-bg-color=\"false\" data-bg-color=\"\" data-bg-opacity=\"1\" data-animation=\"\" data-delay=\"0\" >\n\t\t<div class=\"vc_column-inner\" >\n\t\t\t<div class=\"wpb_wrapper\">\n\t\t\t\t\n<div class=\"wpb_text_column wpb_content_element\" >\n\t<div class=\"wpb_wrapper\">\n\t\t<h2 style=\"text-align: center;\">\u00a0Alrededores - Benissa playa<\/h2>\n\t<\/div>\n<\/div>\n\n\n\n\n\t\t\t<\/div> \n\t\t<\/div>\n\t<\/div> \n<\/div><\/div>\n\t\t<div id=\"fws_69f281309fccb\"  data-column-margin=\"default\" data-midnight=\"dark\"  class=\"wpb_row vc_row-fluid vc_row vc_row-o-equal-height vc_row-flex\"  style=\"padding-top: 0px; padding-bottom: 0px; \"><div class=\"row-bg-wrap\" data-bg-animation=\"none\" data-bg-animation-delay=\"\" data-bg-overlay=\"false\"><div class=\"inner-wrap row-bg-layer\" ><div class=\"row-bg viewport-desktop\"  style=\"\"><\/div><\/div><\/div><div class=\"row_col_wrap_12 col span_12 dark left\">\n\t<div  class=\"vc_col-sm-6 wpb_column column_container vc_column_container col no-extra-padding inherit_tablet inherit_phone\"  data-border-radius=\"10px\" data-padding-pos=\"all\" data-has-bg-color=\"false\" data-bg-color=\"\" data-bg-opacity=\"1\" data-animation=\"\" data-delay=\"0\" >\n\t\t<div class=\"vc_column-inner\" >\n\t\t\t<div class=\"wpb_wrapper\">\n\t\t\t\t<div class=\"img-with-aniamtion-wrap\" data-max-width=\"100%\" data-max-width-mobile=\"default\" data-border-radius=\"10px\" data-shadow=\"none\" data-animation=\"none\" >\n      <div class=\"inner\">\n        <div class=\"hover-wrap\"> \n          <div class=\"hover-wrap-inner\">\n            <img loading=\"lazy\" decoding=\"async\" class=\"img-with-animation skip-lazy\" data-delay=\"0\" height=\"600\" width=\"800\" data-animation=\"none\" src=\"https:\/\/casabenissa.nl\/wp-content\/uploads\/rotskust-costa-brava-800.jpeg\" alt=\"\" srcset=\"https:\/\/casabenissa.nl\/wp-content\/uploads\/rotskust-costa-brava-800.jpeg 800w, https:\/\/casabenissa.nl\/wp-content\/uploads\/rotskust-costa-brava-800-600x450.jpeg 600w, https:\/\/casabenissa.nl\/wp-content\/uploads\/rotskust-costa-brava-800-300x225.jpeg 300w, https:\/\/casabenissa.nl\/wp-content\/uploads\/rotskust-costa-brava-800-768x576.jpeg 768w\" sizes=\"auto, (max-width: 800px) 100vw, 800px\" \/>\n          <\/div>\n        <\/div>\n      <\/div>\n    <\/div>\n\t\t\t<\/div> \n\t\t<\/div>\n\t<\/div> \n\n\t<div  class=\"vc_col-sm-6 wpb_column column_container vc_column_container col padding-2-percent inherit_tablet inherit_phone\"  data-border-radius=\"10px\" data-border-animation=\"\" data-border-animation-delay=\"\" data-border-width=\"1px\" data-border-style=\"solid\" data-border-color=\"#d8d8d8\" data-padding-pos=\"all\" data-has-bg-color=\"false\" data-bg-color=\"\" data-bg-opacity=\"1\" data-animation=\"\" data-delay=\"0\" >\n\t\t<div class=\"vc_column-inner\" style=\"border: 1px solid #d8d8d8;\">\n\t\t\t<div class=\"wpb_wrapper\">\n\t\t\t\t\n<div class=\"wpb_text_column wpb_content_element\" >\n\t<div class=\"wpb_wrapper\">\n\t\t<p><strong><span class=\"uitk-type-400 uitk-type-medium\">Hermosas bah\u00edas, rocas y playas adornan este pintoresco litoral. El sendero \"Egologico\" conduce a parterres bot\u00e1nicos y caf\u00e9s y j<\/span>l recorrer la pintoresca ruta de senderismo de la costa de Benissa se atraviesan tanto pueblos medievales como playas de arena. Hay numerosos islotes rocosos y verdes acantilados en esta zona costera y se encuentra entre las localidades de Moraira y Calpe.<\/strong><\/p>\n<p>Cuando se encuentre en el lado norte del paseo, disfrute de la tranquilidad y el recogimiento de la Cala de la Llobella. Esta encantadora playa est\u00e1 formada por guijarros y piedras, con acantilados curvos y formaciones rocosas que salen del mar.<\/p>\n<p>Siguiendo por la costa, se llega a la playa de arena de Playa Fustera. Dese un refrescante chapuz\u00f3n y descanse en esta playa. Disfrute del marisco en el restaurante con vistas al oc\u00e9ano.<\/p>\n<p>Pase alg\u00fan tiempo nadando y tomando el sol para disfrutar de verdad de los veranos secos y calurosos de la regi\u00f3n. Al pasear por la costa, suele soplar una agradable brisa que hace tolerable el calor.<\/p>\n\t<\/div>\n<\/div>\n\n\n\n\n\t\t\t<\/div> \n\t\t<\/div>\n\t<\/div> \n<\/div><\/div>","protected":false},"excerpt":{"rendered":"&nbsp; VrouwentrainingOntdek de Kracht in Jezelf - Een 5-daagse Vrouwentraining Welkom bij \"Ontdek de Kracht in Jezelf\", een 5-daagse mentale training speciaal ontworpen om vrouwen te helpen hun innerlijke kracht...","protected":false},"author":1,"featured_media":0,"parent":0,"menu_order":0,"comment_status":"closed","ping_status":"closed","template":"","meta":{"footnotes":""},"class_list":["post-1691","page","type-page","status-publish"],"yoast_head":"<!-- This site is optimized with the Yoast SEO Premium plugin v21.3 (Yoast SEO v27.5) - https:\/\/yoast.com\/product\/yoast-seo-premium-wordpress\/ -->\n<title>Droomhuis in Spanje - Espa\u00f1ol<\/title>\n<meta name=\"robots\" content=\"index, follow, max-snippet:-1, max-image-preview:large, max-video-preview:-1\" \/>\n<link rel=\"canonical\" href=\"https:\/\/casabenissa.nl\/es\/aterrizaje\/\" \/>\n<meta property=\"og:locale\" content=\"es_ES\" \/>\n<meta property=\"og:type\" content=\"article\" \/>\n<meta property=\"og:title\" content=\"Droomhuis in Spanje - Espa\u00f1ol\" \/>\n<meta property=\"og:url\" content=\"https:\/\/casabenissa.nl\/es\/aterrizaje\/\" \/>\n<meta property=\"og:site_name\" content=\"Casa Benissa\" \/>\n<meta property=\"article:modified_time\" content=\"2023-10-06T06:00:44+00:00\" \/>\n<meta property=\"og:image\" content=\"https:\/\/casabenissa.nl\/wp-content\/uploads\/Trainingslocatie-Spanje.jpg\" \/>\n\t<meta property=\"og:image:width\" content=\"1280\" \/>\n\t<meta property=\"og:image:height\" content=\"720\" \/>\n\t<meta property=\"og:image:type\" content=\"image\/jpeg\" \/>\n<meta name=\"twitter:card\" content=\"summary_large_image\" \/>\n<meta name=\"twitter:label1\" content=\"Tiempo de lectura\" \/>\n\t<meta name=\"twitter:data1\" content=\"15 minutos\" \/>\n<script type=\"application\/ld+json\" class=\"yoast-schema-graph\">{\"@context\":\"https:\\\/\\\/schema.org\",\"@graph\":[{\"@type\":\"WebPage\",\"@id\":\"https:\\\/\\\/casabenissa.nl\\\/es\\\/aterrizaje\\\/\",\"url\":\"https:\\\/\\\/casabenissa.nl\\\/es\\\/aterrizaje\\\/\",\"name\":\"Droomhuis in Spanje - Espa\u00f1ol\",\"isPartOf\":{\"@id\":\"https:\\\/\\\/vh2023izdeb-0.hosting-space.nl\\\/#website\"},\"datePublished\":\"2023-06-24T04:21:12+00:00\",\"dateModified\":\"2023-10-06T06:00:44+00:00\",\"breadcrumb\":{\"@id\":\"https:\\\/\\\/casabenissa.nl\\\/es\\\/aterrizaje\\\/#breadcrumb\"},\"inLanguage\":\"es\",\"potentialAction\":[{\"@type\":\"ReadAction\",\"target\":[\"https:\\\/\\\/casabenissa.nl\\\/es\\\/aterrizaje\\\/\"]}]},{\"@type\":\"BreadcrumbList\",\"@id\":\"https:\\\/\\\/casabenissa.nl\\\/es\\\/aterrizaje\\\/#breadcrumb\",\"itemListElement\":[{\"@type\":\"ListItem\",\"position\":1,\"name\":\"Home\",\"item\":\"https:\\\/\\\/vh2023izdeb-0.hosting-space.nl\\\/\"},{\"@type\":\"ListItem\",\"position\":2,\"name\":\"Droomhuis in Spanje &#8211; Espa\u00f1ol\"}]},{\"@type\":\"WebSite\",\"@id\":\"https:\\\/\\\/vh2023izdeb-0.hosting-space.nl\\\/#website\",\"url\":\"https:\\\/\\\/vh2023izdeb-0.hosting-space.nl\\\/\",\"name\":\"Casa Benissa | Trainingslocatie in Spanje\",\"description\":\"Trainingslocatie in Costa Blanca - Spanje\",\"publisher\":{\"@id\":\"https:\\\/\\\/vh2023izdeb-0.hosting-space.nl\\\/#organization\"},\"alternateName\":\"Huur een trainingslocatie in de Costa Blanca\",\"potentialAction\":[{\"@type\":\"SearchAction\",\"target\":{\"@type\":\"EntryPoint\",\"urlTemplate\":\"https:\\\/\\\/vh2023izdeb-0.hosting-space.nl\\\/?s={search_term_string}\"},\"query-input\":{\"@type\":\"PropertyValueSpecification\",\"valueRequired\":true,\"valueName\":\"search_term_string\"}}],\"inLanguage\":\"es\"},{\"@type\":\"Organization\",\"@id\":\"https:\\\/\\\/vh2023izdeb-0.hosting-space.nl\\\/#organization\",\"name\":\"Casa Benissa\",\"url\":\"https:\\\/\\\/vh2023izdeb-0.hosting-space.nl\\\/\",\"logo\":{\"@type\":\"ImageObject\",\"inLanguage\":\"es\",\"@id\":\"https:\\\/\\\/vh2023izdeb-0.hosting-space.nl\\\/#\\\/schema\\\/logo\\\/image\\\/\",\"url\":\"https:\\\/\\\/casabenissa.nl\\\/wp-content\\\/uploads\\\/Casa-benissa-logo.png\",\"contentUrl\":\"https:\\\/\\\/casabenissa.nl\\\/wp-content\\\/uploads\\\/Casa-benissa-logo.png\",\"width\":600,\"height\":300,\"caption\":\"Casa Benissa\"},\"image\":{\"@id\":\"https:\\\/\\\/vh2023izdeb-0.hosting-space.nl\\\/#\\\/schema\\\/logo\\\/image\\\/\"}}]}<\/script>\n<!-- \/ Yoast SEO Premium plugin. -->","yoast_head_json":{"title":"Casa de ensue\u00f1o en Espa\u00f1a - English","robots":{"index":"index","follow":"follow","max-snippet":"max-snippet:-1","max-image-preview":"max-image-preview:large","max-video-preview":"max-video-preview:-1"},"canonical":"https:\/\/casabenissa.nl\/es\/aterrizaje\/","og_locale":"es_ES","og_type":"article","og_title":"Droomhuis in Spanje - Espa\u00f1ol","og_url":"https:\/\/casabenissa.nl\/es\/aterrizaje\/","og_site_name":"Casa Benissa","article_modified_time":"2023-10-06T06:00:44+00:00","og_image":[{"width":1280,"height":720,"url":"https:\/\/casabenissa.nl\/wp-content\/uploads\/Trainingslocatie-Spanje.jpg","type":"image\/jpeg"}],"twitter_card":"summary_large_image","twitter_misc":{"Tiempo de lectura":"15 minutos"},"schema":{"@context":"https:\/\/schema.org","@graph":[{"@type":"WebPage","@id":"https:\/\/casabenissa.nl\/es\/aterrizaje\/","url":"https:\/\/casabenissa.nl\/es\/aterrizaje\/","name":"Casa de ensue\u00f1o en Espa\u00f1a - English","isPartOf":{"@id":"https:\/\/vh2023izdeb-0.hosting-space.nl\/#website"},"datePublished":"2023-06-24T04:21:12+00:00","dateModified":"2023-10-06T06:00:44+00:00","breadcrumb":{"@id":"https:\/\/casabenissa.nl\/es\/aterrizaje\/#breadcrumb"},"inLanguage":"es","potentialAction":[{"@type":"ReadAction","target":["https:\/\/casabenissa.nl\/es\/aterrizaje\/"]}]},{"@type":"BreadcrumbList","@id":"https:\/\/casabenissa.nl\/es\/aterrizaje\/#breadcrumb","itemListElement":[{"@type":"ListItem","position":1,"name":"Home","item":"https:\/\/vh2023izdeb-0.hosting-space.nl\/"},{"@type":"ListItem","position":2,"name":"Droomhuis in Spanje &#8211; Espa\u00f1ol"}]},{"@type":"WebSite","@id":"https:\/\/vh2023izdeb-0.hosting-space.nl\/#website","url":"https:\/\/vh2023izdeb-0.hosting-space.nl\/","name":"Casa Benissa | Centro de formaci\u00f3n en Espa\u00f1a","description":"Lugar de entrenamiento en Costa Blanca - Espa\u00f1a","publisher":{"@id":"https:\/\/vh2023izdeb-0.hosting-space.nl\/#organization"},"alternateName":"Huur een trainingslocatie in de Costa Blanca","potentialAction":[{"@type":"SearchAction","target":{"@type":"EntryPoint","urlTemplate":"https:\/\/vh2023izdeb-0.hosting-space.nl\/?s={search_term_string}"},"query-input":{"@type":"PropertyValueSpecification","valueRequired":true,"valueName":"search_term_string"}}],"inLanguage":"es"},{"@type":"Organization","@id":"https:\/\/vh2023izdeb-0.hosting-space.nl\/#organization","name":"Casa Benissa","url":"https:\/\/vh2023izdeb-0.hosting-space.nl\/","logo":{"@type":"ImageObject","inLanguage":"es","@id":"https:\/\/vh2023izdeb-0.hosting-space.nl\/#\/schema\/logo\/image\/","url":"https:\/\/casabenissa.nl\/wp-content\/uploads\/Casa-benissa-logo.png","contentUrl":"https:\/\/casabenissa.nl\/wp-content\/uploads\/Casa-benissa-logo.png","width":600,"height":300,"caption":"Casa Benissa"},"image":{"@id":"https:\/\/vh2023izdeb-0.hosting-space.nl\/#\/schema\/logo\/image\/"}}]}},"_links":{"self":[{"href":"https:\/\/casabenissa.nl\/es\/wp-json\/wp\/v2\/pages\/1691","targetHints":{"allow":["GET"]}}],"collection":[{"href":"https:\/\/casabenissa.nl\/es\/wp-json\/wp\/v2\/pages"}],"about":[{"href":"https:\/\/casabenissa.nl\/es\/wp-json\/wp\/v2\/types\/page"}],"author":[{"embeddable":true,"href":"https:\/\/casabenissa.nl\/es\/wp-json\/wp\/v2\/users\/1"}],"replies":[{"embeddable":true,"href":"https:\/\/casabenissa.nl\/es\/wp-json\/wp\/v2\/comments?post=1691"}],"version-history":[{"count":0,"href":"https:\/\/casabenissa.nl\/es\/wp-json\/wp\/v2\/pages\/1691\/revisions"}],"wp:attachment":[{"href":"https:\/\/casabenissa.nl\/es\/wp-json\/wp\/v2\/media?parent=1691"}],"curies":[{"name":"gracias","href":"https:\/\/api.w.org\/{rel}","templated":true}]}}