{"id":11,"date":"2023-09-05T07:08:39","date_gmt":"2023-09-05T07:08:39","guid":{"rendered":"https:\/\/vh2023izdeb-0.hosting-space.nl\/?page_id=11"},"modified":"2023-10-22T19:14:10","modified_gmt":"2023-10-22T19:14:10","slug":"wandel-retraite","status":"publish","type":"page","link":"https:\/\/casabenissa.nl\/es\/retraite-in-costa-blanca-spanje\/retiro-de-senderismo\/","title":{"rendered":"Retiro de senderismo"},"content":{"rendered":"\n\t\t<div id=\"fws_69f28dd501d8e\"  data-column-margin=\"default\" data-midnight=\"dark\"  class=\"wpb_row vc_row-fluid vc_row\"  style=\"padding-top: 0px; padding-bottom: 0px; \"><div class=\"row-bg-wrap\" data-bg-animation=\"none\" data-bg-animation-delay=\"\" data-bg-overlay=\"false\"><div class=\"inner-wrap row-bg-layer\" ><div class=\"row-bg viewport-desktop\"  style=\"\"><\/div><\/div><\/div><div class=\"row_col_wrap_12 col span_12 dark left\">\n\t<div  class=\"vc_col-sm-12 wpb_column column_container vc_column_container col no-extra-padding force-desktop-text-align-center inherit_tablet inherit_phone \"  data-padding-pos=\"all\" data-has-bg-color=\"false\" data-bg-color=\"\" data-bg-opacity=\"1\" data-animation=\"\" data-delay=\"0\" >\n\t\t<div class=\"vc_column-inner\" >\n\t\t\t<div class=\"wpb_wrapper\">\n\t\t\t\t<div id=\"fws_69f28dd5027a8\" data-midnight=\"\" data-column-margin=\"none\" class=\"wpb_row vc_row-fluid vc_row inner_row  vc_custom_1694064247060\"  style=\"\"><div class=\"row-bg-wrap\"> <div class=\"row-bg\" ><\/div> <\/div><div class=\"row_col_wrap_12_inner col span_12  center\">\n\t<div  class=\"vc_col-sm-12 wpb_column column_container vc_column_container col child_column no-extra-padding el_spacing_0px inherit_tablet no-extra-padding_phone \"   data-border-radius=\"10px\" data-border-animation=\"\" data-border-animation-delay=\"\" data-border-width=\"1px\" data-border-style=\"solid\" data-border-color=\"#d1d1d1\" data-padding-pos=\"all\" data-has-bg-color=\"false\" data-bg-color=\"\" data-bg-opacity=\"1\" data-animation=\"\" data-delay=\"0\" >\n\t\t<div class=\"vc_column-inner\" style=\"border: 1px solid #d1d1d1;\">\n\t\t<div class=\"wpb_wrapper\">\n\t\t\t<style type=\"text\/css\">#nectar-slider-instance-1, #nectar-slider-instance-1 .swiper-container { min-height: 500px; } <\/style><div  data-transition=\"slide\" data-overall_style=\"classic\" data-flexible-height=\"true\" data-animate-in-effect=\"none\" data-fullscreen=\"false\" data-button-sizing=\"large\" data-button-styling=\"btn_with_count\" data-autorotate=\"\" data-parallax=\"false\" data-parallax-disable-mobile=\"\" data-caption-trans=\"none\" data-parallax-style=\"bg_only\" data-bg-animation=\"none\" data-full-width=\"false\" class=\"nectar-slider-wrap \" id=\"nectar-slider-instance-1\"><div class=\"swiper-container\"  data-tho=\"auto\" data-tco=\"auto\" data-pho=\"auto\" data-pco=\"auto\" data-loop=\"false\" data-height=\"650\" data-min-height=\"500\" data-arrows=\"false\" data-bullets=\"false\" data-bullet_style=\"see_through\" data-bullet_position=\"bottom\" data-desktop-swipe=\"false\" data-settings=\"\"> <div class=\"swiper-wrapper\"><div class=\"swiper-slide\" data-desktop-content-width=\"auto\" data-tablet-content-width=\"auto\" data-bg-alignment=\"center\" data-color-scheme=\"light\" data-x-pos=\"centered\" data-y-pos=\"middle\" ><div class=\"slide-bg-wrap\"><div class=\"image-bg\" data-nectar-img-src=\"https:\/\/casabenissa.nl\/wp-content\/uploads\/wandelretraite-Spanje.jpg\"> &nbsp; <\/div><\/div><div class=\"container\">\n\t\t\t\t\t\t<div class=\"content\"><h1 class=\"ns-heading-el\">Wandelretraite<\/h1><p class=\"transparent-bg\" ><span><h3>Een 5-daagse Wandelretraite in het prachtige groene kust van de Costa Blanca. De Wandelretraite heeft een bezinnend karakter. Naast de workshops zijn er met de stiltewandelingen ook bezinningsmomenten in de natuur. <\/h3><\/span><\/p><div class=\"buttons\"><div class=\"button transparent_2\">\n\t\t\t\t\t\t\t\t\t\t <a class=\"primary-color\" href=\"\/inschrijven\/\">Ik wil mee!<\/a>\n\t\t\t\t\t\t\t\t\t\t<\/div><div class=\"button transparent_2\">\n\t\t\t\t\t\t\t\t\t\t<a class=\"primary-color\" href=\"\/contact\/\">Ik heb een vraag<\/a>\n\t\t\t\t\t\t\t\t\t\t<\/div><\/div><\/div>\n\t\t\t\t\t\t\t\t<\/div><!--\/container--><a href=\"#\" class=\"slider-down-arrow\"><i class=\"icon-salient-down-arrow icon-default-style\"> <span class=\"ie-fix\"><\/span> <\/i><\/a><div class=\"video-texture \"> <span class=\"ie-fix\"><\/span> <\/div><\/div> <!--\/swiper-slide--><\/div><div class=\"nectar-slider-loading \"> <span class=\"loading-icon none\">   <\/span> <\/div> <\/div> \n\t\t\t\t\t\n\t\t\t\t\t<\/div>\n\t\t<\/div> \n\t<\/div>\n\t<\/div> \n<\/div><\/div><div id=\"fws_69f28dd50440d\" data-midnight=\"\" data-column-margin=\"default\" class=\"wpb_row vc_row-fluid vc_row inner_row\"  style=\"\"><div class=\"row-bg-wrap\"> <div class=\"row-bg\" ><\/div> <\/div><div class=\"row_col_wrap_12_inner col span_12  left\">\n\t<div  class=\"vc_col-sm-12 wpb_column column_container vc_column_container col child_column padding-2-percent el_spacing_0px inherit_tablet inherit_phone \"   data-border-radius=\"10px\" data-border-animation=\"\" data-border-animation-delay=\"\" data-border-width=\"1px\" data-border-style=\"solid\" data-border-color=\"#d1d1d1\" data-padding-pos=\"all\" data-has-bg-color=\"false\" data-bg-color=\"\" data-bg-opacity=\"1\" data-animation=\"\" data-delay=\"0\" >\n\t\t<div class=\"vc_column-inner\" style=\"border: 1px solid #d1d1d1;\">\n\t\t<div class=\"wpb_wrapper\">\n\t\t\t\n<div class=\"wpb_text_column wpb_content_element \" >\n\t<div class=\"wpb_wrapper\">\n\t\t<h3 style=\"text-align: left;\"><strong>Onze wandelretraite<\/strong> is 5 dagen genieten in een luxe villa vlakbij het strand met de mooiste wandelroutes van de Costa Blanca<\/h3>\n<p style=\"text-align: left;\">De wandelretraite is bedoeld voor iedereen die behoefte heeft aan rust en persoonlijke bezinning. Dit is geen culturele of historische reis, maar een bezinningsvakantie. Het ontdekken en waarnemen dat je doet ligt voornamelijk in jezelf!<\/p>\n<p style=\"text-align: left;\">De dagelijkse meditaties, yoga en wandelingen in de schitterende natuur van Costa Blanca brengen je aandacht helemaal in het \u2018hier en nu\u2019. Je wordt je (weer) bewust van wat voor jou belangrijk is, wat er werkelijk toe doet, waar jij op uit bent<\/p>\n\t<\/div>\n<\/div>\n\n\n\n\n\t\t<\/div> \n\t<\/div>\n\t<\/div> \n<\/div><\/div><h2 style=\"font-size: 40px;text-align: center;font-family:Waiting for the Sunrise;font-weight:400;font-style:normal\" class=\"vc_custom_heading vc_do_custom_heading\" >Kies nu eens voor jezelf!<\/h2>\n\t\t\t<\/div> \n\t\t<\/div>\n\t<\/div> \n<\/div><\/div>\n\t\t<div id=\"fws_69f28dd5053a9\"  data-column-margin=\"default\" data-midnight=\"dark\"  class=\"wpb_row vc_row-fluid vc_row vc_row-o-equal-height vc_row-flex vc_row-o-content-top\"  style=\"padding-top: 0px; padding-bottom: 0px; \"><div class=\"row-bg-wrap\" data-bg-animation=\"none\" data-bg-animation-delay=\"\" data-bg-overlay=\"false\"><div class=\"inner-wrap row-bg-layer\" ><div class=\"row-bg viewport-desktop\"  style=\"\"><\/div><\/div><\/div><div class=\"row_col_wrap_12 col span_12 dark left\">\n\t<div  class=\"vc_col-sm-6 wpb_column column_container vc_column_container col no-extra-padding inherit_tablet inherit_phone \"  data-padding-pos=\"all\" data-has-bg-color=\"false\" data-bg-color=\"\" data-bg-opacity=\"1\" data-animation=\"\" data-delay=\"0\" >\n\t\t<div class=\"vc_column-inner\" >\n\t\t\t<div class=\"wpb_wrapper\">\n\t\t\t\t<div class=\"img-with-aniamtion-wrap center\" data-max-width=\"100%\" data-max-width-mobile=\"default\" data-border-radius=\"10px\" data-shadow=\"none\" data-animation=\"none\" >\n      <div class=\"inner\">\n        <div class=\"hover-wrap\"> \n          <div class=\"hover-wrap-inner\">\n            <img loading=\"lazy\" decoding=\"async\" class=\"img-with-animation skip-lazy nectar-lazy\" data-delay=\"0\" height=\"1000\" width=\"667\" data-animation=\"none\" data-nectar-img-src=\"https:\/\/casabenissa.nl\/wp-content\/uploads\/wandelretraite-benissa.jpg\" src=\"data:image\/svg+xml;charset=utf-8,%3Csvg%20xmlns%3D'http%3A%2F%2Fwww.w3.org%2F2000%2Fsvg'%20viewBox%3D'0%200%20667%201000'%2F%3E\" alt=\"wandelretraite benissa\" data-nectar-img-srcset=\"https:\/\/casabenissa.nl\/wp-content\/uploads\/wandelretraite-benissa.jpg 667w, https:\/\/casabenissa.nl\/wp-content\/uploads\/wandelretraite-benissa-200x300.jpg 200w, https:\/\/casabenissa.nl\/wp-content\/uploads\/wandelretraite-benissa-8x12.jpg 8w, https:\/\/casabenissa.nl\/wp-content\/uploads\/wandelretraite-benissa-600x900.jpg 600w\" sizes=\"auto, (max-width: 667px) 100vw, 667px\" \/>\n          <\/div>\n        <\/div>\n      <\/div>\n    <\/div><div class=\"divider-wrap\" data-alignment=\"default\"><div style=\"height: 20px;\" class=\"divider\"><\/div><\/div>\n\t\t\t<\/div> \n\t\t<\/div>\n\t<\/div> \n\n\t<div  class=\"vc_col-sm-6 wpb_column column_container vc_column_container col no-extra-padding inherit_tablet inherit_phone \"  data-padding-pos=\"all\" data-has-bg-color=\"false\" data-bg-color=\"\" data-bg-opacity=\"1\" data-animation=\"\" data-delay=\"0\" >\n\t\t<div class=\"vc_column-inner\" >\n\t\t\t<div class=\"wpb_wrapper\">\n\t\t\t\t\n<div class=\"wpb_text_column wpb_content_element \" >\n\t<div class=\"wpb_wrapper\">\n\t\t<h3>Wat kan een wandelretraite je brengen?<\/h3>\n<p>Een wandelretraite kan een waardevolle ervaring zijn waarbij je veel kunt halen, zowel op fysiek, mentaal, emotioneel en spiritueel niveau. Hier zijn enkele mogelijke voordelen die je kunt halen uit een wandelretraite:<\/p>\n<ol>\n<li><strong>Stressvermindering:<\/strong> Wandelen in de natuur en het loskomen van de dagelijkse beslommeringen kan stress verminderen en ontspanning bevorderen.<\/li>\n<li><strong>Fysieke gezondheid:<\/strong> Regelmatig wandelen kan bijdragen aan je fysieke gezondheid. Het verbetert de conditie, versterkt de spieren, bevordert de bloedsomloop en kan helpen bij gewichtsbeheersing.<\/li>\n<li><strong>Mentaal welzijn:<\/strong> Tijdens een wandelretraite kun je de kans krijgen om na te denken, te mediteren en je geest te kalmeren. Het kan helpen om helderheid te krijgen over je gedachten en emoties.<\/li>\n<li><strong>Verbinding met de natuur:<\/strong> Wandelen in de natuur kan je helpen om een diepere verbinding met de natuur te ervaren. Dit kan leiden tot een groter gevoel van respect voor het milieu en een gevoel van rust en verwondering.<\/li>\n<li><strong>Zelfreflectie:<\/strong> De rust en stilte tijdens een wandelretraite kunnen je de gelegenheid bieden om dieper na te denken over je leven, doelen en waarden. Het kan helpen bij zelfreflectie en persoonlijke groei.<\/li>\n<li><strong>Sociale connectie:<\/strong> Als je deelneemt aan een groepsretraite, kun je nieuwe mensen ontmoeten en waardevolle sociale connecties opbouwen.<\/li>\n<li><strong>Spirituele groei:<\/strong> Sommige mensen ervaren een diepere spirituele verbinding tijdens een wandelretraite. Dit kan zich uiten in een groter gevoel van betekenis en doel in het leven.<\/li>\n<li><strong>Rust en kalmte:<\/strong> De eenvoud van het dagelijkse leven tijdens een wandelretraite, weg van technologie en afleidingen, kan leiden tot een dieper gevoel van rust en kalmte.<\/li>\n<\/ol>\n<p>Het is belangrijk op te merken dat de specifieke voordelen van een wandelretraite afhangen van je persoonlijke doelen, verwachtingen en de manier waarop de retraite wordt georganiseerd. Het is raadzaam om vooraf onderzoek te doen en de details van de retraite te bekijken om te bepalen of deze aansluit bij wat je hoopt te bereiken.<\/p>\n\t<\/div>\n<\/div>\n\n\n\n\n\t\t\t<\/div> \n\t\t<\/div>\n\t<\/div> \n<\/div><\/div>\n\t\t<div id=\"fws_69f28dd50685a\"  data-column-margin=\"default\" data-midnight=\"dark\"  class=\"wpb_row vc_row-fluid vc_row\"  style=\"padding-top: 0px; padding-bottom: 0px; \"><div class=\"row-bg-wrap\" data-bg-animation=\"none\" data-bg-animation-delay=\"\" data-bg-overlay=\"false\"><div class=\"inner-wrap row-bg-layer\" ><div class=\"row-bg viewport-desktop\"  style=\"\"><\/div><\/div><\/div><div class=\"row_col_wrap_12 col span_12 dark left\">\n\t<div  class=\"vc_col-sm-12 wpb_column column_container vc_column_container col no-extra-padding inherit_tablet inherit_phone \"  data-padding-pos=\"all\" data-has-bg-color=\"false\" data-bg-color=\"\" data-bg-opacity=\"1\" data-animation=\"\" data-delay=\"0\" >\n\t\t<div class=\"vc_column-inner\" >\n\t\t\t<div class=\"wpb_wrapper\">\n\t\t\t\t<div class=\"divider-wrap\" data-alignment=\"default\"><div style=\"height: 20px;\" class=\"divider\"><\/div><\/div><div class=\"nectar-highlighted-text\" data-style=\"full_text\" data-exp=\"default\" data-using-custom-color=\"false\" data-animation-delay=\"false\" data-color=\"\" data-color-gradient=\"\" style=\"\"><h2>Hoe kan je week eruit zien?<\/h2>\n<\/div>\n\t\t\t<\/div> \n\t\t<\/div>\n\t<\/div> \n<\/div><\/div>\n\t\t<div id=\"fws_69f28dd507386\"  data-column-margin=\"default\" data-midnight=\"dark\"  class=\"wpb_row vc_row-fluid vc_row vc_row-o-equal-height vc_row-flex\"  style=\"padding-top: 0px; padding-bottom: 0px; \"><div class=\"row-bg-wrap\" data-bg-animation=\"none\" data-bg-animation-delay=\"\" data-bg-overlay=\"false\"><div class=\"inner-wrap row-bg-layer\" ><div class=\"row-bg viewport-desktop\"  style=\"\"><\/div><\/div><\/div><div class=\"row_col_wrap_12 col span_12 dark center\">\n\t<div  class=\"vc_col-sm-6 wpb_column column_container vc_column_container col padding-2-percent inherit_tablet inherit_phone \"  data-border-radius=\"10px\" data-border-animation=\"\" data-border-animation-delay=\"\" data-border-width=\"1px\" data-border-style=\"solid\" data-border-color=\"#d1d1d1\" data-padding-pos=\"all\" data-has-bg-color=\"false\" data-bg-color=\"\" data-bg-opacity=\"1\" data-animation=\"\" data-delay=\"0\" >\n\t\t<div class=\"vc_column-inner\" style=\"border: 1px solid #d1d1d1;\">\n\t\t\t<div class=\"wpb_wrapper\">\n\t\t\t\t\n<div class=\"wpb_text_column wpb_content_element \" >\n\t<div class=\"wpb_wrapper\">\n\t\t<h3 style=\"text-align: left;\"><strong>Dag 1<\/strong><\/h3>\n<ul style=\"text-align: left;\">\n<li>Ontvangst vliegveld Alicante Airport en vervoer naar villa (Dit kan met een busje zijn of wij regelen een mooie treinreis langs de kust)<\/li>\n<li>Ontvangst met een glaasje bubbels of verse sap en meet en greet medewandelaars<\/li>\n<li>Duik in het zwembad of jaccuzi<\/li>\n<li>Indien de tijd het toe laat een korte wandeling in de mooie omgeving van de villa<\/li>\n<li>Rond 20u wordt het diner geserveerd<\/li>\n<li>Heerlijk ontspannen nacht in onze mooie villa<\/li>\n<\/ul>\n<h3 style=\"text-align: left;\"><strong>Dag 2<\/strong><\/h3>\n<ul style=\"text-align: left;\">\n<li>In de ochtend staat een bezinningsmeditatie op het programma.<\/li>\n<li>Na de warme middagmaaltijd bij de villa wandelen we voornamelijk in stilte van Benissa naar de berg van Calpe. De Ifach, zoals de berg van Calpe in de volksmond heet, is circa 325 meter hoog en geeft een prachtig uitzicht op Moraira, Calpe en Albir aan de Costa Blanca.<\/li>\n<li>De avond is ter vrije besteding en is er voor de liefhebbers de mogelijkheid om een massage te boeken.<\/li>\n<\/ul>\n<h3 style=\"text-align: left;\"><strong>Dag 3<\/strong><\/h3>\n<ul>\n<li style=\"text-align: left;\">Een half uur voor zonsopgang staat er een ochtend stiltewandeling op het programma. Een ieder is vrij om hieraan al dan niet deel te nemen. We ervaren het ontwaken van de natuur, ieder met zijn\u00a0eigen gedachten. Na verloop van tijd zoekt ieder een eigen plaatsje in de natuur voor persoonlijke reflectie en bezinning.<\/li>\n<li style=\"text-align: left;\">Deze wandeling eindigt met een duik in de zee of zwembad.<\/li>\n<li style=\"text-align: left;\">Na een uitgebreide lunch bij de villa is de middag is vrij te besteden waarbij de mogelijkheid bestaat om mee te gaan naar een leuke Spaanse dorpjes in de buurt.<\/li>\n<li style=\"text-align: left;\">&#8217;s Avonds een uitstapje voor degene die mee willen; &#8220;Eat as the locals&#8221;.<br \/>\nOp zoek naar de lokale Spaanse bodega&#8217;s voor de lekkerste tapas en paella.<\/li>\n<\/ul>\n\t<\/div>\n<\/div>\n\n\n\n\n\t\t\t<\/div> \n\t\t<\/div>\n\t<\/div> \n\n\t<div  class=\"vc_col-sm-6 wpb_column column_container vc_column_container col padding-2-percent force-desktop-text-align-left inherit_tablet inherit_phone \"  data-border-radius=\"10px\" data-border-animation=\"\" data-border-animation-delay=\"\" data-border-width=\"1px\" data-border-style=\"solid\" data-border-color=\"#d1d1d1\" data-padding-pos=\"all\" data-has-bg-color=\"false\" data-bg-color=\"\" data-bg-opacity=\"1\" data-animation=\"\" data-delay=\"0\" >\n\t\t<div class=\"vc_column-inner\" style=\"border: 1px solid #d1d1d1;\">\n\t\t\t<div class=\"wpb_wrapper\">\n\t\t\t\t\n<div class=\"wpb_text_column wpb_content_element \" >\n\t<div class=\"wpb_wrapper\">\n\t\t<h3><strong>Dag 4<\/strong><\/h3>\n<ul>\n<li>Deze dag starten we met een uitgebreide Yoga sessie en na het ontbijt maken we een wandeling door de bergen van Javea<\/li>\n<li>&#8217;s Middags gaan we suppen langs de kust van Benissa<\/li>\n<li>In avond gaan we een zonsondergang wandeling maken op \u00e9\u00e9n van de meest spectaculaire uitzichten van de Costa Blanca.<\/li>\n<\/ul>\n<h3><strong>Dag 5<\/strong><\/h3>\n<ul>\n<li>Ochtendwandeling<\/li>\n<li>Laatste duik in het zwembad<\/li>\n<li>Vervoer naar vliegveld<\/li>\n<li>Ik zeg u geen vaarwel, we zullen elkaar weer zien<\/li>\n<\/ul>\n<h3><strong>Wat in overleg ook mogelijk is &#8230;..<\/strong><\/h3>\n<ul>\n<li>blablabla<\/li>\n<\/ul>\n\t<\/div>\n<\/div>\n\n\n\n\n\t\t\t<\/div> \n\t\t<\/div>\n\t<\/div> \n<\/div><\/div>\n\t\t<div id=\"fws_69f28dd5081ea\"  data-column-margin=\"default\" data-midnight=\"dark\"  class=\"wpb_row vc_row-fluid vc_row\"  style=\"padding-top: 0px; padding-bottom: 0px; \"><div class=\"row-bg-wrap\" data-bg-animation=\"none\" data-bg-animation-delay=\"\" data-bg-overlay=\"false\"><div class=\"inner-wrap row-bg-layer\" ><div class=\"row-bg viewport-desktop\"  style=\"\"><\/div><\/div><\/div><div class=\"row_col_wrap_12 col span_12 dark center\">\n\t<div style=\"margin-top: 10px; margin-bottom: -20px; \" class=\"vc_col-sm-12 wpb_column column_container vc_column_container col no-extra-padding inherit_tablet inherit_phone \"  data-border-radius=\"10px\" data-padding-pos=\"all\" data-has-bg-color=\"false\" data-bg-color=\"\" data-bg-opacity=\"1\" data-animation=\"\" data-delay=\"0\" >\n\t\t<div class=\"vc_column-inner\" >\n\t\t\t<div class=\"wpb_wrapper\">\n\t\t\t\t<a class=\"nectar-button jumbo see-through-2  wpb_animate_when_almost_visible wpb_bounce bounce\"  role=\"button\" style=\"margin-right: 20px; border-color: #000000; color: #000000;\"  href=\"\/contact\/\" data-color-override=\"#000000\"  data-hover-color-override=\"#d5e6f6\" data-hover-text-color-override=\"#000000\"><span>Ik heb een vraag<\/span><\/a><a class=\"nectar-button jumbo see-through-2  wpb_animate_when_almost_visible wpb_swing swing\"  role=\"button\" style=\"border-color: #000000; color: #000000;\"  href=\"\/inschrijven\/\" data-color-override=\"#000000\"  data-hover-color-override=\"#d4e8cc\" data-hover-text-color-override=\"#000000\"><span>Ik wil mee!<\/span><\/a>\n\t\t\t<\/div> \n\t\t<\/div>\n\t<\/div> \n<\/div><\/div>\n\t\t<div id=\"fws_69f28dd508ddb\"  data-column-margin=\"default\" data-midnight=\"dark\"  class=\"wpb_row vc_row-fluid vc_row\"  style=\"padding-top: 0px; padding-bottom: 0px; \"><div class=\"row-bg-wrap\" data-bg-animation=\"none\" data-bg-animation-delay=\"\" data-bg-overlay=\"false\"><div class=\"inner-wrap row-bg-layer\" ><div class=\"row-bg viewport-desktop\"  style=\"\"><\/div><\/div><\/div><div class=\"row_col_wrap_12 col span_12 dark left\">\n\t<div  class=\"vc_col-sm-12 wpb_column column_container vc_column_container col padding-2-percent inherit_tablet inherit_phone \"  data-border-radius=\"10px\" data-padding-pos=\"all\" data-has-bg-color=\"false\" data-bg-color=\"\" data-bg-opacity=\"1\" data-animation=\"\" data-delay=\"0\" >\n\t\t<div class=\"vc_column-inner\" >\n\t\t\t<div class=\"wpb_wrapper\">\n\t\t\t\t<div class=\"nectar-highlighted-text\" data-style=\"full_text\" data-exp=\"default\" data-using-custom-color=\"false\" data-animation-delay=\"false\" data-color=\"\" data-color-gradient=\"\" style=\"\"><h2>Wat kan je verwachten?<\/h2>\n<\/div>\n\t\t\t<\/div> \n\t\t<\/div>\n\t<\/div> \n<\/div><\/div>\n\t\t<div id=\"fws_69f28dd509732\"  data-column-margin=\"default\" data-midnight=\"dark\"  class=\"wpb_row vc_row-fluid vc_row vc_row-o-equal-height vc_row-flex\"  style=\"padding-top: 0px; padding-bottom: 0px; \"><div class=\"row-bg-wrap\" data-bg-animation=\"none\" data-bg-animation-delay=\"\" data-bg-overlay=\"false\"><div class=\"inner-wrap row-bg-layer\" ><div class=\"row-bg viewport-desktop\"  style=\"\"><\/div><\/div><\/div><div class=\"row_col_wrap_12 col span_12 dark center\">\n\t<div  class=\"vc_col-sm-6 wpb_column column_container vc_column_container col padding-2-percent inherit_tablet inherit_phone \"  data-border-radius=\"10px\" data-border-animation=\"\" data-border-animation-delay=\"\" data-border-width=\"1px\" data-border-style=\"solid\" data-border-color=\"#d1d1d1\" data-padding-pos=\"all\" data-has-bg-color=\"false\" data-bg-color=\"\" data-bg-opacity=\"1\" data-animation=\"\" data-delay=\"0\" >\n\t\t<div class=\"vc_column-inner\" style=\"border: 1px solid #d1d1d1;\">\n\t\t\t<div class=\"wpb_wrapper\">\n\t\t\t\t\n<div class=\"wpb_text_column wpb_content_element \" >\n\t<div class=\"wpb_wrapper\">\n\t\t<p style=\"text-align: left;\"><strong>5 dagen genieten van mooie wandelingen met bezinnend karakter en biedt tevens de mogelijkheid tot stiltewandelingen of bezinningsmomenten in de natuur. Op verzoek kan je ook kiezen voor een ontspannen massage of yoga.<\/strong><\/p>\n<p style=\"text-align: left;\">Tijdens de 5-daagse wandelretraite zet je vijf stappen die je helpen om je pad te hervinden. Je gaat aan de slag met antwoorden op de vragen: \u201cWaar sta ik, waar wil ik heen, wat houdt me tegen en hoe kan ik dat veranderen, zodat ik MIJN pad kan vervolgen\u201d.<\/p>\n<ul style=\"text-align: center;\">\n<li style=\"text-align: left;\">\n<p class=\"\">De ontspanningsretraite gaat door bij een minimum bezetting van 6 personen en max 8.<\/p>\n<\/li>\n<li style=\"text-align: left;\">\n<p class=\"\">Kom je alleen? Dat kan, er zijn nog mensen die alleen komen, dan slaap je op een kamer met een medewandelaar. Zo leer je nieuwe mensen sneller kennen.<\/p>\n<\/li>\n<li style=\"text-align: left;\">\n<p class=\"\">Kamer alleen is niet mogelijk aangezien de plaatsen heel beperkt zijn.<\/p>\n<\/li>\n<li style=\"text-align: left;\">Iedereen is welkom mits redelijk goed ter been aangezien de wandelingen vrij stijl zijn.<\/li>\n<li style=\"text-align: left;\">Wij bieden een volledig progamma aan en jij ziet maar hoe je je voelt die dag, vooral doen waar je zin in hebt \u2026 niks moet, alles kan en mag.<\/li>\n<li style=\"text-align: left;\">Doe je dit liever met alleen bekenden. Ook dit kan! Stel dan zelf jouw eigen toffe groep van minstens 6 personen\u00a0samen en wij doen de rest\u2026<\/li>\n<li style=\"text-align: left;\">Wij denken aan onze buren en na 23:00 is het rustig bij de villa.<\/li>\n<li style=\"text-align: left;\">\n<p class=\"\">Zijn er nog eventuele extra wensen die wij zijn vergeten maar die we misschien wel kunnen fixen? Of heb je bepaalde voedselallergie\u00ebn? Laat het ons zeker weten!<\/p>\n<\/li>\n<li style=\"text-align: left;\">\n<p class=\"\">Leeftijd van de workshop is tussen de 18 en 80<\/p>\n<\/li>\n<li style=\"text-align: left;\">Wandelretraite kan zakelijke geboekt worden<\/li>\n<\/ul>\n\t<\/div>\n<\/div>\n\n\n\n\n\t\t\t<\/div> \n\t\t<\/div>\n\t<\/div> \n\n\t<div  class=\"vc_col-sm-6 wpb_column column_container vc_column_container col padding-2-percent inherit_tablet inherit_phone \"  data-border-radius=\"10px\" data-border-animation=\"\" data-border-animation-delay=\"\" data-border-width=\"1px\" data-border-style=\"solid\" data-border-color=\"#d1d1d1\" data-padding-pos=\"all\" data-has-bg-color=\"false\" data-bg-color=\"\" data-bg-opacity=\"1\" data-animation=\"\" data-delay=\"0\" >\n\t\t<div class=\"vc_column-inner\" style=\"border: 1px solid #d1d1d1;\">\n\t\t\t<div class=\"wpb_wrapper\">\n\t\t\t\t<div class=\"img-with-aniamtion-wrap \" data-max-width=\"100%\" data-max-width-mobile=\"default\" data-border-radius=\"10px\" data-shadow=\"none\" data-animation=\"none\" >\n      <div class=\"inner\">\n        <div class=\"hover-wrap\"> \n          <div class=\"hover-wrap-inner\">\n            <img loading=\"lazy\" decoding=\"async\" class=\"img-with-animation skip-lazy\" data-delay=\"0\" height=\"1000\" width=\"655\" data-animation=\"none\" src=\"https:\/\/casabenissa.nl\/wp-content\/uploads\/wandelretraite-costa-blanca.jpg\" alt=\"wandelretraite costa blanca\" srcset=\"https:\/\/casabenissa.nl\/wp-content\/uploads\/wandelretraite-costa-blanca.jpg 655w, https:\/\/casabenissa.nl\/wp-content\/uploads\/wandelretraite-costa-blanca-197x300.jpg 197w, https:\/\/casabenissa.nl\/wp-content\/uploads\/wandelretraite-costa-blanca-8x12.jpg 8w, https:\/\/casabenissa.nl\/wp-content\/uploads\/wandelretraite-costa-blanca-600x916.jpg 600w\" sizes=\"auto, (max-width: 655px) 100vw, 655px\" \/>\n          <\/div>\n        <\/div>\n      <\/div>\n    <\/div>\n\t\t\t<\/div> \n\t\t<\/div>\n\t<\/div> \n<\/div><\/div>\n\t\t<div id=\"fws_69f28dd50a880\"  data-column-margin=\"default\" data-midnight=\"dark\"  class=\"wpb_row vc_row-fluid vc_row\"  style=\"padding-top: 0px; padding-bottom: 0px; \"><div class=\"row-bg-wrap\" data-bg-animation=\"none\" data-bg-animation-delay=\"\" data-bg-overlay=\"false\"><div class=\"inner-wrap row-bg-layer\" ><div class=\"row-bg viewport-desktop\"  style=\"\"><\/div><\/div><\/div><div class=\"row_col_wrap_12 col span_12 dark left\">\n\t<div  class=\"vc_col-sm-12 wpb_column column_container vc_column_container col padding-2-percent inherit_tablet inherit_phone \"  data-border-radius=\"10px\" data-padding-pos=\"all\" data-has-bg-color=\"false\" data-bg-color=\"\" data-bg-opacity=\"1\" data-animation=\"\" data-delay=\"0\" >\n\t\t<div class=\"vc_column-inner\" >\n\t\t\t<div class=\"wpb_wrapper\">\n\t\t\t\t<div class=\"nectar-highlighted-text\" data-style=\"full_text\" data-exp=\"default\" data-using-custom-color=\"false\" data-animation-delay=\"false\" data-color=\"\" data-color-gradient=\"\" style=\"\"><h2>Wanneer is de volgende training gepland<\/h2>\n<\/div>\n\t\t\t<\/div> \n\t\t<\/div>\n\t<\/div> \n<\/div><\/div>\n\t\t<div id=\"fws_69f28dd50b164\"  data-column-margin=\"default\" data-midnight=\"dark\"  class=\"wpb_row vc_row-fluid vc_row\"  style=\"padding-top: 0px; padding-bottom: 0px; \"><div class=\"row-bg-wrap\" data-bg-animation=\"none\" data-bg-animation-delay=\"\" data-bg-overlay=\"false\"><div class=\"inner-wrap row-bg-layer\" ><div class=\"row-bg viewport-desktop\"  style=\"\"><\/div><\/div><\/div><div class=\"row_col_wrap_12 col span_12 dark left\">\n\t<div  class=\"vc_col-sm-12 wpb_column column_container vc_column_container col padding-2-percent inherit_tablet inherit_phone \"  data-border-radius=\"10px\" data-padding-pos=\"all\" data-has-bg-color=\"false\" data-bg-color=\"\" data-bg-opacity=\"1\" data-animation=\"\" data-delay=\"0\" >\n\t\t<div class=\"vc_column-inner\" >\n\t\t\t<div class=\"wpb_wrapper\">\n\t\t\t\t<div class=\"nectar-highlighted-text\" data-style=\"full_text\" data-exp=\"default\" data-using-custom-color=\"false\" data-animation-delay=\"false\" data-color=\"\" data-color-gradient=\"\" style=\"\"><p>[add_eventon_list number_of_months=&#8221;12&#8243; event_type=&#8221;46&#8243; hide_empty_months=&#8221;yes&#8221;]<\/p>\n<\/div>\n\t\t\t<\/div> \n\t\t<\/div>\n\t<\/div> \n<\/div><\/div>\n\t\t<div id=\"fws_69f28dd50ba2d\"  data-column-margin=\"default\" data-midnight=\"dark\"  class=\"wpb_row vc_row-fluid vc_row\"  style=\"padding-top: 0px; padding-bottom: 0px; \"><div class=\"row-bg-wrap\" data-bg-animation=\"none\" data-bg-animation-delay=\"\" data-bg-overlay=\"false\"><div class=\"inner-wrap row-bg-layer\" ><div class=\"row-bg viewport-desktop\"  style=\"\"><\/div><\/div><\/div><div class=\"row_col_wrap_12 col span_12 dark left\">\n\t<div  class=\"vc_col-sm-12 wpb_column column_container vc_column_container col padding-2-percent inherit_tablet inherit_phone \"  data-border-radius=\"10px\" data-padding-pos=\"all\" data-has-bg-color=\"false\" data-bg-color=\"\" data-bg-opacity=\"1\" data-animation=\"\" data-delay=\"0\" >\n\t\t<div class=\"vc_column-inner\" >\n\t\t\t<div class=\"wpb_wrapper\">\n\t\t\t\t<div class=\"nectar-highlighted-text\" data-style=\"full_text\" data-exp=\"default\" data-using-custom-color=\"false\" data-animation-delay=\"false\" data-color=\"\" data-color-gradient=\"\" style=\"\"><h2>Quanta Costa?<\/h2>\n<\/div>\n\t\t\t<\/div> \n\t\t<\/div>\n\t<\/div> \n<\/div><\/div>\n\t\t<div id=\"fws_69f28dd50c2ea\"  data-column-margin=\"default\" data-midnight=\"dark\"  class=\"wpb_row vc_row-fluid vc_row vc_row-o-equal-height vc_row-flex\"  style=\"padding-top: 0px; padding-bottom: 0px; \"><div class=\"row-bg-wrap\" data-bg-animation=\"none\" data-bg-animation-delay=\"\" data-bg-overlay=\"false\"><div class=\"inner-wrap row-bg-layer\" ><div class=\"row-bg viewport-desktop\"  style=\"\"><\/div><\/div><\/div><div class=\"row_col_wrap_12 col span_12 dark left\">\n\t<div  class=\"vc_col-sm-6 wpb_column column_container vc_column_container col padding-2-percent inherit_tablet inherit_phone \"  data-border-radius=\"10px\" data-border-animation=\"\" data-border-animation-delay=\"\" data-border-width=\"1px\" data-border-style=\"solid\" data-border-color=\"#d1d1d1\" data-padding-pos=\"all\" data-has-bg-color=\"false\" data-bg-color=\"\" data-bg-opacity=\"1\" data-animation=\"\" data-delay=\"0\" >\n\t\t<div class=\"vc_column-inner\" style=\"border: 1px solid #d1d1d1;\">\n\t\t\t<div class=\"wpb_wrapper\">\n\t\t\t\t\n<div class=\"wpb_text_column wpb_content_element \" >\n\t<div class=\"wpb_wrapper\">\n\t\t<h3>Investering in jezelf<\/h3>\n<ul data-rte-list=\"default\">\n<li>\n<p class=\"\"><strong>\u20ac 1099,- <\/strong>all in Per Persoon incl. IVA en toeristenbelasting<\/p>\n<\/li>\n<li>40% teruggave indien meer dan 1 maand voor datum, 20% teruggave indien annulering minder dan 1 maand voor datum.<\/li>\n<li>\n<p class=\"\">80 % teruggave indien annuleringmeer dan 2 maand op voorhand.<\/p>\n<\/li>\n<li>\n<p class=\"\">100 % teruggave als je zelf voor een vervanger zorgt\u00a0\u00a0(maar dat zou heel stom zijn\u00a0\ud83d\ude09).<\/p>\n<\/li>\n<li>U kunt een factuur ontvangen als u wenst<\/li>\n<li>\n<p class=\"\">Uw reservatie is pas definitief na betaling!<\/p>\n<\/li>\n<\/ul>\n\t<\/div>\n<\/div>\n\n\n\n\n\t\t\t<\/div> \n\t\t<\/div>\n\t<\/div> \n\n\t<div  class=\"vc_col-sm-6 wpb_column column_container vc_column_container col padding-2-percent inherit_tablet inherit_phone \"  data-border-radius=\"10px\" data-border-animation=\"\" data-border-animation-delay=\"\" data-border-width=\"1px\" data-border-style=\"solid\" data-border-color=\"#d1d1d1\" data-padding-pos=\"all\" data-has-bg-color=\"false\" data-bg-color=\"\" data-bg-opacity=\"1\" data-animation=\"\" data-delay=\"0\" >\n\t\t<div class=\"vc_column-inner\" style=\"border: 1px solid #d1d1d1;\">\n\t\t\t<div class=\"wpb_wrapper\">\n\t\t\t\t\n<div class=\"wpb_text_column wpb_content_element \" >\n\t<div class=\"wpb_wrapper\">\n\t\t<h3>Inbegrepen<\/h3>\n<ul>\n<li>Vervoer van en naar het vliegveld (Kan ook een mooie treinreis zijn)<\/li>\n<li>4 nachten in een fantastische villa met priv\u00e9 zwembad<\/li>\n<li>4X uitgebreid ontbijt &amp; lunch<\/li>\n<li>Diner op dag1, dag2 en dag4 (Avond dag 3 is vrije keuze)<\/li>\n<li>Suples en huur van de sup<\/li>\n<li>De hele dag gratis thee, koffie, water in de villa<\/li>\n<\/ul>\n\t<\/div>\n<\/div>\n\n\n\n\n<div class=\"wpb_text_column wpb_content_element \" >\n\t<div class=\"wpb_wrapper\">\n\t\t<h3>Niet Inbegrepen<\/h3>\n<ul>\n<li>Vliegticket (Wij kunnen u wel adviseren welke luchthaven en welke maatschappij u het beste kunt nemen).<br \/>\nAls u op tijd boekt, kost een retour +\/- \u20ac 150,-<\/li>\n<li>Verse sappen, en alcoholische dranken worden verkocht tegen lokale lage prijzen<\/li>\n<li>Eat as the locals (Uitstapje 3e avond)<\/li>\n<\/ul>\n\t<\/div>\n<\/div>\n\n\n\n\n\t\t\t<\/div> \n\t\t<\/div>\n\t<\/div> \n<\/div><\/div>\n\t\t<div id=\"fws_69f28dd50d209\"  data-column-margin=\"default\" data-midnight=\"dark\"  class=\"wpb_row vc_row-fluid vc_row\"  style=\"padding-top: 0px; padding-bottom: 0px; \"><div class=\"row-bg-wrap\" data-bg-animation=\"none\" data-bg-animation-delay=\"\" data-bg-overlay=\"false\"><div class=\"inner-wrap row-bg-layer\" ><div class=\"row-bg viewport-desktop\"  style=\"\"><\/div><\/div><\/div><div class=\"row_col_wrap_12 col span_12 dark left\">\n\t<div  class=\"vc_col-sm-12 wpb_column column_container vc_column_container col padding-2-percent inherit_tablet inherit_phone \"  data-border-radius=\"10px\" data-padding-pos=\"all\" data-has-bg-color=\"false\" data-bg-color=\"\" data-bg-opacity=\"1\" data-animation=\"\" data-delay=\"0\" >\n\t\t<div class=\"vc_column-inner\" >\n\t\t\t<div class=\"wpb_wrapper\">\n\t\t\t\t<div class=\"nectar-highlighted-text\" data-style=\"full_text\" data-exp=\"default\" data-using-custom-color=\"false\" data-animation-delay=\"false\" data-color=\"\" data-color-gradient=\"\" style=\"\"><h2>Let&#8217;s go!<\/h2>\n<\/div>\n\t\t\t<\/div> \n\t\t<\/div>\n\t<\/div> \n<\/div><\/div>\n\t\t<div id=\"fws_69f28dd50daaa\"  data-column-margin=\"default\" data-midnight=\"dark\"  class=\"wpb_row vc_row-fluid vc_row\"  style=\"padding-top: 0px; padding-bottom: 0px; \"><div class=\"row-bg-wrap\" data-bg-animation=\"none\" data-bg-animation-delay=\"\" data-bg-overlay=\"false\"><div class=\"inner-wrap row-bg-layer\" ><div class=\"row-bg viewport-desktop\"  style=\"\"><\/div><\/div><\/div><div class=\"row_col_wrap_12 col span_12 dark left\">\n\t<div  class=\"vc_col-sm-12 wpb_column column_container vc_column_container col padding-2-percent inherit_tablet inherit_phone \"  data-border-radius=\"10px\" data-border-animation=\"\" data-border-animation-delay=\"\" data-border-width=\"1px\" data-border-style=\"solid\" data-border-color=\"#d1d1d1\" data-padding-pos=\"all\" data-has-bg-color=\"false\" data-bg-color=\"\" data-bg-opacity=\"1\" data-animation=\"\" data-delay=\"0\" >\n\t\t<div class=\"vc_column-inner\" style=\"border: 1px solid #d1d1d1;\">\n\t\t\t<div class=\"wpb_wrapper\">\n\t\t\t\t\n<div class=\"wpb_text_column wpb_content_element \" >\n\t<div class=\"wpb_wrapper\">\n\t\t<h3>Wil je mee?<\/h3>\n<p class=\"\">Schrijf je in via ons <a href=\"\/inschrijven\/\">inschrijformulier<\/a>.<\/p>\n<p>De beschikbare data komen snel op de website<\/p>\n<p>Je krijgt uiterlijk een maand van te voren te horen of er minimaal 6 medegenieters zijn en de reis definitief doorgaat.<\/p>\n<p>&nbsp;<\/p>\n<h3>Voorbereiding voor de wandelretraite<\/h3>\n<ul>\n<li>Neem goede stevige schoenen aan<\/li>\n<li>Zorg voor een hervulbare waterfles<\/li>\n<li>Neem een kleine fles zonnebrand mee (minder dan 100ml)<\/li>\n<li>Neem een trui mee (in de wintermaanden)<\/li>\n<li>Zorg voor ademende kleding<\/li>\n<li>Neem voor bovenstaande zaken een rugzak mee zodat je je handen vrij hebt voor het klimmen<\/li>\n<li>Neem een kleine handdoek mee voor na het zwemmen in de zee.<\/li>\n<\/ul>\n\t<\/div>\n<\/div>\n\n\n\n\n\t\t\t<\/div> \n\t\t<\/div>\n\t<\/div> \n<\/div><\/div>\n\t\t<div id=\"fws_69f28dd50e349\"  data-column-margin=\"default\" data-midnight=\"dark\"  class=\"wpb_row vc_row-fluid vc_row\"  style=\"padding-top: 0px; padding-bottom: 0px; \"><div class=\"row-bg-wrap\" data-bg-animation=\"none\" data-bg-animation-delay=\"\" data-bg-overlay=\"false\"><div class=\"inner-wrap row-bg-layer\" ><div class=\"row-bg viewport-desktop\"  style=\"\"><\/div><\/div><\/div><div class=\"row_col_wrap_12 col span_12 dark center\">\n\t<div  class=\"vc_col-sm-12 wpb_column column_container vc_column_container col padding-2-percent inherit_tablet inherit_phone \"  data-border-radius=\"10px\" data-padding-pos=\"all\" data-has-bg-color=\"false\" data-bg-color=\"\" data-bg-opacity=\"1\" data-animation=\"\" data-delay=\"0\" >\n\t\t<div class=\"vc_column-inner\" >\n\t\t\t<div class=\"wpb_wrapper\">\n\t\t\t\t<a class=\"nectar-button jumbo see-through-2  wpb_animate_when_almost_visible wpb_bounce bounce\"  role=\"button\" style=\"margin-right: 20px; border-color: #000000; color: #000000;\"  href=\"\/contact\/\" data-color-override=\"#000000\"  data-hover-color-override=\"#d5e6f6\" data-hover-text-color-override=\"#000000\"><span>Is dit ook mogelijk?<\/span><\/a><a class=\"nectar-button jumbo see-through-2  wpb_animate_when_almost_visible wpb_swing swing\"  role=\"button\" style=\"border-color: #000000; color: #000000;\"  href=\"\/inschrijven\/\" data-color-override=\"#000000\"  data-hover-color-override=\"#d4e8cc\" data-hover-text-color-override=\"#000000\"><span>Let's do it!<\/span><\/a>\n\t\t\t<\/div> \n\t\t<\/div>\n\t<\/div> \n<\/div><\/div>\n","protected":false},"excerpt":{"rendered":"","protected":false},"author":1,"featured_media":2029,"parent":6,"menu_order":0,"comment_status":"closed","ping_status":"closed","template":"","meta":{"footnotes":""},"class_list":["post-11","page","type-page","status-publish","has-post-thumbnail"],"yoast_head":"<!-- This site is optimized with the Yoast SEO Premium plugin v21.3 (Yoast SEO v27.5) - https:\/\/yoast.com\/product\/yoast-seo-premium-wordpress\/ -->\n<title>Wandelretraite<\/title>\n<meta name=\"description\" content=\"Onze wandelretraite in Spanje is 5 dagen genieten in een luxe villa vlakbij het strand met de mooiste wandelroutes van de Costa Blanca.\" \/>\n<meta name=\"robots\" content=\"index, follow, max-snippet:-1, max-image-preview:large, max-video-preview:-1\" \/>\n<link rel=\"canonical\" href=\"https:\/\/casabenissa.nl\/es\/retraite-in-costa-blanca-spanje\/retiro-de-senderismo\/\" \/>\n<meta property=\"og:locale\" content=\"es_ES\" \/>\n<meta property=\"og:type\" content=\"article\" \/>\n<meta property=\"og:title\" content=\"Wandelretraite\" \/>\n<meta property=\"og:description\" content=\"Onze wandelretraite in Spanje is 5 dagen genieten in een luxe villa vlakbij het strand met de mooiste wandelroutes van de Costa Blanca.\" \/>\n<meta property=\"og:url\" content=\"https:\/\/casabenissa.nl\/es\/retraite-in-costa-blanca-spanje\/retiro-de-senderismo\/\" \/>\n<meta property=\"og:site_name\" content=\"Casa Benissa\" \/>\n<meta property=\"article:modified_time\" content=\"2023-10-22T19:14:10+00:00\" \/>\n<meta property=\"og:image\" content=\"https:\/\/casabenissa.nl\/wp-content\/uploads\/wandelretraite-costa-blanca.jpg\" \/>\n\t<meta property=\"og:image:width\" content=\"655\" \/>\n\t<meta property=\"og:image:height\" content=\"1000\" \/>\n\t<meta property=\"og:image:type\" content=\"image\/jpeg\" \/>\n<meta name=\"twitter:card\" content=\"summary_large_image\" \/>\n<meta name=\"twitter:label1\" content=\"Tiempo de lectura\" \/>\n\t<meta name=\"twitter:data1\" content=\"12 minutos\" \/>\n<script type=\"application\/ld+json\" class=\"yoast-schema-graph\">{\"@context\":\"https:\\\/\\\/schema.org\",\"@graph\":[{\"@type\":\"WebPage\",\"@id\":\"https:\\\/\\\/casabenissa.nl\\\/retraite-in-costa-blanca-spanje\\\/wandel-retraite\\\/\",\"url\":\"https:\\\/\\\/casabenissa.nl\\\/retraite-in-costa-blanca-spanje\\\/wandel-retraite\\\/\",\"name\":\"Wandelretraite\",\"isPartOf\":{\"@id\":\"https:\\\/\\\/vh2023izdeb-0.hosting-space.nl\\\/#website\"},\"primaryImageOfPage\":{\"@id\":\"https:\\\/\\\/casabenissa.nl\\\/retraite-in-costa-blanca-spanje\\\/wandel-retraite\\\/#primaryimage\"},\"image\":{\"@id\":\"https:\\\/\\\/casabenissa.nl\\\/retraite-in-costa-blanca-spanje\\\/wandel-retraite\\\/#primaryimage\"},\"thumbnailUrl\":\"https:\\\/\\\/casabenissa.nl\\\/wp-content\\\/uploads\\\/wandelretraite-costa-blanca.jpg\",\"datePublished\":\"2023-09-05T07:08:39+00:00\",\"dateModified\":\"2023-10-22T19:14:10+00:00\",\"description\":\"Onze wandelretraite in Spanje is 5 dagen genieten in een luxe villa vlakbij het strand met de mooiste wandelroutes van de Costa Blanca.\",\"breadcrumb\":{\"@id\":\"https:\\\/\\\/casabenissa.nl\\\/retraite-in-costa-blanca-spanje\\\/wandel-retraite\\\/#breadcrumb\"},\"inLanguage\":\"es\",\"potentialAction\":[{\"@type\":\"ReadAction\",\"target\":[\"https:\\\/\\\/casabenissa.nl\\\/retraite-in-costa-blanca-spanje\\\/wandel-retraite\\\/\"]}]},{\"@type\":\"ImageObject\",\"inLanguage\":\"es\",\"@id\":\"https:\\\/\\\/casabenissa.nl\\\/retraite-in-costa-blanca-spanje\\\/wandel-retraite\\\/#primaryimage\",\"url\":\"https:\\\/\\\/casabenissa.nl\\\/wp-content\\\/uploads\\\/wandelretraite-costa-blanca.jpg\",\"contentUrl\":\"https:\\\/\\\/casabenissa.nl\\\/wp-content\\\/uploads\\\/wandelretraite-costa-blanca.jpg\",\"width\":655,\"height\":1000,\"caption\":\"wandelretraite costa blanca\"},{\"@type\":\"BreadcrumbList\",\"@id\":\"https:\\\/\\\/casabenissa.nl\\\/retraite-in-costa-blanca-spanje\\\/wandel-retraite\\\/#breadcrumb\",\"itemListElement\":[{\"@type\":\"ListItem\",\"position\":1,\"name\":\"Home\",\"item\":\"https:\\\/\\\/vh2023izdeb-0.hosting-space.nl\\\/\"},{\"@type\":\"ListItem\",\"position\":2,\"name\":\"Retraite in Costa Blanca, Spanje\",\"item\":\"https:\\\/\\\/vh2023izdeb-0.hosting-space.nl\\\/en\\\/retreat-in-costa-blanca-spain\\\/\"},{\"@type\":\"ListItem\",\"position\":3,\"name\":\"Wandelretraite\"}]},{\"@type\":\"WebSite\",\"@id\":\"https:\\\/\\\/vh2023izdeb-0.hosting-space.nl\\\/#website\",\"url\":\"https:\\\/\\\/vh2023izdeb-0.hosting-space.nl\\\/\",\"name\":\"Casa Benissa | Trainingslocatie in Spanje\",\"description\":\"Trainingslocatie in Costa Blanca - Spanje\",\"publisher\":{\"@id\":\"https:\\\/\\\/vh2023izdeb-0.hosting-space.nl\\\/#organization\"},\"alternateName\":\"Huur een trainingslocatie in de Costa Blanca\",\"potentialAction\":[{\"@type\":\"SearchAction\",\"target\":{\"@type\":\"EntryPoint\",\"urlTemplate\":\"https:\\\/\\\/vh2023izdeb-0.hosting-space.nl\\\/?s={search_term_string}\"},\"query-input\":{\"@type\":\"PropertyValueSpecification\",\"valueRequired\":true,\"valueName\":\"search_term_string\"}}],\"inLanguage\":\"es\"},{\"@type\":\"Organization\",\"@id\":\"https:\\\/\\\/vh2023izdeb-0.hosting-space.nl\\\/#organization\",\"name\":\"Casa Benissa\",\"url\":\"https:\\\/\\\/vh2023izdeb-0.hosting-space.nl\\\/\",\"logo\":{\"@type\":\"ImageObject\",\"inLanguage\":\"es\",\"@id\":\"https:\\\/\\\/vh2023izdeb-0.hosting-space.nl\\\/#\\\/schema\\\/logo\\\/image\\\/\",\"url\":\"https:\\\/\\\/casabenissa.nl\\\/wp-content\\\/uploads\\\/Casa-benissa-logo.png\",\"contentUrl\":\"https:\\\/\\\/casabenissa.nl\\\/wp-content\\\/uploads\\\/Casa-benissa-logo.png\",\"width\":600,\"height\":300,\"caption\":\"Casa Benissa\"},\"image\":{\"@id\":\"https:\\\/\\\/vh2023izdeb-0.hosting-space.nl\\\/#\\\/schema\\\/logo\\\/image\\\/\"}}]}<\/script>\n<!-- \/ Yoast SEO Premium plugin. -->","yoast_head_json":{"title":"Retiro de senderismo","description":"Nuestro retiro de senderismo en Espa\u00f1a son 5 d\u00edas de disfrute en una villa de lujo cerca de la playa con las rutas de senderismo m\u00e1s bonitas de la Costa Blanca.","robots":{"index":"index","follow":"follow","max-snippet":"max-snippet:-1","max-image-preview":"max-image-preview:large","max-video-preview":"max-video-preview:-1"},"canonical":"https:\/\/casabenissa.nl\/es\/retraite-in-costa-blanca-spanje\/retiro-de-senderismo\/","og_locale":"es_ES","og_type":"article","og_title":"Wandelretraite","og_description":"Onze wandelretraite in Spanje is 5 dagen genieten in een luxe villa vlakbij het strand met de mooiste wandelroutes van de Costa Blanca.","og_url":"https:\/\/casabenissa.nl\/es\/retraite-in-costa-blanca-spanje\/retiro-de-senderismo\/","og_site_name":"Casa Benissa","article_modified_time":"2023-10-22T19:14:10+00:00","og_image":[{"width":655,"height":1000,"url":"https:\/\/casabenissa.nl\/wp-content\/uploads\/wandelretraite-costa-blanca.jpg","type":"image\/jpeg"}],"twitter_card":"summary_large_image","twitter_misc":{"Tiempo de lectura":"12 minutos"},"schema":{"@context":"https:\/\/schema.org","@graph":[{"@type":"WebPage","@id":"https:\/\/casabenissa.nl\/retraite-in-costa-blanca-spanje\/wandel-retraite\/","url":"https:\/\/casabenissa.nl\/retraite-in-costa-blanca-spanje\/wandel-retraite\/","name":"Retiro de senderismo","isPartOf":{"@id":"https:\/\/vh2023izdeb-0.hosting-space.nl\/#website"},"primaryImageOfPage":{"@id":"https:\/\/casabenissa.nl\/retraite-in-costa-blanca-spanje\/wandel-retraite\/#primaryimage"},"image":{"@id":"https:\/\/casabenissa.nl\/retraite-in-costa-blanca-spanje\/wandel-retraite\/#primaryimage"},"thumbnailUrl":"https:\/\/casabenissa.nl\/wp-content\/uploads\/wandelretraite-costa-blanca.jpg","datePublished":"2023-09-05T07:08:39+00:00","dateModified":"2023-10-22T19:14:10+00:00","description":"Nuestro retiro de senderismo en Espa\u00f1a son 5 d\u00edas de disfrute en una villa de lujo cerca de la playa con las rutas de senderismo m\u00e1s bonitas de la Costa Blanca.","breadcrumb":{"@id":"https:\/\/casabenissa.nl\/retraite-in-costa-blanca-spanje\/wandel-retraite\/#breadcrumb"},"inLanguage":"es","potentialAction":[{"@type":"ReadAction","target":["https:\/\/casabenissa.nl\/retraite-in-costa-blanca-spanje\/wandel-retraite\/"]}]},{"@type":"ImageObject","inLanguage":"es","@id":"https:\/\/casabenissa.nl\/retraite-in-costa-blanca-spanje\/wandel-retraite\/#primaryimage","url":"https:\/\/casabenissa.nl\/wp-content\/uploads\/wandelretraite-costa-blanca.jpg","contentUrl":"https:\/\/casabenissa.nl\/wp-content\/uploads\/wandelretraite-costa-blanca.jpg","width":655,"height":1000,"caption":"wandelretraite costa blanca"},{"@type":"BreadcrumbList","@id":"https:\/\/casabenissa.nl\/retraite-in-costa-blanca-spanje\/wandel-retraite\/#breadcrumb","itemListElement":[{"@type":"ListItem","position":1,"name":"Home","item":"https:\/\/vh2023izdeb-0.hosting-space.nl\/"},{"@type":"ListItem","position":2,"name":"Retraite in Costa Blanca, Spanje","item":"https:\/\/vh2023izdeb-0.hosting-space.nl\/en\/retreat-in-costa-blanca-spain\/"},{"@type":"ListItem","position":3,"name":"Wandelretraite"}]},{"@type":"WebSite","@id":"https:\/\/vh2023izdeb-0.hosting-space.nl\/#website","url":"https:\/\/vh2023izdeb-0.hosting-space.nl\/","name":"Casa Benissa | Centro de formaci\u00f3n en Espa\u00f1a","description":"Lugar de entrenamiento en Costa Blanca - Espa\u00f1a","publisher":{"@id":"https:\/\/vh2023izdeb-0.hosting-space.nl\/#organization"},"alternateName":"Huur een trainingslocatie in de Costa Blanca","potentialAction":[{"@type":"SearchAction","target":{"@type":"EntryPoint","urlTemplate":"https:\/\/vh2023izdeb-0.hosting-space.nl\/?s={search_term_string}"},"query-input":{"@type":"PropertyValueSpecification","valueRequired":true,"valueName":"search_term_string"}}],"inLanguage":"es"},{"@type":"Organization","@id":"https:\/\/vh2023izdeb-0.hosting-space.nl\/#organization","name":"Casa Benissa","url":"https:\/\/vh2023izdeb-0.hosting-space.nl\/","logo":{"@type":"ImageObject","inLanguage":"es","@id":"https:\/\/vh2023izdeb-0.hosting-space.nl\/#\/schema\/logo\/image\/","url":"https:\/\/casabenissa.nl\/wp-content\/uploads\/Casa-benissa-logo.png","contentUrl":"https:\/\/casabenissa.nl\/wp-content\/uploads\/Casa-benissa-logo.png","width":600,"height":300,"caption":"Casa Benissa"},"image":{"@id":"https:\/\/vh2023izdeb-0.hosting-space.nl\/#\/schema\/logo\/image\/"}}]}},"_links":{"self":[{"href":"https:\/\/casabenissa.nl\/es\/wp-json\/wp\/v2\/pages\/11","targetHints":{"allow":["GET"]}}],"collection":[{"href":"https:\/\/casabenissa.nl\/es\/wp-json\/wp\/v2\/pages"}],"about":[{"href":"https:\/\/casabenissa.nl\/es\/wp-json\/wp\/v2\/types\/page"}],"author":[{"embeddable":true,"href":"https:\/\/casabenissa.nl\/es\/wp-json\/wp\/v2\/users\/1"}],"replies":[{"embeddable":true,"href":"https:\/\/casabenissa.nl\/es\/wp-json\/wp\/v2\/comments?post=11"}],"version-history":[{"count":0,"href":"https:\/\/casabenissa.nl\/es\/wp-json\/wp\/v2\/pages\/11\/revisions"}],"up":[{"embeddable":true,"href":"https:\/\/casabenissa.nl\/es\/wp-json\/wp\/v2\/pages\/6"}],"wp:featuredmedia":[{"embeddable":true,"href":"https:\/\/casabenissa.nl\/es\/wp-json\/wp\/v2\/media\/2029"}],"wp:attachment":[{"href":"https:\/\/casabenissa.nl\/es\/wp-json\/wp\/v2\/media?parent=11"}],"curies":[{"name":"gracias","href":"https:\/\/api.w.org\/{rel}","templated":true}]}}